{"id":2,"date":"2021-06-01T16:47:27","date_gmt":"2021-06-01T19:47:27","guid":{"rendered":"http:\/\/sites.unifap.br\/planodiretor\/?page_id=2"},"modified":"2024-12-05T01:18:56","modified_gmt":"2024-12-05T04:18:56","slug":"plano-diretor","status":"publish","type":"page","link":"http:\/\/sites.unifap.br\/planodiretor\/plano-diretor\/","title":{"rendered":"O Plano diretor"},"content":{"rendered":"\t\t<div data-elementor-type=\"wp-page\" data-elementor-id=\"2\" class=\"elementor elementor-2\">\n\t\t\t\t\t\t\t\t\t<section class=\"elementor-section elementor-top-section elementor-element elementor-element-pdcxwbh elementor-section-boxed elementor-section-height-default elementor-section-height-default\" data-id=\"pdcxwbh\" data-element_type=\"section\" data-settings=\"{&quot;background_background&quot;:&quot;classic&quot;}\">\n\t\t\t\t\t\t\t<div class=\"elementor-background-overlay\"><\/div>\n\t\t\t\t\t\t\t<div class=\"elementor-container elementor-column-gap-no\">\n\t\t\t\t\t<div class=\"elementor-column elementor-col-100 elementor-top-column elementor-element elementor-element-11700ba\" data-id=\"11700ba\" data-element_type=\"column\">\n\t\t\t<div class=\"elementor-widget-wrap elementor-element-populated\">\n\t\t\t\t\t\t\t\t<div class=\"elementor-element elementor-element-ad4e4b0 elementor-widget elementor-widget-heading\" data-id=\"ad4e4b0\" data-element_type=\"widget\" data-widget_type=\"heading.default\">\n\t\t\t\t<div class=\"elementor-widget-container\">\n\t\t\t<h1 class=\"elementor-heading-title elementor-size-default\">O Plano Diretor<\/h1>\t\t<\/div>\n\t\t\t\t<\/div>\n\t\t\t\t<div class=\"elementor-element elementor-element-d648e0d elementor-widget elementor-widget-text-editor\" data-id=\"d648e0d\" data-element_type=\"widget\" data-widget_type=\"text-editor.default\">\n\t\t\t\t<div class=\"elementor-widget-container\">\n\t\t\t\t\t\t\t<p>\u00a0 \u00a0 \u00a0 \u00a0 \u00a0 \u00a0 Uma universidade, pelas suas dimens\u00f5es e quantidade de atividades e pessoas que recebe diariamente, precisa receber um tratamento similar ao que se d\u00e1 \u00e0s cidades. Por esse motivo, as universidades p\u00fablicas brasileiras t\u00eam incorporado h\u00e1 d\u00e9cadas <strong>planos diretores<\/strong> na gest\u00e3o dos seus campus. O Plano Diretor Participativo (PDP) do campus de uma universidade deve estabelecer e organizar o funcionamento e o planejamento do seu territ\u00f3rio, contribuindo para a orienta\u00e7\u00e3o de prioridades e necessidades de investimento na \u00e1rea.<\/p>\t\t\t\t\t\t<\/div>\n\t\t\t\t<\/div>\n\t\t\t\t\t<\/div>\n\t\t<\/div>\n\t\t\t\t\t\t\t<\/div>\n\t\t<\/section>\n\t\t\t\t<section class=\"elementor-section elementor-top-section elementor-element elementor-element-tjb6msl elementor-section-boxed elementor-section-height-default elementor-section-height-default\" data-id=\"tjb6msl\" data-element_type=\"section\">\n\t\t\t\t\t\t<div class=\"elementor-container elementor-column-gap-no\">\n\t\t\t\t\t<div class=\"elementor-column elementor-col-100 elementor-top-column elementor-element elementor-element-08fcfe5\" data-id=\"08fcfe5\" data-element_type=\"column\">\n\t\t\t<div class=\"elementor-widget-wrap elementor-element-populated\">\n\t\t\t\t\t\t\t\t<div class=\"elementor-element elementor-element-9807e81 elementor-widget elementor-widget-spacer\" data-id=\"9807e81\" data-element_type=\"widget\" data-widget_type=\"spacer.default\">\n\t\t\t\t<div class=\"elementor-widget-container\">\n\t\t\t\t\t<div class=\"elementor-spacer\">\n\t\t\t<div class=\"elementor-spacer-inner\"><\/div>\n\t\t<\/div>\n\t\t\t\t<\/div>\n\t\t\t\t<\/div>\n\t\t\t\t<div class=\"elementor-element elementor-element-11ff0f6 elementor-widget elementor-widget-image\" data-id=\"11ff0f6\" data-element_type=\"widget\" data-widget_type=\"image.default\">\n\t\t\t\t<div class=\"elementor-widget-container\">\n\t\t\t\t\t\t\t\t\t\t\t\t\t\t\t<img decoding=\"async\" src=\"http:\/\/sites.unifap.br\/planodiretor\/wp-content\/uploads\/sites\/5\/elementor\/thumbs\/DJI_0236-min-scaled-q7ipr8p1z0j4n7cw6c5pnjvq059hiphyph9i6egbnk.jpg\" title=\"DJI_0236-min\" alt=\"DJI_0236-min\" loading=\"lazy\" \/>\t\t\t\t\t\t\t\t\t\t\t\t\t\t\t<\/div>\n\t\t\t\t<\/div>\n\t\t\t\t<section class=\"elementor-section elementor-inner-section elementor-element elementor-element-498156a elementor-section-boxed elementor-section-height-default elementor-section-height-default\" data-id=\"498156a\" data-element_type=\"section\">\n\t\t\t\t\t\t<div class=\"elementor-container elementor-column-gap-no\">\n\t\t\t\t\t<div class=\"elementor-column elementor-col-100 elementor-inner-column elementor-element elementor-element-0a1272b\" data-id=\"0a1272b\" data-element_type=\"column\">\n\t\t\t<div class=\"elementor-widget-wrap elementor-element-populated\">\n\t\t\t\t\t\t\t\t<div class=\"elementor-element elementor-element-14b4ddb elementor-widget elementor-widget-text-editor\" data-id=\"14b4ddb\" data-element_type=\"widget\" data-widget_type=\"text-editor.default\">\n\t\t\t\t<div class=\"elementor-widget-container\">\n\t\t\t\t\t\t\t<p>\u00a0 \u00a0 \u00a0 \u00a0 Existem in\u00fameros ganhos em se realizar um planejamento do uso de qualquer espa\u00e7o, sobretudo quando esse espa\u00e7o ganha dimens\u00f5es urbanas. O Campus Universit\u00e1rio Marco Zero \u00e9 uma pequena cidade, por isso s\u00e3o chamados os campi universit\u00e1rios de cidades universit\u00e1rias. Com um planejamento adequado ser\u00e1 poss\u00edvel minimizar custos de implanta\u00e7\u00e3o e manuten\u00e7\u00e3o f\u00edsica, visualizar e dimensionar o quanto o campus ainda pode ser edificado.<\/p><p>Dentre os aspectos que se considera potenciais alavancadores do bom desenvolvimento institucional com aux\u00edlio do PDP, destaca-se:<\/p><p>\u00a0 \u00a0 \u00a0 \u00a0 \u00a0Registra-se v\u00e1rios pontos de alagamentos no Campus MZ visto que h\u00e1 um alto \u00edndice pluviom\u00e9trico da regi\u00e3o, para corre\u00e7\u00f5es \u00e9 necess\u00e1rio um bom projeto de drenagem, o que pressup\u00f5e um planejamento da ocupa\u00e7\u00e3o do espa\u00e7o anterior;\u00a0 Garantia da manuten\u00e7\u00e3o e preserva\u00e7\u00e3o dos s\u00edtios hist\u00f3ricos e trechos de mata existentes no espa\u00e7o do campus, para este h\u00e1 diversos benef\u00edcios, entre eles a garantia de um melhor microclima al\u00e9m de ser espa\u00e7o de aulas pr\u00e1ticas para os cursos de \u00e1reas que tratam do meio ambiente amaz\u00f4nico;\u00a0 O planejamento leva a ganhos econ\u00f4micos para a administra\u00e7\u00e3o da universidade, por assegurar um melhor uso dos recursos, de forma planejada e antecipada;\u00a0 O aumento de vitalidade durante o maior n\u00famero de horas poss\u00edvel nos espa\u00e7os livres do campus com a dosagem certa de equipamentos e edif\u00edcios, al\u00e9m do conforto ambiental para pedestres e ciclistas;\u00a0 O planejamento de setores por afinidade e da localiza\u00e7\u00e3o de novos pr\u00e9dios, assim como pr\u00e9dios existentes, prevendo o compartilhamento de laborat\u00f3rios, demandas reais por espa\u00e7o em cada curso;\u00a0 A defini\u00e7\u00e3o do melhor posicionamento dos novos pr\u00e9dios segundo a ventila\u00e7\u00e3o e a insola\u00e7\u00e3o, al\u00e9m da orienta\u00e7\u00e3o a escolha de materiais, diminuem a necessidade de carga energ\u00e9tica para ilumina\u00e7\u00e3o e climatiza\u00e7\u00e3o dos espa\u00e7os interiores dos edif\u00edcios;\u00a0 O reaproveitamento estrat\u00e9gico de \u00e1guas pluviais diminui custos com a compra desse servi\u00e7o (CAESA) ou gastos com energia para po\u00e7os artesianos, al\u00e9m de ser exemplo para a cidade;\u00a0 Garantia de um espa\u00e7o universit\u00e1rio melhor, ser exemplo para a cidade de Macap\u00e1 no uso do espa\u00e7o e dos recursos econ\u00f4micos e naturais, com planejamento para os pr\u00f3ximos 15 anos.<\/p>\t\t\t\t\t\t<\/div>\n\t\t\t\t<\/div>\n\t\t\t\t\t<\/div>\n\t\t<\/div>\n\t\t\t\t\t\t\t<\/div>\n\t\t<\/section>\n\t\t\t\t\t<\/div>\n\t\t<\/div>\n\t\t\t\t\t\t\t<\/div>\n\t\t<\/section>\n\t\t\t\t<section class=\"elementor-section elementor-top-section elementor-element elementor-element-cc6af3b elementor-section-boxed elementor-section-height-default elementor-section-height-default\" data-id=\"cc6af3b\" data-element_type=\"section\">\n\t\t\t\t\t\t<div class=\"elementor-container elementor-column-gap-default\">\n\t\t\t\t\t<div class=\"elementor-column elementor-col-100 elementor-top-column elementor-element elementor-element-b380281\" data-id=\"b380281\" data-element_type=\"column\">\n\t\t\t<div class=\"elementor-widget-wrap elementor-element-populated\">\n\t\t\t\t\t\t\t\t<div class=\"elementor-element elementor-element-f474d5d elementor-widget elementor-widget-google_maps\" data-id=\"f474d5d\" data-element_type=\"widget\" data-widget_type=\"google_maps.default\">\n\t\t\t\t<div class=\"elementor-widget-container\">\n\t\t\t\t\t<div class=\"elementor-custom-embed\">\n\t\t\t<iframe loading=\"lazy\"\n\t\t\t\t\tsrc=\"https:\/\/maps.google.com\/maps?q=Universidade%20Federal%20do%20Amap%C3%A1&#038;t=m&#038;z=15&#038;output=embed&#038;iwloc=near\"\n\t\t\t\t\ttitle=\"Universidade Federal do Amap\u00e1\"\n\t\t\t\t\taria-label=\"Universidade Federal do Amap\u00e1\"\n\t\t\t><\/iframe>\n\t\t<\/div>\n\t\t\t\t<\/div>\n\t\t\t\t<\/div>\n\t\t\t\t\t<\/div>\n\t\t<\/div>\n\t\t\t\t\t\t\t<\/div>\n\t\t<\/section>\n\t\t\t\t<section class=\"elementor-section elementor-top-section elementor-element elementor-element-ab8c121 elementor-section-boxed elementor-section-height-default elementor-section-height-default\" data-id=\"ab8c121\" data-element_type=\"section\">\n\t\t\t\t\t\t<div class=\"elementor-container elementor-column-gap-default\">\n\t\t\t\t\t<div class=\"elementor-column elementor-col-50 elementor-top-column elementor-element elementor-element-1033872\" data-id=\"1033872\" data-element_type=\"column\">\n\t\t\t<div class=\"elementor-widget-wrap elementor-element-populated\">\n\t\t\t\t\t\t\t\t<div class=\"elementor-element elementor-element-ae1ab6c elementor-widget elementor-widget-heading\" data-id=\"ae1ab6c\" data-element_type=\"widget\" data-widget_type=\"heading.default\">\n\t\t\t\t<div class=\"elementor-widget-container\">\n\t\t\t<h2 class=\"elementor-heading-title elementor-size-default\">OBJETIVO<\/h2>\t\t<\/div>\n\t\t\t\t<\/div>\n\t\t\t\t<div class=\"elementor-element elementor-element-c87fbf4 elementor-widget elementor-widget-image\" data-id=\"c87fbf4\" data-element_type=\"widget\" data-widget_type=\"image.default\">\n\t\t\t\t<div class=\"elementor-widget-container\">\n\t\t\t\t\t\t\t\t\t\t\t\t\t\t\t<img decoding=\"async\" loading=\"lazy\" width=\"241\" height=\"225\" src=\"http:\/\/sites.unifap.br\/planodiretor\/wp-content\/uploads\/sites\/5\/2021\/07\/Design_sem_nome__28_-removebg-preview.png\" class=\"attachment-large size-large wp-image-395\" alt=\"\" \/>\t\t\t\t\t\t\t\t\t\t\t\t\t\t\t<\/div>\n\t\t\t\t<\/div>\n\t\t\t\t<div class=\"elementor-element elementor-element-dd3483f elementor-widget elementor-widget-text-editor\" data-id=\"dd3483f\" data-element_type=\"widget\" data-widget_type=\"text-editor.default\">\n\t\t\t\t<div class=\"elementor-widget-container\">\n\t\t\t\t\t\t\t<p>\u00a0 \u00a0 \u00a0 \u00a0Elaborar documentos que componham uma minuta do Plano Diretor Participativo, do Campus Marco Zero da Unifap bem como as propostas das respectivas diretrizes e regulamenta\u00e7\u00f5es que condicionem a sua valida\u00e7\u00e3o e implementa\u00e7\u00e3o, sob as condi\u00e7\u00f5es espec\u00edficas da Universidade.<\/p>\t\t\t\t\t\t<\/div>\n\t\t\t\t<\/div>\n\t\t\t\t\t<\/div>\n\t\t<\/div>\n\t\t\t\t<div class=\"elementor-column elementor-col-50 elementor-top-column elementor-element elementor-element-27f7bb1\" data-id=\"27f7bb1\" data-element_type=\"column\">\n\t\t\t<div class=\"elementor-widget-wrap elementor-element-populated\">\n\t\t\t\t\t\t\t\t<div class=\"elementor-element elementor-element-f705ae2 elementor-widget elementor-widget-image\" data-id=\"f705ae2\" data-element_type=\"widget\" data-widget_type=\"image.default\">\n\t\t\t\t<div class=\"elementor-widget-container\">\n\t\t\t\t\t\t\t\t\t\t\t\t\t\t\t<img decoding=\"async\" loading=\"lazy\" width=\"512\" height=\"512\" src=\"http:\/\/sites.unifap.br\/planodiretor\/wp-content\/uploads\/sites\/5\/2021\/06\/cropped-00-Plano-Diretor-Unifap_Logo-sem-fundo.png\" class=\"attachment-large size-large wp-image-327\" alt=\"\" srcset=\"http:\/\/sites.unifap.br\/planodiretor\/wp-content\/uploads\/sites\/5\/2021\/06\/cropped-00-Plano-Diretor-Unifap_Logo-sem-fundo.png 512w, http:\/\/sites.unifap.br\/planodiretor\/wp-content\/uploads\/sites\/5\/2021\/06\/cropped-00-Plano-Diretor-Unifap_Logo-sem-fundo-300x300.png 300w, http:\/\/sites.unifap.br\/planodiretor\/wp-content\/uploads\/sites\/5\/2021\/06\/cropped-00-Plano-Diretor-Unifap_Logo-sem-fundo-150x150.png 150w, http:\/\/sites.unifap.br\/planodiretor\/wp-content\/uploads\/sites\/5\/2021\/06\/cropped-00-Plano-Diretor-Unifap_Logo-sem-fundo-270x270.png 270w, http:\/\/sites.unifap.br\/planodiretor\/wp-content\/uploads\/sites\/5\/2021\/06\/cropped-00-Plano-Diretor-Unifap_Logo-sem-fundo-192x192.png 192w, http:\/\/sites.unifap.br\/planodiretor\/wp-content\/uploads\/sites\/5\/2021\/06\/cropped-00-Plano-Diretor-Unifap_Logo-sem-fundo-180x180.png 180w, http:\/\/sites.unifap.br\/planodiretor\/wp-content\/uploads\/sites\/5\/2021\/06\/cropped-00-Plano-Diretor-Unifap_Logo-sem-fundo-32x32.png 32w\" sizes=\"(max-width: 512px) 100vw, 512px\" \/>\t\t\t\t\t\t\t\t\t\t\t\t\t\t\t<\/div>\n\t\t\t\t<\/div>\n\t\t\t\t\t<\/div>\n\t\t<\/div>\n\t\t\t\t\t\t\t<\/div>\n\t\t<\/section>\n\t\t\t\t<section class=\"elementor-section elementor-top-section elementor-element elementor-element-8jepsye elementor-section-boxed elementor-section-height-default elementor-section-height-default\" data-id=\"8jepsye\" data-element_type=\"section\" data-settings=\"{&quot;background_background&quot;:&quot;gradient&quot;}\">\n\t\t\t\t\t\t<div class=\"elementor-container elementor-column-gap-no\">\n\t\t\t\t\t<div class=\"elementor-column elementor-col-100 elementor-top-column elementor-element elementor-element-59b4dbb\" data-id=\"59b4dbb\" data-element_type=\"column\">\n\t\t\t<div class=\"elementor-widget-wrap elementor-element-populated\">\n\t\t\t\t\t\t\t\t<div class=\"elementor-element elementor-element-58165c0 elementor-widget elementor-widget-heading\" data-id=\"58165c0\" data-element_type=\"widget\" data-widget_type=\"heading.default\">\n\t\t\t\t<div class=\"elementor-widget-container\">\n\t\t\t<h2 class=\"elementor-heading-title elementor-size-default\">METODOLOGIA<\/h2>\t\t<\/div>\n\t\t\t\t<\/div>\n\t\t\t\t<div class=\"elementor-element elementor-element-6823f6d elementor-widget elementor-widget-text-editor\" data-id=\"6823f6d\" data-element_type=\"widget\" data-widget_type=\"text-editor.default\">\n\t\t\t\t<div class=\"elementor-widget-container\">\n\t\t\t\t\t\t\t<p>\u00a0 \u00a0 \u00a0 \u00a0 \u00a0Partindo da premissa primeira de que os planos diretores devem ser participativos, todas as pessoas que estudam e trabalham na Unifap est\u00e3o habilitadas a participar do planejamento do Campus e podem intervir na realidade da universidade. Para que essa capacidade saia do plano virtual ou potencial e concretize-se na forma de a\u00e7\u00e3o participativa, os processos de elaborar planos e projetos devem prever m\u00e9todos e passos que todos os cidad\u00e3os compreendam com clareza, de forma a garantir \u2013 de fato, possibilitar \u2013 que os diferentes segmentos da universidade participem nas atividades de planejar e gerir a pol\u00edticas territoriais da Unifap.<\/p>\t\t\t\t\t\t<\/div>\n\t\t\t\t<\/div>\n\t\t\t\t<div class=\"elementor-element elementor-element-dc1181d elementor-widget-divider--view-line elementor-widget elementor-widget-divider\" data-id=\"dc1181d\" data-element_type=\"widget\" data-widget_type=\"divider.default\">\n\t\t\t\t<div class=\"elementor-widget-container\">\n\t\t\t\t\t<div class=\"elementor-divider\">\n\t\t\t<span class=\"elementor-divider-separator\">\n\t\t\t\t\t\t<\/span>\n\t\t<\/div>\n\t\t\t\t<\/div>\n\t\t\t\t<\/div>\n\t\t\t\t<div class=\"elementor-element elementor-element-6382d1e elementor-widget elementor-widget-text-editor\" data-id=\"6382d1e\" data-element_type=\"widget\" data-widget_type=\"text-editor.default\">\n\t\t\t\t<div class=\"elementor-widget-container\">\n\t\t\t\t\t\t\t<p>Promover eventos de discuss\u00e3o e forma\u00e7\u00e3o de conte\u00fado e elaborar documentos que contribuam com o Projeto do Plano Diretor do Campus Marco Zero da Unifap, que consiste em fazer uma reflex\u00e3o sobre a Universidade atual e futura na \u00e1rea de infraestrutura, urbanismo, mobilidade, cultura, sustentabilidade e patrim\u00f4nio hist\u00f3rico. Realizaremos uma an\u00e1lise qualitativa sob uma abordagem interpretativa dos dados de fontes bibliogr\u00e1ficas, documentais e pesquisa de campo com fontes orais e observa\u00e7\u00e3o. A constru\u00e7\u00e3o do PD no \u00e2mbito de uma universidade, que se disp\u00f5e a ser participativo, deve envolver os diversos segmentos da comunidade acad\u00eamica e os agentes sociais do entorno do campus nos processos de decis\u00e3o, a come\u00e7ar pela dissemina\u00e7\u00e3o e f\u00e1cil acesso \u00e0s informa\u00e7\u00f5es que servir\u00e3o de base para a constru\u00e7\u00e3o desse instrumento.<\/p>\t\t\t\t\t\t<\/div>\n\t\t\t\t<\/div>\n\t\t\t\t<div class=\"elementor-element elementor-element-abad54d elementor-widget-divider--view-line elementor-widget elementor-widget-divider\" data-id=\"abad54d\" data-element_type=\"widget\" data-widget_type=\"divider.default\">\n\t\t\t\t<div class=\"elementor-widget-container\">\n\t\t\t\t\t<div class=\"elementor-divider\">\n\t\t\t<span class=\"elementor-divider-separator\">\n\t\t\t\t\t\t<\/span>\n\t\t<\/div>\n\t\t\t\t<\/div>\n\t\t\t\t<\/div>\n\t\t\t\t<div class=\"elementor-element elementor-element-8a21fa8 elementor-widget elementor-widget-text-editor\" data-id=\"8a21fa8\" data-element_type=\"widget\" data-widget_type=\"text-editor.default\">\n\t\t\t\t<div class=\"elementor-widget-container\">\n\t\t\t\t\t\t\t<p>A metodologia de desenvolvimento das a\u00e7\u00f5es previstas na elabora\u00e7\u00e3o do Plano Diretor Participativo do Campus Marco Zero da UNIFAP dar-se-\u00e1 por meio de pesquisa quantitativa e qualitativa, exposi\u00e7\u00f5es dialogadas e atividades pr\u00e1ticas de discuss\u00e3o:<\/p><ol><li>A primeira a\u00e7\u00e3o ser\u00e1 uma reuni\u00e3o preparat\u00f3ria que ter\u00e1 carga hor\u00e1ria de 10h, distribu\u00edda em dois m\u00f3dulos de 05 horas para capacita\u00e7\u00e3o da equipe UNIFAP por um consultor e 5 horas com a explana\u00e7\u00e3o da Reitoria dos desejos com rela\u00e7\u00e3o ao PDP.<\/li><li>Ser\u00e3o realizadas 8 reuni\u00f5es, uma em cada departamento da Unifap para sensibiliza\u00e7\u00e3o dos gestores e t\u00e9cnicos universit\u00e1rios para forma\u00e7\u00e3o do produto.\u00a0<\/li><li>Uma reuni\u00e3o ser\u00e1 realizada com a sociedade civil e popula\u00e7\u00e3o do entorno da Universidade para auxiliar nas fases de elabora\u00e7\u00e3o do PDP. Ser\u00e3o realizadas duas<br \/>confer\u00eancias para discutir o primeiro Relat\u00f3rio Parcial e a segunda para aprova\u00e7\u00e3o da Minuta Final do projeto do<br \/>PDP.<\/li><li>Ser\u00e1 tamb\u00e9m adotada uma pesquisa qualitativa com o Reitor e Pr\u00f3 Reitorias, com os ex reitores, membros do Consu, Sindicatos, DCE.<\/li><\/ol>\t\t\t\t\t\t<\/div>\n\t\t\t\t<\/div>\n\t\t\t\t<div class=\"elementor-element elementor-element-132b2d8 elementor-widget-divider--view-line elementor-widget elementor-widget-divider\" data-id=\"132b2d8\" data-element_type=\"widget\" data-widget_type=\"divider.default\">\n\t\t\t\t<div class=\"elementor-widget-container\">\n\t\t\t\t\t<div class=\"elementor-divider\">\n\t\t\t<span class=\"elementor-divider-separator\">\n\t\t\t\t\t\t<\/span>\n\t\t<\/div>\n\t\t\t\t<\/div>\n\t\t\t\t<\/div>\n\t\t\t\t<div class=\"elementor-element elementor-element-4332dc1 elementor-widget elementor-widget-text-editor\" data-id=\"4332dc1\" data-element_type=\"widget\" data-widget_type=\"text-editor.default\">\n\t\t\t\t<div class=\"elementor-widget-container\">\n\t\t\t\t\t\t\t<p>\u00a0 \u00a0 \u00a0 \u00a0 \u00a0 Os diagn\u00f3sticos e progn\u00f3sticos ser\u00e3o baseados na compara\u00e7\u00e3o das an\u00e1lises da caracteriza\u00e7\u00e3o com os objetivos estabelecidos, levando os principais \u00f3bices ao desenvolvimento do Campus e \u00e0 plena realiza\u00e7\u00e3o das suas fun\u00e7\u00f5es avaliando os recursos para super\u00e1-los. Ser\u00e1 realizada pesquisa em meio eletr\u00f4nico sobre a Unifap que se deseja (docentes, discentes e t\u00e9cnicos) Pesquisa de campo em diversas \u00e1reas do conhecimento. Estudo te\u00f3rico para embasar documentos que ser\u00e3o utilizados nos cursos e eventos que ser\u00e3o realizados. Participa\u00e7\u00e3o e organiza\u00e7\u00e3o de discuss\u00f5es em etapas com resultados parciais das pesquisas. Os diagn\u00f3sticos e progn\u00f3sticos ser\u00e3o baseados na compara\u00e7\u00e3o das an\u00e1lises da caracteriza\u00e7\u00e3o com os objetivos estabelecidos, levando os principais \u00f3bices ao desenvolvimento do Campus e \u00e0 plena realiza\u00e7\u00e3o das suas fun\u00e7\u00f5es avaliando os recursos para super\u00e1-los.\u00a0<\/p>\t\t\t\t\t\t<\/div>\n\t\t\t\t<\/div>\n\t\t\t\t<div class=\"elementor-element elementor-element-498140b elementor-widget elementor-widget-text-editor\" data-id=\"498140b\" data-element_type=\"widget\" data-widget_type=\"text-editor.default\">\n\t\t\t\t<div class=\"elementor-widget-container\">\n\t\t\t\t\t\t\t<p>A) Diretrizes O PDP dever\u00e1 conter os seguintes eixos: <span style=\"font-size: 16px\">1. Hist\u00f3ria, cultura e uso do espa\u00e7o; <\/span>2. Economia;\u00a0 3. Zonas e setores;\u00a0 4. Infraestrutura;\u00a0 5. Sustentabilidade ambiental;\u00a0 6. Mobilidade.<\/p><p>B) Caracteriza\u00e7\u00e3o do Campus: 1. Situa\u00e7\u00e3o no \u00e2mbito regional com rela\u00e7\u00e3o aos recursos dispon\u00edveis, limita\u00e7\u00f5es, restri\u00e7\u00f5es e incentivos;\u00a0 2. Legisla\u00e7\u00e3o ao qual est\u00e1 submetido;\u00a0 3. Meio f\u00edsico que condicione a ocupa\u00e7\u00e3o do solo;\u00a0 4. Din\u00e2mica de uso e ocupa\u00e7\u00e3o do solo;\u00a0 5. Infraestrutura, equipamentos sociais e servi\u00e7os urbanos existentes;\u00a0 6. Aspectos socioecon\u00f4micos;\u00a0 7. Estrutura f\u00edsica e administrativa existente.<\/p><p>C) O PDP dever\u00e1 conter:\u00a0 a) Objetivos do PDP, expressos de documento introdut\u00f3rio;\u00a0 b) Caracteriza\u00e7\u00e3o do Campus: geol\u00f3gica-geot\u00e9cnica, ambiental, topogr\u00e1fica e cadastrais de interesse para uso e ocupa\u00e7\u00e3o do solo; . principais condicionantes f\u00edsicos, funcionais, ambientais, demogr\u00e1ficos, sistema vi\u00e1rio, infraestrutura urbana,<br \/>equipamentos e servi\u00e7os sociais; c) diagn\u00f3stico e progn\u00f3stico;\u00a0 d) Proposi\u00e7\u00f5es de diretrizes alternativas para a consecu\u00e7\u00e3o do ordenamento e desenvolvimento do Campus, com base na sustentabilidade ambiental; Diretrizes para Urbaniza\u00e7\u00e3o e Paisagismo; . Diretrizes para Arquitetura; . Diretrizes para Projetos; . Diretrizes<br \/>para o Sistema Vi\u00e1rio; . Diretrizes para Projetos Complementares, \u00e1guas pluviais, res\u00edduos s\u00f3lidos, esgoto e ilumina\u00e7\u00e3o.\u00a0 e) Crit\u00e9rios adotados para a avalia\u00e7\u00e3o das propostas alternativas apresentadas; f) Programas e Planos setoriais, Projetos e planos de A\u00e7\u00e3o necess\u00e1rios para implanta\u00e7\u00e3o do PDP;\u00a0 g) Diretrizes Or\u00e7ament\u00e1rias h) Estrutura administrativa necess\u00e1ria para a implanta\u00e7\u00e3o do PDP.<\/p>\t\t\t\t\t\t<\/div>\n\t\t\t\t<\/div>\n\t\t\t\t<section class=\"elementor-section elementor-inner-section elementor-element elementor-element-c31fd6e elementor-section-boxed elementor-section-height-default elementor-section-height-default\" data-id=\"c31fd6e\" data-element_type=\"section\">\n\t\t\t\t\t\t<div class=\"elementor-container elementor-column-gap-no\">\n\t\t\t\t\t<div class=\"elementor-column elementor-col-33 elementor-inner-column elementor-element elementor-element-ce96656\" data-id=\"ce96656\" data-element_type=\"column\">\n\t\t\t<div class=\"elementor-widget-wrap elementor-element-populated\">\n\t\t\t\t\t\t\t\t<div class=\"elementor-element elementor-element-ea487d5 elementor-widget elementor-widget-heading\" data-id=\"ea487d5\" data-element_type=\"widget\" data-widget_type=\"heading.default\">\n\t\t\t\t<div class=\"elementor-widget-container\">\n\t\t\t<div class=\"elementor-heading-title elementor-size-default\">CRONOGRAMA<\/div>\t\t<\/div>\n\t\t\t\t<\/div>\n\t\t\t\t<div class=\"elementor-element elementor-element-bf11c2b elementor-widget elementor-widget-image\" data-id=\"bf11c2b\" data-element_type=\"widget\" data-widget_type=\"image.default\">\n\t\t\t\t<div class=\"elementor-widget-container\">\n\t\t\t\t\t\t\t\t\t\t\t\t\t\t\t<img decoding=\"async\" loading=\"lazy\" width=\"193\" height=\"161\" src=\"http:\/\/sites.unifap.br\/planodiretor\/wp-content\/uploads\/sites\/5\/2021\/07\/Design_sem_nome__29_-removebg-preview-1.png\" class=\"attachment-large size-large wp-image-445\" alt=\"\" \/>\t\t\t\t\t\t\t\t\t\t\t\t\t\t\t<\/div>\n\t\t\t\t<\/div>\n\t\t\t\t<div class=\"elementor-element elementor-element-040a2ef elementor-view-stacked elementor-shape-circle elementor-position-top elementor-mobile-position-top elementor-widget elementor-widget-icon-box\" data-id=\"040a2ef\" data-element_type=\"widget\" data-widget_type=\"icon-box.default\">\n\t\t\t\t<div class=\"elementor-widget-container\">\n\t\t\t\t\t<div class=\"elementor-icon-box-wrapper\">\n\t\t\t\t\t\t<div class=\"elementor-icon-box-icon\">\n\t\t\t\t<span  class=\"elementor-icon elementor-animation-\">\n\t\t\t\t<i aria-hidden=\"true\" class=\"fas fa-book\"><\/i>\t\t\t\t<\/span>\n\t\t\t<\/div>\n\t\t\t\t\t\t<div class=\"elementor-icon-box-content\">\n\t\t\t\t<div class=\"elementor-icon-box-title\">\n\t\t\t\t\t<span  >\n\t\t\t\t\t\tLevantamento Bibliogr\u00e1fico\/documental e entrevistas\t\t\t\t\t<\/span>\n\t\t\t\t<\/div>\n\t\t\t\t\t\t\t\t\t<p class=\"elementor-icon-box-description\">\n\t\t\t\t\t\t04\/01\/2021 a 31\/03\/2021\t\t\t\t\t<\/p>\n\t\t\t\t\t\t\t<\/div>\n\t\t<\/div>\n\t\t\t\t<\/div>\n\t\t\t\t<\/div>\n\t\t\t\t<div class=\"elementor-element elementor-element-60b4221 elementor-view-stacked elementor-shape-circle elementor-position-top elementor-mobile-position-top elementor-widget elementor-widget-icon-box\" data-id=\"60b4221\" data-element_type=\"widget\" data-widget_type=\"icon-box.default\">\n\t\t\t\t<div class=\"elementor-widget-container\">\n\t\t\t\t\t<div class=\"elementor-icon-box-wrapper\">\n\t\t\t\t\t\t<div class=\"elementor-icon-box-icon\">\n\t\t\t\t<span  class=\"elementor-icon elementor-animation-\">\n\t\t\t\t<i aria-hidden=\"true\" class=\"far fa-map\"><\/i>\t\t\t\t<\/span>\n\t\t\t<\/div>\n\t\t\t\t\t\t<div class=\"elementor-icon-box-content\">\n\t\t\t\t<div class=\"elementor-icon-box-title\">\n\t\t\t\t\t<span  >\n\t\t\t\t\t\tLevantamento dos eixos do projeto e produ\u00e7\u00e3o de dados\t\t\t\t\t<\/span>\n\t\t\t\t<\/div>\n\t\t\t\t\t\t\t\t\t<p class=\"elementor-icon-box-description\">\n\t\t\t\t\t\t01\/02\/2021 a 31\/05\/2021\t\t\t\t\t<\/p>\n\t\t\t\t\t\t\t<\/div>\n\t\t<\/div>\n\t\t\t\t<\/div>\n\t\t\t\t<\/div>\n\t\t\t\t\t<\/div>\n\t\t<\/div>\n\t\t\t\t<div class=\"elementor-column elementor-col-33 elementor-inner-column elementor-element elementor-element-b07c0e5\" data-id=\"b07c0e5\" data-element_type=\"column\">\n\t\t\t<div class=\"elementor-widget-wrap elementor-element-populated\">\n\t\t\t\t\t\t\t\t<div class=\"elementor-element elementor-element-8aa7bad elementor-view-stacked elementor-shape-circle elementor-position-top elementor-mobile-position-top elementor-widget elementor-widget-icon-box\" data-id=\"8aa7bad\" data-element_type=\"widget\" data-widget_type=\"icon-box.default\">\n\t\t\t\t<div class=\"elementor-widget-container\">\n\t\t\t\t\t<div class=\"elementor-icon-box-wrapper\">\n\t\t\t\t\t\t<div class=\"elementor-icon-box-icon\">\n\t\t\t\t<span  class=\"elementor-icon elementor-animation-\">\n\t\t\t\t<i aria-hidden=\"true\" class=\"fas fa-archway\"><\/i>\t\t\t\t<\/span>\n\t\t\t<\/div>\n\t\t\t\t\t\t<div class=\"elementor-icon-box-content\">\n\t\t\t\t<div class=\"elementor-icon-box-title\">\n\t\t\t\t\t<span  >\n\t\t\t\t\t\tLevantamento de projetos e de constru\u00e7\u00f5es em andamento e de amplia\u00e7\u00e3o (novos cursos e demandas)\t\t\t\t\t<\/span>\n\t\t\t\t<\/div>\n\t\t\t\t\t\t\t\t\t<p class=\"elementor-icon-box-description\">\n\t\t\t\t\t\t01\/02\/2021 a 31\/05\/2021\t\t\t\t\t<\/p>\n\t\t\t\t\t\t\t<\/div>\n\t\t<\/div>\n\t\t\t\t<\/div>\n\t\t\t\t<\/div>\n\t\t\t\t<div class=\"elementor-element elementor-element-455eafd elementor-view-stacked elementor-shape-circle elementor-position-top elementor-mobile-position-top elementor-widget elementor-widget-icon-box\" data-id=\"455eafd\" data-element_type=\"widget\" data-widget_type=\"icon-box.default\">\n\t\t\t\t<div class=\"elementor-widget-container\">\n\t\t\t\t\t<div class=\"elementor-icon-box-wrapper\">\n\t\t\t\t\t\t<div class=\"elementor-icon-box-icon\">\n\t\t\t\t<span  class=\"elementor-icon elementor-animation-\">\n\t\t\t\t<i aria-hidden=\"true\" class=\"fas fa-people-arrows\"><\/i>\t\t\t\t<\/span>\n\t\t\t<\/div>\n\t\t\t\t\t\t<div class=\"elementor-icon-box-content\">\n\t\t\t\t<div class=\"elementor-icon-box-title\">\n\t\t\t\t\t<span  >\n\t\t\t\t\t\tProcesso participativo: pesquisa de demanda, de opini\u00e3o, reuni\u00f5es setoriais\t\t\t\t\t<\/span>\n\t\t\t\t<\/div>\n\t\t\t\t\t\t\t\t\t<p class=\"elementor-icon-box-description\">\n\t\t\t\t\t\t01\/04\/2021 a 31\/07\/2021\t\t\t\t\t<\/p>\n\t\t\t\t\t\t\t<\/div>\n\t\t<\/div>\n\t\t\t\t<\/div>\n\t\t\t\t<\/div>\n\t\t\t\t<div class=\"elementor-element elementor-element-808c841 elementor-view-stacked elementor-shape-circle elementor-position-top elementor-mobile-position-top elementor-widget elementor-widget-icon-box\" data-id=\"808c841\" data-element_type=\"widget\" data-widget_type=\"icon-box.default\">\n\t\t\t\t<div class=\"elementor-widget-container\">\n\t\t\t\t\t<div class=\"elementor-icon-box-wrapper\">\n\t\t\t\t\t\t<div class=\"elementor-icon-box-icon\">\n\t\t\t\t<span  class=\"elementor-icon elementor-animation-\">\n\t\t\t\t<i aria-hidden=\"true\" class=\"fas fa-seedling\"><\/i>\t\t\t\t<\/span>\n\t\t\t<\/div>\n\t\t\t\t\t\t<div class=\"elementor-icon-box-content\">\n\t\t\t\t<div class=\"elementor-icon-box-title\">\n\t\t\t\t\t<span  >\n\t\t\t\t\t\tProjeto de zoneamento, vi\u00e1rio e de loteamento; Defini\u00e7\u00e3o de diretrizes de desenvolvimento, projetos e pol\u00edticas futuros\t\t\t\t\t<\/span>\n\t\t\t\t<\/div>\n\t\t\t\t\t\t\t\t\t<p class=\"elementor-icon-box-description\">\n\t\t\t\t\t\t01\/05\/2021 a 29\/10\/2021\t\t\t\t\t<\/p>\n\t\t\t\t\t\t\t<\/div>\n\t\t<\/div>\n\t\t\t\t<\/div>\n\t\t\t\t<\/div>\n\t\t\t\t\t<\/div>\n\t\t<\/div>\n\t\t\t\t<div class=\"elementor-column elementor-col-33 elementor-inner-column elementor-element elementor-element-eb748fa\" data-id=\"eb748fa\" data-element_type=\"column\">\n\t\t\t<div class=\"elementor-widget-wrap elementor-element-populated\">\n\t\t\t\t\t\t\t\t<div class=\"elementor-element elementor-element-fe51c8c elementor-view-stacked elementor-shape-circle elementor-position-top elementor-mobile-position-top elementor-widget elementor-widget-icon-box\" data-id=\"fe51c8c\" data-element_type=\"widget\" data-widget_type=\"icon-box.default\">\n\t\t\t\t<div class=\"elementor-widget-container\">\n\t\t\t\t\t<div class=\"elementor-icon-box-wrapper\">\n\t\t\t\t\t\t<div class=\"elementor-icon-box-icon\">\n\t\t\t\t<span  class=\"elementor-icon elementor-animation-\">\n\t\t\t\t<i aria-hidden=\"true\" class=\"fas fa-scroll\"><\/i>\t\t\t\t<\/span>\n\t\t\t<\/div>\n\t\t\t\t\t\t<div class=\"elementor-icon-box-content\">\n\t\t\t\t<div class=\"elementor-icon-box-title\">\n\t\t\t\t\t<span  >\n\t\t\t\t\t\tElabora\u00e7\u00e3o do texto das regulamenta\u00e7\u00f5es\t\t\t\t\t<\/span>\n\t\t\t\t<\/div>\n\t\t\t\t\t\t\t\t\t<p class=\"elementor-icon-box-description\">\n\t\t\t\t\t\t01\/06\/2021 a 30\/11\/2021\t\t\t\t\t<\/p>\n\t\t\t\t\t\t\t<\/div>\n\t\t<\/div>\n\t\t\t\t<\/div>\n\t\t\t\t<\/div>\n\t\t\t\t<div class=\"elementor-element elementor-element-969c592 elementor-view-stacked elementor-shape-circle elementor-position-top elementor-mobile-position-top elementor-widget elementor-widget-icon-box\" data-id=\"969c592\" data-element_type=\"widget\" data-widget_type=\"icon-box.default\">\n\t\t\t\t<div class=\"elementor-widget-container\">\n\t\t\t\t\t<div class=\"elementor-icon-box-wrapper\">\n\t\t\t\t\t\t<div class=\"elementor-icon-box-icon\">\n\t\t\t\t<span  class=\"elementor-icon elementor-animation-\">\n\t\t\t\t<i aria-hidden=\"true\" class=\"fab fa-weixin\"><\/i>\t\t\t\t<\/span>\n\t\t\t<\/div>\n\t\t\t\t\t\t<div class=\"elementor-icon-box-content\">\n\t\t\t\t<div class=\"elementor-icon-box-title\">\n\t\t\t\t\t<span  >\n\t\t\t\t\t\tAudi\u00eancia P\u00fablica\t\t\t\t\t<\/span>\n\t\t\t\t<\/div>\n\t\t\t\t\t\t\t\t\t<p class=\"elementor-icon-box-description\">\n\t\t\t\t\t\t02\/08\/2021 a 30\/09\/2021\t\t\t\t\t<\/p>\n\t\t\t\t\t\t\t<\/div>\n\t\t<\/div>\n\t\t\t\t<\/div>\n\t\t\t\t<\/div>\n\t\t\t\t<div class=\"elementor-element elementor-element-b6cca17 elementor-view-stacked elementor-shape-circle elementor-position-top elementor-mobile-position-top elementor-widget elementor-widget-icon-box\" data-id=\"b6cca17\" data-element_type=\"widget\" data-widget_type=\"icon-box.default\">\n\t\t\t\t<div class=\"elementor-widget-container\">\n\t\t\t\t\t<div class=\"elementor-icon-box-wrapper\">\n\t\t\t\t\t\t<div class=\"elementor-icon-box-icon\">\n\t\t\t\t<span  class=\"elementor-icon elementor-animation-\">\n\t\t\t\t<i aria-hidden=\"true\" class=\"fas fa-shapes\"><\/i>\t\t\t\t<\/span>\n\t\t\t<\/div>\n\t\t\t\t\t\t<div class=\"elementor-icon-box-content\">\n\t\t\t\t<div class=\"elementor-icon-box-title\">\n\t\t\t\t\t<span  >\n\t\t\t\t\t\tRevis\u00e3o final do Plano, relat\u00f3rio e textos regulamentares para envio ao CONSU\t\t\t\t\t<\/span>\n\t\t\t\t<\/div>\n\t\t\t\t\t\t\t\t\t<p class=\"elementor-icon-box-description\">\n\t\t\t\t\t\t01\/11\/2021 a 31\/12\/2021\t\t\t\t\t<\/p>\n\t\t\t\t\t\t\t<\/div>\n\t\t<\/div>\n\t\t\t\t<\/div>\n\t\t\t\t<\/div>\n\t\t\t\t\t<\/div>\n\t\t<\/div>\n\t\t\t\t\t\t\t<\/div>\n\t\t<\/section>\n\t\t\t\t\t<\/div>\n\t\t<\/div>\n\t\t\t\t\t\t\t<\/div>\n\t\t<\/section>\n\t\t\t\t\t\t\t<\/div>\n\t\t","protected":false},"excerpt":{"rendered":"<p>O Plano Diretor \u00a0 \u00a0 \u00a0 \u00a0 \u00a0 \u00a0 Uma universidade, pelas suas dimens\u00f5es e quantidade de atividades e pessoas que recebe diariamente, precisa receber um tratamento similar ao que se d\u00e1 \u00e0s cidades. Por esse motivo, as universidades p\u00fablicas brasileiras t\u00eam incorporado h\u00e1 d\u00e9cadas planos diretores na gest\u00e3o dos seus campus. O Plano Diretor &hellip;<\/p>\n<p class=\"read-more\"> <a class=\"\" href=\"http:\/\/sites.unifap.br\/planodiretor\/plano-diretor\/\"> <span class=\"screen-reader-text\">O Plano diretor<\/span> Leia mais &raquo;<\/a><\/p>\n","protected":false},"author":4,"featured_media":0,"parent":0,"menu_order":0,"comment_status":"closed","ping_status":"closed","template":"elementor_header_footer","meta":{"site-sidebar-layout":"default","site-content-layout":"page-builder","ast-site-content-layout":"","site-content-style":"default","site-sidebar-style":"default","ast-global-header-display":"","ast-banner-title-visibility":"","ast-main-header-display":"","ast-hfb-above-header-display":"","ast-hfb-below-header-display":"","ast-hfb-mobile-header-display":"","site-post-title":"","ast-breadcrumbs-content":"","ast-featured-img":"","footer-sml-layout":"","theme-transparent-header-meta":"enabled","adv-header-id-meta":"","stick-header-meta":"","header-above-stick-meta":"","header-main-stick-meta":"","header-below-stick-meta":"","astra-migrate-meta-layouts":"","ast-page-background-enabled":"default","ast-page-background-meta":{"desktop":{"background-color":"","background-image":"","background-repeat":"repeat","background-position":"center center","background-size":"auto","background-attachment":"scroll","background-type":"","background-media":"","overlay-type":"","overlay-color":"","overlay-gradient":""},"tablet":{"background-color":"","background-image":"","background-repeat":"repeat","background-position":"center center","background-size":"auto","background-attachment":"scroll","background-type":"","background-media":"","overlay-type":"","overlay-color":"","overlay-gradient":""},"mobile":{"background-color":"","background-image":"","background-repeat":"repeat","background-position":"center center","background-size":"auto","background-attachment":"scroll","background-type":"","background-media":"","overlay-type":"","overlay-color":"","overlay-gradient":""}},"ast-content-background-meta":{"desktop":{"background-color":"var(--ast-global-color-5)","background-image":"","background-repeat":"repeat","background-position":"center center","background-size":"auto","background-attachment":"scroll","background-type":"","background-media":"","overlay-type":"","overlay-color":"","overlay-gradient":""},"tablet":{"background-color":"var(--ast-global-color-5)","background-image":"","background-repeat":"repeat","background-position":"center center","background-size":"auto","background-attachment":"scroll","background-type":"","background-media":"","overlay-type":"","overlay-color":"","overlay-gradient":""},"mobile":{"background-color":"var(--ast-global-color-5)","background-image":"","background-repeat":"repeat","background-position":"center center","background-size":"auto","background-attachment":"scroll","background-type":"","background-media":"","overlay-type":"","overlay-color":"","overlay-gradient":""}},"footnotes":""},"_links":{"self":[{"href":"http:\/\/sites.unifap.br\/planodiretor\/wp-json\/wp\/v2\/pages\/2"}],"collection":[{"href":"http:\/\/sites.unifap.br\/planodiretor\/wp-json\/wp\/v2\/pages"}],"about":[{"href":"http:\/\/sites.unifap.br\/planodiretor\/wp-json\/wp\/v2\/types\/page"}],"author":[{"embeddable":true,"href":"http:\/\/sites.unifap.br\/planodiretor\/wp-json\/wp\/v2\/users\/4"}],"replies":[{"embeddable":true,"href":"http:\/\/sites.unifap.br\/planodiretor\/wp-json\/wp\/v2\/comments?post=2"}],"version-history":[{"count":113,"href":"http:\/\/sites.unifap.br\/planodiretor\/wp-json\/wp\/v2\/pages\/2\/revisions"}],"predecessor-version":[{"id":2368,"href":"http:\/\/sites.unifap.br\/planodiretor\/wp-json\/wp\/v2\/pages\/2\/revisions\/2368"}],"wp:attachment":[{"href":"http:\/\/sites.unifap.br\/planodiretor\/wp-json\/wp\/v2\/media?parent=2"}],"curies":[{"name":"wp","href":"https:\/\/api.w.org\/{rel}","templated":true}]}}