{"id":46,"date":"2021-06-28T15:20:19","date_gmt":"2021-06-28T18:20:19","guid":{"rendered":"http:\/\/sites.unifap.br\/planodiretor\/?page_id=46"},"modified":"2024-12-05T18:31:10","modified_gmt":"2024-12-05T21:31:10","slug":"equipe","status":"publish","type":"page","link":"http:\/\/sites.unifap.br\/planodiretor\/equipe\/","title":{"rendered":"Equipe"},"content":{"rendered":"\t\t<div data-elementor-type=\"wp-page\" data-elementor-id=\"46\" class=\"elementor elementor-46\">\n\t\t\t\t\t\t\t\t\t<section class=\"elementor-section elementor-top-section elementor-element elementor-element-1guhqv7 elementor-section-boxed elementor-section-height-default elementor-section-height-default\" data-id=\"1guhqv7\" data-element_type=\"section\" data-settings=\"{&quot;background_background&quot;:&quot;classic&quot;}\">\n\t\t\t\t\t\t\t<div class=\"elementor-background-overlay\"><\/div>\n\t\t\t\t\t\t\t<div class=\"elementor-container elementor-column-gap-no\">\n\t\t\t\t\t<div class=\"elementor-column elementor-col-100 elementor-top-column elementor-element elementor-element-04cde6b\" data-id=\"04cde6b\" data-element_type=\"column\">\n\t\t\t<div class=\"elementor-widget-wrap elementor-element-populated\">\n\t\t\t\t\t\t\t\t<div class=\"elementor-element elementor-element-6b91469 elementor-widget elementor-widget-heading\" data-id=\"6b91469\" data-element_type=\"widget\" data-widget_type=\"heading.default\">\n\t\t\t\t<div class=\"elementor-widget-container\">\n\t\t\t<h1 class=\"elementor-heading-title elementor-size-default\">Equipe<\/h1>\t\t<\/div>\n\t\t\t\t<\/div>\n\t\t\t\t<div class=\"elementor-element elementor-element-ca23014 elementor-widget elementor-widget-text-editor\" data-id=\"ca23014\" data-element_type=\"widget\" data-widget_type=\"text-editor.default\">\n\t\t\t\t<div class=\"elementor-widget-container\">\n\t\t\t\t\t\t\t<p>\u00a0 \u00a0 \u00a0 \u00a0 \u00a0 \u00a0Com foco na integra\u00e7\u00e3o e cooperatividade entre a comunidade acad\u00eamica, a constru\u00e7\u00e3o do Plano Diretor Participativo Campus Marco Zero reuniu membros das mais diversas \u00e1reas e cursos da UNIFAP. Composto pela coordena\u00e7\u00e3o, colaboradores e estagi\u00e1rios.<\/p>\t\t\t\t\t\t<\/div>\n\t\t\t\t<\/div>\n\t\t\t\t\t<\/div>\n\t\t<\/div>\n\t\t\t\t\t\t\t<\/div>\n\t\t<\/section>\n\t\t\t\t<section class=\"elementor-section elementor-top-section elementor-element elementor-element-4nv860a elementor-section-boxed elementor-section-height-default elementor-section-height-default\" data-id=\"4nv860a\" data-element_type=\"section\" data-settings=\"{&quot;background_background&quot;:&quot;classic&quot;}\">\n\t\t\t\t\t\t<div class=\"elementor-container elementor-column-gap-no\">\n\t\t\t\t\t<div class=\"elementor-column elementor-col-100 elementor-top-column elementor-element elementor-element-d7e195f\" data-id=\"d7e195f\" data-element_type=\"column\" data-settings=\"{&quot;background_background&quot;:&quot;classic&quot;}\">\n\t\t\t<div class=\"elementor-widget-wrap elementor-element-populated\">\n\t\t\t\t\t\t\t\t<div class=\"elementor-element elementor-element-615eb30 elementor-widget elementor-widget-heading\" data-id=\"615eb30\" data-element_type=\"widget\" id=\"coord\" data-widget_type=\"heading.default\">\n\t\t\t\t<div class=\"elementor-widget-container\">\n\t\t\t<h2 class=\"elementor-heading-title elementor-size-default\">Coordena\u00e7\u00e3o<\/h2>\t\t<\/div>\n\t\t\t\t<\/div>\n\t\t\t\t<div class=\"elementor-element elementor-element-e74ce4a elementor-widget elementor-widget-text-editor\" data-id=\"e74ce4a\" data-element_type=\"widget\" data-widget_type=\"text-editor.default\">\n\t\t\t\t<div class=\"elementor-widget-container\">\n\t\t\t\t\t\t\t\t\t\t\t\t\t<\/div>\n\t\t\t\t<\/div>\n\t\t\t\t<div class=\"elementor-element elementor-element-242a814 elementor-widget-divider--view-line elementor-widget elementor-widget-divider\" data-id=\"242a814\" data-element_type=\"widget\" data-widget_type=\"divider.default\">\n\t\t\t\t<div class=\"elementor-widget-container\">\n\t\t\t\t\t<div class=\"elementor-divider\">\n\t\t\t<span class=\"elementor-divider-separator\">\n\t\t\t\t\t\t<\/span>\n\t\t<\/div>\n\t\t\t\t<\/div>\n\t\t\t\t<\/div>\n\t\t\t\t<section class=\"elementor-section elementor-inner-section elementor-element elementor-element-2c0fcfd elementor-section-boxed elementor-section-height-default elementor-section-height-default\" data-id=\"2c0fcfd\" data-element_type=\"section\">\n\t\t\t\t\t\t<div class=\"elementor-container elementor-column-gap-no\">\n\t\t\t\t\t<div class=\"elementor-column elementor-col-50 elementor-inner-column elementor-element elementor-element-da66bb8\" data-id=\"da66bb8\" data-element_type=\"column\" data-settings=\"{&quot;background_background&quot;:&quot;classic&quot;}\">\n\t\t\t<div class=\"elementor-widget-wrap elementor-element-populated\">\n\t\t\t\t\t\t\t\t<div class=\"elementor-element elementor-element-981f74c elementor-widget elementor-widget-heading\" data-id=\"981f74c\" data-element_type=\"widget\" data-widget_type=\"heading.default\">\n\t\t\t\t<div class=\"elementor-widget-container\">\n\t\t\t<h2 class=\"elementor-heading-title elementor-size-medium\">Cristina Baddini<\/h2>\t\t<\/div>\n\t\t\t\t<\/div>\n\t\t\t\t<div class=\"elementor-element elementor-element-b72bdf3 elementor-widget elementor-widget-heading\" data-id=\"b72bdf3\" data-element_type=\"widget\" data-widget_type=\"heading.default\">\n\t\t\t\t<div class=\"elementor-widget-container\">\n\t\t\t<h2 class=\"elementor-heading-title elementor-size-small\">Coordenadora<\/h2>\t\t<\/div>\n\t\t\t\t<\/div>\n\t\t\t\t<div class=\"elementor-element elementor-element-32f4c71 elementor-widget elementor-widget-image\" data-id=\"32f4c71\" data-element_type=\"widget\" data-widget_type=\"image.default\">\n\t\t\t\t<div class=\"elementor-widget-container\">\n\t\t\t\t\t\t\t\t\t\t\t\t\t\t\t<img decoding=\"async\" loading=\"lazy\" width=\"960\" height=\"959\" src=\"http:\/\/sites.unifap.br\/planodiretor\/wp-content\/uploads\/sites\/5\/2021\/07\/Cristina-Baddini-Lucas.jpg\" class=\"attachment-full size-full wp-image-728\" alt=\"\" srcset=\"http:\/\/sites.unifap.br\/planodiretor\/wp-content\/uploads\/sites\/5\/2021\/07\/Cristina-Baddini-Lucas.jpg 960w, http:\/\/sites.unifap.br\/planodiretor\/wp-content\/uploads\/sites\/5\/2021\/07\/Cristina-Baddini-Lucas-300x300.jpg 300w, http:\/\/sites.unifap.br\/planodiretor\/wp-content\/uploads\/sites\/5\/2021\/07\/Cristina-Baddini-Lucas-150x150.jpg 150w, http:\/\/sites.unifap.br\/planodiretor\/wp-content\/uploads\/sites\/5\/2021\/07\/Cristina-Baddini-Lucas-768x767.jpg 768w\" sizes=\"(max-width: 960px) 100vw, 960px\" \/>\t\t\t\t\t\t\t\t\t\t\t\t\t\t\t<\/div>\n\t\t\t\t<\/div>\n\t\t\t\t<div class=\"elementor-element elementor-element-1e3865e elementor-widget elementor-widget-testimonial\" data-id=\"1e3865e\" data-element_type=\"widget\" data-widget_type=\"testimonial.default\">\n\t\t\t\t<div class=\"elementor-widget-container\">\n\t\t\t\t\t<div class=\"elementor-testimonial-wrapper\">\n\t\t\t\t\t\t\t<div class=\"elementor-testimonial-content\">Possui Mestrado em Engenharia de Transporte pela Universidade Federal do Rio de Janeiro - COPPE (1983-1985), P\u00f3s - Gradua\u00e7\u00e3o em Engenharia de Transporte pela Faculdade Polit\u00e9cnica da Universidade de S\u00e3o Paulo - USP (1982) e gradua\u00e7\u00e3o em Engenharia Civil pela Faculdade de Engenharia de Sorocaba - FACENS (1981) . Atualmente \u00e9 Professora no curso de Engenharia Civil na Universidade Federal do Amap\u00e1 - UNIFAP, atua na \u00e1rea de transportes.<\/div>\n\t\t\t\n\t\t\t\t\t<\/div>\n\t\t\t\t<\/div>\n\t\t\t\t<\/div>\n\t\t\t\t<div class=\"elementor-element elementor-element-2f8b1b8 elementor-widget elementor-widget-heading\" data-id=\"2f8b1b8\" data-element_type=\"widget\" data-widget_type=\"heading.default\">\n\t\t\t\t<div class=\"elementor-widget-container\">\n\t\t\t<h2 class=\"elementor-heading-title elementor-size-medium\">Adenilson de Oliveira<\/h2>\t\t<\/div>\n\t\t\t\t<\/div>\n\t\t\t\t<div class=\"elementor-element elementor-element-11c673c elementor-widget elementor-widget-heading\" data-id=\"11c673c\" data-element_type=\"widget\" data-widget_type=\"heading.default\">\n\t\t\t\t<div class=\"elementor-widget-container\">\n\t\t\t<h2 class=\"elementor-heading-title elementor-size-small\">Assessoria<\/h2>\t\t<\/div>\n\t\t\t\t<\/div>\n\t\t\t\t<div class=\"elementor-element elementor-element-928cd97 elementor-widget elementor-widget-image\" data-id=\"928cd97\" data-element_type=\"widget\" data-widget_type=\"image.default\">\n\t\t\t\t<div class=\"elementor-widget-container\">\n\t\t\t\t\t\t\t\t\t\t\t\t\t\t\t<img decoding=\"async\" loading=\"lazy\" width=\"150\" height=\"150\" src=\"http:\/\/sites.unifap.br\/planodiretor\/wp-content\/uploads\/sites\/5\/2021\/09\/Adenilson-150x150.png\" class=\"attachment-thumbnail size-thumbnail wp-image-1674\" alt=\"\" \/>\t\t\t\t\t\t\t\t\t\t\t\t\t\t\t<\/div>\n\t\t\t\t<\/div>\n\t\t\t\t<div class=\"elementor-element elementor-element-e5851ad elementor-widget elementor-widget-testimonial\" data-id=\"e5851ad\" data-element_type=\"widget\" data-widget_type=\"testimonial.default\">\n\t\t\t\t<div class=\"elementor-widget-container\">\n\t\t\t\t\t<div class=\"elementor-testimonial-wrapper\">\n\t\t\t\t\t\t\t<div class=\"elementor-testimonial-content\">Engenheiro Civil graduado pela Universidade Federal do Par\u00e1 (2003). P\u00f3s-Graduado (Mestrado) em Engenharia Civil pela Pontif\u00edcia Universidade Cat\u00f3lica do Rio de Janeiro (2006) com \u00eanfase em Mec\u00e2nica das Estruturas, atuando e desenvolvendo trabalhos de modelagem computacional (est\u00e1tica e din\u00e2mica). Professor Efetivo do Magist\u00e9rio Superior, DE Assistente A, N\u00edvel I na UNIFAP (Universidade Federal do Amap\u00e1), desde 2018.2. Larga experi\u00eancia no desenvolvimento e coordena\u00e7\u00e3o de projetos (obras de infraestrutura e superestrutura prediais e industriais (plantas de separa\u00e7\u00e3o de ar), plataformas offshore (PRA-1\/PMXL-1), pontes, estruturas sismo-resistentes, produtividade e competitividade), atuando no Brasil, Chile, Argentina, Peru e Col\u00f4mbia.<\/div>\n\t\t\t\n\t\t\t\t\t<\/div>\n\t\t\t\t<\/div>\n\t\t\t\t<\/div>\n\t\t\t\t\t<\/div>\n\t\t<\/div>\n\t\t\t\t<div class=\"elementor-column elementor-col-50 elementor-inner-column elementor-element elementor-element-5295124\" data-id=\"5295124\" data-element_type=\"column\">\n\t\t\t<div class=\"elementor-widget-wrap elementor-element-populated\">\n\t\t\t\t\t\t\t\t<div class=\"elementor-element elementor-element-a7147b7 elementor-widget elementor-widget-heading\" data-id=\"a7147b7\" data-element_type=\"widget\" data-widget_type=\"heading.default\">\n\t\t\t\t<div class=\"elementor-widget-container\">\n\t\t\t<h2 class=\"elementor-heading-title elementor-size-medium\">Danielle Guimar\u00e3es<\/h2>\t\t<\/div>\n\t\t\t\t<\/div>\n\t\t\t\t<div class=\"elementor-element elementor-element-2065b8b elementor-widget elementor-widget-heading\" data-id=\"2065b8b\" data-element_type=\"widget\" data-widget_type=\"heading.default\">\n\t\t\t\t<div class=\"elementor-widget-container\">\n\t\t\t<h2 class=\"elementor-heading-title elementor-size-small\">Vice-coordenadora<\/h2>\t\t<\/div>\n\t\t\t\t<\/div>\n\t\t\t\t<div class=\"elementor-element elementor-element-9905fa5 elementor-widget elementor-widget-image\" data-id=\"9905fa5\" data-element_type=\"widget\" data-widget_type=\"image.default\">\n\t\t\t\t<div class=\"elementor-widget-container\">\n\t\t\t\t\t\t\t\t\t\t\t\t\t\t\t<img decoding=\"async\" loading=\"lazy\" width=\"719\" height=\"720\" src=\"http:\/\/sites.unifap.br\/planodiretor\/wp-content\/uploads\/sites\/5\/2021\/07\/FOTO-SITE.jpeg\" class=\"attachment-full size-full wp-image-732\" alt=\"\" srcset=\"http:\/\/sites.unifap.br\/planodiretor\/wp-content\/uploads\/sites\/5\/2021\/07\/FOTO-SITE.jpeg 719w, http:\/\/sites.unifap.br\/planodiretor\/wp-content\/uploads\/sites\/5\/2021\/07\/FOTO-SITE-300x300.jpeg 300w, http:\/\/sites.unifap.br\/planodiretor\/wp-content\/uploads\/sites\/5\/2021\/07\/FOTO-SITE-150x150.jpeg 150w\" sizes=\"(max-width: 719px) 100vw, 719px\" \/>\t\t\t\t\t\t\t\t\t\t\t\t\t\t\t<\/div>\n\t\t\t\t<\/div>\n\t\t\t\t<div class=\"elementor-element elementor-element-30a50ff elementor-widget elementor-widget-testimonial\" data-id=\"30a50ff\" data-element_type=\"widget\" data-widget_type=\"testimonial.default\">\n\t\t\t\t<div class=\"elementor-widget-container\">\n\t\t\t\t\t<div class=\"elementor-testimonial-wrapper\">\n\t\t\t\t\t\t\t<div class=\"elementor-testimonial-content\">Possui gradua\u00e7\u00e3o em Arquitetura e Urbanismo pela Universidade Federal do Par\u00e1 (2000) e mestrado em Arquitetura e Urbanismo pela Universidade de Bras\u00edlia (2005). Tem experi\u00eancia na \u00e1rea de Arquitetura e Urbanismo, com \u00eanfase em Planejamento e Projeto do Espa\u00e7o Urbano, atuando principalmente nos seguintes temas: habita\u00e7\u00e3o, desenvolvimento urbano, amaz\u00f4nia e pol\u00edticas p\u00fablicas.<\/div>\n\t\t\t\n\t\t\t\t\t<\/div>\n\t\t\t\t<\/div>\n\t\t\t\t<\/div>\n\t\t\t\t<div class=\"elementor-element elementor-element-1d6be2f elementor-widget elementor-widget-heading\" data-id=\"1d6be2f\" data-element_type=\"widget\" data-widget_type=\"heading.default\">\n\t\t\t\t<div class=\"elementor-widget-container\">\n\t\t\t<h2 class=\"elementor-heading-title elementor-size-medium\">Silvana Barreto<\/h2>\t\t<\/div>\n\t\t\t\t<\/div>\n\t\t\t\t<div class=\"elementor-element elementor-element-d26ee8e elementor-widget elementor-widget-heading\" data-id=\"d26ee8e\" data-element_type=\"widget\" data-widget_type=\"heading.default\">\n\t\t\t\t<div class=\"elementor-widget-container\">\n\t\t\t<h2 class=\"elementor-heading-title elementor-size-small\">Assesoria<\/h2>\t\t<\/div>\n\t\t\t\t<\/div>\n\t\t\t\t<div class=\"elementor-element elementor-element-66a01ae elementor-widget elementor-widget-image\" data-id=\"66a01ae\" data-element_type=\"widget\" data-widget_type=\"image.default\">\n\t\t\t\t<div class=\"elementor-widget-container\">\n\t\t\t\t\t\t\t\t\t\t\t\t\t\t\t<img decoding=\"async\" loading=\"lazy\" width=\"628\" height=\"627\" src=\"http:\/\/sites.unifap.br\/planodiretor\/wp-content\/uploads\/sites\/5\/2021\/09\/silvana.png\" class=\"attachment-full size-full wp-image-1533\" alt=\"\" srcset=\"http:\/\/sites.unifap.br\/planodiretor\/wp-content\/uploads\/sites\/5\/2021\/09\/silvana.png 628w, http:\/\/sites.unifap.br\/planodiretor\/wp-content\/uploads\/sites\/5\/2021\/09\/silvana-300x300.png 300w, http:\/\/sites.unifap.br\/planodiretor\/wp-content\/uploads\/sites\/5\/2021\/09\/silvana-150x150.png 150w\" sizes=\"(max-width: 628px) 100vw, 628px\" \/>\t\t\t\t\t\t\t\t\t\t\t\t\t\t\t<\/div>\n\t\t\t\t<\/div>\n\t\t\t\t<div class=\"elementor-element elementor-element-b187921 elementor-widget elementor-widget-testimonial\" data-id=\"b187921\" data-element_type=\"widget\" data-widget_type=\"testimonial.default\">\n\t\t\t\t<div class=\"elementor-widget-container\">\n\t\t\t\t\t<div class=\"elementor-testimonial-wrapper\">\n\t\t\t\t\t\t\t<div class=\"elementor-testimonial-content\">Possui gradua\u00e7\u00e3o em Arquitetura e Urbanismo pela Universidade Federal do Par\u00e1(1991) e especializa\u00e7\u00e3o em MBA em Gest\u00e3o Empresarial pelo Funda\u00e7\u00e3o Get\u00falio Vargas(2001). Atualmente \u00e9 Desenhista T\u00e9cnico da Universidade Federal do Amap\u00e1. Tem experi\u00eancia na \u00e1rea de Arquitetura e Urbanismo.<\/div>\n\t\t\t\n\t\t\t\t\t<\/div>\n\t\t\t\t<\/div>\n\t\t\t\t<\/div>\n\t\t\t\t\t<\/div>\n\t\t<\/div>\n\t\t\t\t\t\t\t<\/div>\n\t\t<\/section>\n\t\t\t\t\t<\/div>\n\t\t<\/div>\n\t\t\t\t\t\t\t<\/div>\n\t\t<\/section>\n\t\t\t\t<section class=\"elementor-section elementor-top-section elementor-element elementor-element-b0ce9a9 elementor-section-boxed elementor-section-height-default elementor-section-height-default\" data-id=\"b0ce9a9\" data-element_type=\"section\" data-settings=\"{&quot;background_background&quot;:&quot;classic&quot;}\">\n\t\t\t\t\t\t<div class=\"elementor-container elementor-column-gap-no\">\n\t\t\t\t\t<div class=\"elementor-column elementor-col-100 elementor-top-column elementor-element elementor-element-b39d42a\" data-id=\"b39d42a\" data-element_type=\"column\" data-settings=\"{&quot;background_background&quot;:&quot;classic&quot;}\">\n\t\t\t<div class=\"elementor-widget-wrap elementor-element-populated\">\n\t\t\t\t\t\t\t\t<div class=\"elementor-element elementor-element-f9e5c7f elementor-widget elementor-widget-heading\" data-id=\"f9e5c7f\" data-element_type=\"widget\" id=\"colab\" data-widget_type=\"heading.default\">\n\t\t\t\t<div class=\"elementor-widget-container\">\n\t\t\t<h2 class=\"elementor-heading-title elementor-size-default\">Colaboradores<\/h2>\t\t<\/div>\n\t\t\t\t<\/div>\n\t\t\t\t<div class=\"elementor-element elementor-element-ac3439c elementor-widget elementor-widget-text-editor\" data-id=\"ac3439c\" data-element_type=\"widget\" data-widget_type=\"text-editor.default\">\n\t\t\t\t<div class=\"elementor-widget-container\">\n\t\t\t\t\t\t\t\t\t\t\t\t\t<\/div>\n\t\t\t\t<\/div>\n\t\t\t\t<div class=\"elementor-element elementor-element-1a89aa9 elementor-widget-divider--view-line elementor-widget elementor-widget-divider\" data-id=\"1a89aa9\" data-element_type=\"widget\" data-widget_type=\"divider.default\">\n\t\t\t\t<div class=\"elementor-widget-container\">\n\t\t\t\t\t<div class=\"elementor-divider\">\n\t\t\t<span class=\"elementor-divider-separator\">\n\t\t\t\t\t\t<\/span>\n\t\t<\/div>\n\t\t\t\t<\/div>\n\t\t\t\t<\/div>\n\t\t\t\t<section class=\"elementor-section elementor-inner-section elementor-element elementor-element-af1e983 elementor-section-boxed elementor-section-height-default elementor-section-height-default\" data-id=\"af1e983\" data-element_type=\"section\">\n\t\t\t\t\t\t<div class=\"elementor-container elementor-column-gap-no\">\n\t\t\t\t\t<div class=\"elementor-column elementor-col-50 elementor-inner-column elementor-element elementor-element-8e1f867\" data-id=\"8e1f867\" data-element_type=\"column\" data-settings=\"{&quot;background_background&quot;:&quot;classic&quot;}\">\n\t\t\t<div class=\"elementor-widget-wrap elementor-element-populated\">\n\t\t\t\t\t\t\t\t<div class=\"elementor-element elementor-element-8b307a2 elementor-widget elementor-widget-heading\" data-id=\"8b307a2\" data-element_type=\"widget\" data-widget_type=\"heading.default\">\n\t\t\t\t<div class=\"elementor-widget-container\">\n\t\t\t<h2 class=\"elementor-heading-title elementor-size-medium\">Patr\u00edcia Ara\u00fajo<\/h2>\t\t<\/div>\n\t\t\t\t<\/div>\n\t\t\t\t<div class=\"elementor-element elementor-element-3a76bc3 elementor-widget elementor-widget-heading\" data-id=\"3a76bc3\" data-element_type=\"widget\" data-widget_type=\"heading.default\">\n\t\t\t\t<div class=\"elementor-widget-container\">\n\t\t\t<h2 class=\"elementor-heading-title elementor-size-small\">Ci\u00eancia da Computa\u00e7\u00e3o<\/h2>\t\t<\/div>\n\t\t\t\t<\/div>\n\t\t\t\t<div class=\"elementor-element elementor-element-def8b9f elementor-widget elementor-widget-image\" data-id=\"def8b9f\" data-element_type=\"widget\" data-widget_type=\"image.default\">\n\t\t\t\t<div class=\"elementor-widget-container\">\n\t\t\t\t\t\t\t\t\t\t\t\t\t\t\t<img decoding=\"async\" loading=\"lazy\" width=\"1760\" height=\"1763\" src=\"http:\/\/sites.unifap.br\/planodiretor\/wp-content\/uploads\/sites\/5\/2021\/07\/Patricia-Araujo-de-Oliveira.jpg\" class=\"attachment-full size-full wp-image-748\" alt=\"\" srcset=\"http:\/\/sites.unifap.br\/planodiretor\/wp-content\/uploads\/sites\/5\/2021\/07\/Patricia-Araujo-de-Oliveira.jpg 1760w, http:\/\/sites.unifap.br\/planodiretor\/wp-content\/uploads\/sites\/5\/2021\/07\/Patricia-Araujo-de-Oliveira-300x300.jpg 300w, http:\/\/sites.unifap.br\/planodiretor\/wp-content\/uploads\/sites\/5\/2021\/07\/Patricia-Araujo-de-Oliveira-1022x1024.jpg 1022w, http:\/\/sites.unifap.br\/planodiretor\/wp-content\/uploads\/sites\/5\/2021\/07\/Patricia-Araujo-de-Oliveira-150x150.jpg 150w, http:\/\/sites.unifap.br\/planodiretor\/wp-content\/uploads\/sites\/5\/2021\/07\/Patricia-Araujo-de-Oliveira-768x769.jpg 768w, http:\/\/sites.unifap.br\/planodiretor\/wp-content\/uploads\/sites\/5\/2021\/07\/Patricia-Araujo-de-Oliveira-1533x1536.jpg 1533w\" sizes=\"(max-width: 1760px) 100vw, 1760px\" \/>\t\t\t\t\t\t\t\t\t\t\t\t\t\t\t<\/div>\n\t\t\t\t<\/div>\n\t\t\t\t<div class=\"elementor-element elementor-element-2284aae elementor-widget elementor-widget-testimonial\" data-id=\"2284aae\" data-element_type=\"widget\" data-widget_type=\"testimonial.default\">\n\t\t\t\t<div class=\"elementor-widget-container\">\n\t\t\t\t\t<div class=\"elementor-testimonial-wrapper\">\n\t\t\t\t\t\t\t<div class=\"elementor-testimonial-content\">Possui gradua\u00e7\u00e3o em Ci\u00eancia da Computa\u00e7\u00e3o pela Universidade da Amaz\u00f4nia (2011), mestrado em Ci\u00eancia da Computa\u00e7\u00e3o pela Universidade de S\u00e3o Paulo (2014), e \u00e9 doutoranda na Universidade de M\u00e1laga, na Espanha. Atualmente \u00e9 professora efetiva da Universidade Federal do Amap\u00e1 (UNIFAP). Tem experi\u00eancia principalmente em projeto e an\u00e1lise de desempenho de sistemas. Suas principais \u00e1reas de interesse s\u00e3o: Sistemas Distribu\u00eddos, Computa\u00e7\u00e3o em Nuvem, IoT, Smart Cities, Fog e Edge Computing; Tecnologias Assistivas e Engenharia de Requisitos.<\/div>\n\t\t\t\n\t\t\t\t\t<\/div>\n\t\t\t\t<\/div>\n\t\t\t\t<\/div>\n\t\t\t\t<div class=\"elementor-element elementor-element-35951e6 elementor-widget elementor-widget-heading\" data-id=\"35951e6\" data-element_type=\"widget\" data-widget_type=\"heading.default\">\n\t\t\t\t<div class=\"elementor-widget-container\">\n\t\t\t<h2 class=\"elementor-heading-title elementor-size-medium\">Dennis Pureza<\/h2>\t\t<\/div>\n\t\t\t\t<\/div>\n\t\t\t\t<div class=\"elementor-element elementor-element-0dd7578 elementor-widget elementor-widget-heading\" data-id=\"0dd7578\" data-element_type=\"widget\" data-widget_type=\"heading.default\">\n\t\t\t\t<div class=\"elementor-widget-container\">\n\t\t\t<h2 class=\"elementor-heading-title elementor-size-small\">Engenharia Civil<\/h2>\t\t<\/div>\n\t\t\t\t<\/div>\n\t\t\t\t<div class=\"elementor-element elementor-element-68ceb92 elementor-widget elementor-widget-image\" data-id=\"68ceb92\" data-element_type=\"widget\" data-widget_type=\"image.default\">\n\t\t\t\t<div class=\"elementor-widget-container\">\n\t\t\t\t\t\t\t\t\t\t\t\t\t\t\t<img decoding=\"async\" loading=\"lazy\" width=\"2376\" height=\"2503\" src=\"http:\/\/sites.unifap.br\/planodiretor\/wp-content\/uploads\/sites\/5\/2021\/07\/Dennis-Pureza.jpg\" class=\"attachment-full size-full wp-image-750\" alt=\"\" srcset=\"http:\/\/sites.unifap.br\/planodiretor\/wp-content\/uploads\/sites\/5\/2021\/07\/Dennis-Pureza.jpg 2376w, http:\/\/sites.unifap.br\/planodiretor\/wp-content\/uploads\/sites\/5\/2021\/07\/Dennis-Pureza-285x300.jpg 285w, http:\/\/sites.unifap.br\/planodiretor\/wp-content\/uploads\/sites\/5\/2021\/07\/Dennis-Pureza-972x1024.jpg 972w, http:\/\/sites.unifap.br\/planodiretor\/wp-content\/uploads\/sites\/5\/2021\/07\/Dennis-Pureza-768x809.jpg 768w, http:\/\/sites.unifap.br\/planodiretor\/wp-content\/uploads\/sites\/5\/2021\/07\/Dennis-Pureza-1458x1536.jpg 1458w, http:\/\/sites.unifap.br\/planodiretor\/wp-content\/uploads\/sites\/5\/2021\/07\/Dennis-Pureza-1944x2048.jpg 1944w\" sizes=\"(max-width: 2376px) 100vw, 2376px\" \/>\t\t\t\t\t\t\t\t\t\t\t\t\t\t\t<\/div>\n\t\t\t\t<\/div>\n\t\t\t\t<div class=\"elementor-element elementor-element-66b2f45 elementor-widget elementor-widget-testimonial\" data-id=\"66b2f45\" data-element_type=\"widget\" data-widget_type=\"testimonial.default\">\n\t\t\t\t<div class=\"elementor-widget-container\">\n\t\t\t\t\t<div class=\"elementor-testimonial-wrapper\">\n\t\t\t\t\t\t\t<div class=\"elementor-testimonial-content\">Possui gradua\u00e7\u00e3o em Engenharia Civil (2011) e mestrado em Engenharia Estrutural (2013) pela Universidade Federal do Par\u00e1. Tem experi\u00eancia na \u00e1rea de Estruturas, atuando principalmente nos seguintes temas: pontes ferrovi\u00e1rias, modelagem num\u00e9rica, an\u00e1lise experimental e avalia\u00e7\u00e3o estrutural. Atualmente \u00e9 Professor efetivo no curso de Gradua\u00e7\u00e3o em Engenharia Civil na Universidade Federal do Amap\u00e1.<\/div>\n\t\t\t\n\t\t\t\t\t<\/div>\n\t\t\t\t<\/div>\n\t\t\t\t<\/div>\n\t\t\t\t<div class=\"elementor-element elementor-element-5c5a249 elementor-widget elementor-widget-heading\" data-id=\"5c5a249\" data-element_type=\"widget\" data-widget_type=\"heading.default\">\n\t\t\t\t<div class=\"elementor-widget-container\">\n\t\t\t<h2 class=\"elementor-heading-title elementor-size-medium\">John Neira<\/h2>\t\t<\/div>\n\t\t\t\t<\/div>\n\t\t\t\t<div class=\"elementor-element elementor-element-9a1bd7a elementor-widget elementor-widget-heading\" data-id=\"9a1bd7a\" data-element_type=\"widget\" data-widget_type=\"heading.default\">\n\t\t\t\t<div class=\"elementor-widget-container\">\n\t\t\t<h2 class=\"elementor-heading-title elementor-size-small\">Engenharia Civil<\/h2>\t\t<\/div>\n\t\t\t\t<\/div>\n\t\t\t\t<div class=\"elementor-element elementor-element-020da05 elementor-widget elementor-widget-image\" data-id=\"020da05\" data-element_type=\"widget\" data-widget_type=\"image.default\">\n\t\t\t\t<div class=\"elementor-widget-container\">\n\t\t\t\t\t\t\t\t\t\t\t\t\t\t\t<img decoding=\"async\" loading=\"lazy\" width=\"200\" height=\"200\" src=\"http:\/\/sites.unifap.br\/planodiretor\/wp-content\/uploads\/sites\/5\/2021\/07\/WhatsApp-Image-2021-05-21-at-13.01.21-1.jpeg\" class=\"attachment-full size-full wp-image-754\" alt=\"\" srcset=\"http:\/\/sites.unifap.br\/planodiretor\/wp-content\/uploads\/sites\/5\/2021\/07\/WhatsApp-Image-2021-05-21-at-13.01.21-1.jpeg 200w, http:\/\/sites.unifap.br\/planodiretor\/wp-content\/uploads\/sites\/5\/2021\/07\/WhatsApp-Image-2021-05-21-at-13.01.21-1-150x150.jpeg 150w\" sizes=\"(max-width: 200px) 100vw, 200px\" \/>\t\t\t\t\t\t\t\t\t\t\t\t\t\t\t<\/div>\n\t\t\t\t<\/div>\n\t\t\t\t<div class=\"elementor-element elementor-element-e9de5aa elementor-widget elementor-widget-testimonial\" data-id=\"e9de5aa\" data-element_type=\"widget\" data-widget_type=\"testimonial.default\">\n\t\t\t\t<div class=\"elementor-widget-container\">\n\t\t\t\t\t<div class=\"elementor-testimonial-wrapper\">\n\t\t\t\t\t\t\t<div class=\"elementor-testimonial-content\">Possui gradua\u00e7\u00e3o em Engenharia de Materiais pela Universidad de San Agust\u00edn, Per\u00fa (2002), diploma de bacharel em Engenharia de Materiais reconhecido pela Universidade Federal de S\u00e3o Carlos (2015), mestrado em Engenharia Metal\u00fargica pela Universidade de S\u00e3o Paulo (2009), MBA em Gest\u00e3o e Engenharia de Produtos e Servi\u00e7os pelo Programa de Educa\u00e7\u00e3o Continuada da Escola Polit\u00e9cnica da USP (2012), Doutorado em Engenharia Metal\u00fargica pela Universidade de S\u00e3o Paulo (2015). Foi professor adjunto no curso de Engenharia de Materiais da Universidade Federal do Sul e Sudeste do Par\u00e1 - UNIFESSPA (2016-2018). Atualmente, \u00e9 professor adjunto no curso de Engenharia Civil da Universidade Federal do Amap\u00e1 - UNIFAP (2018). Tem experi\u00eancia na \u00e1rea de Engenharia de Materiais e Metal\u00fargica, com \u00eanfase em Metalurgia Extrativa, atuando principalmente nos seguintes temas: Refino por rea\u00e7\u00e3o metal esc\u00f3ria, Fus\u00e3o-redu\u00e7\u00e3o; Redu\u00e7\u00e3o em fase liquida, Redu\u00e7\u00e3o carbot\u00e9rmica e metalot\u00e9rmica, Recupera\u00e7\u00e3o de res\u00edduos e Eletr\u00f3lise por sais fundidos. Tem experi\u00eancia na \u00e1rea de materiais de constru\u00e7\u00e3o civil, com \u00eanfase estudo de microestruturas em concretos e argamassas.<\/div>\n\t\t\t\n\t\t\t\t\t<\/div>\n\t\t\t\t<\/div>\n\t\t\t\t<\/div>\n\t\t\t\t<div class=\"elementor-element elementor-element-98679f8 elementor-widget elementor-widget-heading\" data-id=\"98679f8\" data-element_type=\"widget\" data-widget_type=\"heading.default\">\n\t\t\t\t<div class=\"elementor-widget-container\">\n\t\t\t<h2 class=\"elementor-heading-title elementor-size-medium\">Luis Rambo<\/h2>\t\t<\/div>\n\t\t\t\t<\/div>\n\t\t\t\t<div class=\"elementor-element elementor-element-76a13fa elementor-widget elementor-widget-heading\" data-id=\"76a13fa\" data-element_type=\"widget\" data-widget_type=\"heading.default\">\n\t\t\t\t<div class=\"elementor-widget-container\">\n\t\t\t<h2 class=\"elementor-heading-title elementor-size-small\">Engenharia Civil<\/h2>\t\t<\/div>\n\t\t\t\t<\/div>\n\t\t\t\t<div class=\"elementor-element elementor-element-bc153c6 elementor-widget elementor-widget-image\" data-id=\"bc153c6\" data-element_type=\"widget\" data-widget_type=\"image.default\">\n\t\t\t\t<div class=\"elementor-widget-container\">\n\t\t\t\t\t\t\t\t\t\t\t\t\t\t\t<img decoding=\"async\" loading=\"lazy\" width=\"548\" height=\"548\" src=\"http:\/\/sites.unifap.br\/planodiretor\/wp-content\/uploads\/sites\/5\/2021\/07\/IMG-20190205-WA0039.jpg\" class=\"attachment-full size-full wp-image-756\" alt=\"\" srcset=\"http:\/\/sites.unifap.br\/planodiretor\/wp-content\/uploads\/sites\/5\/2021\/07\/IMG-20190205-WA0039.jpg 548w, http:\/\/sites.unifap.br\/planodiretor\/wp-content\/uploads\/sites\/5\/2021\/07\/IMG-20190205-WA0039-300x300.jpg 300w, http:\/\/sites.unifap.br\/planodiretor\/wp-content\/uploads\/sites\/5\/2021\/07\/IMG-20190205-WA0039-150x150.jpg 150w\" sizes=\"(max-width: 548px) 100vw, 548px\" \/>\t\t\t\t\t\t\t\t\t\t\t\t\t\t\t<\/div>\n\t\t\t\t<\/div>\n\t\t\t\t<div class=\"elementor-element elementor-element-9b7dcd5 elementor-widget elementor-widget-testimonial\" data-id=\"9b7dcd5\" data-element_type=\"widget\" data-widget_type=\"testimonial.default\">\n\t\t\t\t<div class=\"elementor-widget-container\">\n\t\t\t\t\t<div class=\"elementor-testimonial-wrapper\">\n\t\t\t\t\t\t\t<div class=\"elementor-testimonial-content\">Engenheiro Civil e Professor Efetivo do Magist\u00e9rio Superior da UNIFAP - Universidade Federal do Amap\u00e1, no Curso de Engenharia Civil \u00e1rea de Geotecnia, com gradua\u00e7\u00e3o pela UNOCHAPEC\u00d3 - Universidade Comunit\u00e1ria Regional de Chapec\u00f3 (2005), com especializa\u00e7\u00e3o em Geotecnia e Obras de terra no INBEC - Instituto Brasileiro de Educa\u00e7\u00e3o Continuada e atualmente Mestrando do Curso de Engenharia de Barragens na UFPA, em Tucuru\u00ed. Atuando na \u00e1rea de sondagens, projetos e execu\u00e7\u00e3o de funda\u00e7\u00f5es tipo strauss, rotativa, cravada (concreto e met\u00e1lica) em obras de pequeno e m\u00e9dio porte.<\/div>\n\t\t\t\n\t\t\t\t\t<\/div>\n\t\t\t\t<\/div>\n\t\t\t\t<\/div>\n\t\t\t\t<div class=\"elementor-element elementor-element-e07be07 elementor-widget elementor-widget-heading\" data-id=\"e07be07\" data-element_type=\"widget\" data-widget_type=\"heading.default\">\n\t\t\t\t<div class=\"elementor-widget-container\">\n\t\t\t<h2 class=\"elementor-heading-title elementor-size-medium\">Felipe Monteiro<\/h2>\t\t<\/div>\n\t\t\t\t<\/div>\n\t\t\t\t<div class=\"elementor-element elementor-element-1ad0df3 elementor-widget elementor-widget-heading\" data-id=\"1ad0df3\" data-element_type=\"widget\" data-widget_type=\"heading.default\">\n\t\t\t\t<div class=\"elementor-widget-container\">\n\t\t\t<h2 class=\"elementor-heading-title elementor-size-small\">Engenharia El\u00e9trica<\/h2>\t\t<\/div>\n\t\t\t\t<\/div>\n\t\t\t\t<div class=\"elementor-element elementor-element-4211402 elementor-widget elementor-widget-image\" data-id=\"4211402\" data-element_type=\"widget\" data-widget_type=\"image.default\">\n\t\t\t\t<div class=\"elementor-widget-container\">\n\t\t\t\t\t\t\t\t\t\t\t\t\t\t\t<img decoding=\"async\" loading=\"lazy\" width=\"217\" height=\"217\" src=\"http:\/\/sites.unifap.br\/planodiretor\/wp-content\/uploads\/sites\/5\/2021\/07\/felipe.jpeg\" class=\"attachment-full size-full wp-image-758\" alt=\"\" srcset=\"http:\/\/sites.unifap.br\/planodiretor\/wp-content\/uploads\/sites\/5\/2021\/07\/felipe.jpeg 217w, http:\/\/sites.unifap.br\/planodiretor\/wp-content\/uploads\/sites\/5\/2021\/07\/felipe-150x150.jpeg 150w\" sizes=\"(max-width: 217px) 100vw, 217px\" \/>\t\t\t\t\t\t\t\t\t\t\t\t\t\t\t<\/div>\n\t\t\t\t<\/div>\n\t\t\t\t<div class=\"elementor-element elementor-element-64b68cc elementor-widget elementor-widget-testimonial\" data-id=\"64b68cc\" data-element_type=\"widget\" data-widget_type=\"testimonial.default\">\n\t\t\t\t<div class=\"elementor-widget-container\">\n\t\t\t\t\t<div class=\"elementor-testimonial-wrapper\">\n\t\t\t\t\t\t\t<div class=\"elementor-testimonial-content\">Doutor em Urbanismo (2020) pela Universidade Federal do Rio de Janeiro (UFRJ), Mestre em Engenharia El\u00e9trica (2013) e Bacharel em Engenharia El\u00e9trica (2011) pela Universidade Federal do Par\u00e1 (UFPA). Atualmente exerce a fun\u00e7\u00e3o de Professor Adjunto N\u00edvel I na Universidade Federal do Amap\u00e1 (UNIFAP) e Conselheiro Regional no CREA-AP (2020-2022). Tem experi\u00eancia na \u00e1rea de Engenharia El\u00e9trica, com \u00eanfase em M\u00e1quinas El\u00e9tricas e Sistemas El\u00e9tricos de Pot\u00eancia e experi\u00eancia na \u00e1rea de Urbanismo em Conforto Ambiental. No momento, desenvolve pesquisas em conforto ambiental, varia\u00e7\u00f5es clim\u00e1ticas e microclima urbano atrelado a efici\u00eancia energ\u00e9tica.<\/div>\n\t\t\t\n\t\t\t\t\t<\/div>\n\t\t\t\t<\/div>\n\t\t\t\t<\/div>\n\t\t\t\t<div class=\"elementor-element elementor-element-346184b elementor-widget elementor-widget-heading\" data-id=\"346184b\" data-element_type=\"widget\" data-widget_type=\"heading.default\">\n\t\t\t\t<div class=\"elementor-widget-container\">\n\t\t\t<h2 class=\"elementor-heading-title elementor-size-medium\">Edinaldo Pinheiro<\/h2>\t\t<\/div>\n\t\t\t\t<\/div>\n\t\t\t\t<div class=\"elementor-element elementor-element-d1eb6cf elementor-widget elementor-widget-heading\" data-id=\"d1eb6cf\" data-element_type=\"widget\" data-widget_type=\"heading.default\">\n\t\t\t\t<div class=\"elementor-widget-container\">\n\t\t\t<h2 class=\"elementor-heading-title elementor-size-small\">Hist\u00f3ria<\/h2>\t\t<\/div>\n\t\t\t\t<\/div>\n\t\t\t\t<div class=\"elementor-element elementor-element-3bbc975 elementor-widget elementor-widget-image\" data-id=\"3bbc975\" data-element_type=\"widget\" data-widget_type=\"image.default\">\n\t\t\t\t<div class=\"elementor-widget-container\">\n\t\t\t\t\t\t\t\t\t\t\t\t\t\t\t<img decoding=\"async\" loading=\"lazy\" width=\"437\" height=\"437\" src=\"http:\/\/sites.unifap.br\/planodiretor\/wp-content\/uploads\/sites\/5\/2021\/07\/edinado.jpeg\" class=\"attachment-full size-full wp-image-762\" alt=\"\" srcset=\"http:\/\/sites.unifap.br\/planodiretor\/wp-content\/uploads\/sites\/5\/2021\/07\/edinado.jpeg 437w, http:\/\/sites.unifap.br\/planodiretor\/wp-content\/uploads\/sites\/5\/2021\/07\/edinado-300x300.jpeg 300w, http:\/\/sites.unifap.br\/planodiretor\/wp-content\/uploads\/sites\/5\/2021\/07\/edinado-150x150.jpeg 150w\" sizes=\"(max-width: 437px) 100vw, 437px\" \/>\t\t\t\t\t\t\t\t\t\t\t\t\t\t\t<\/div>\n\t\t\t\t<\/div>\n\t\t\t\t<div class=\"elementor-element elementor-element-23124e5 elementor-widget elementor-widget-testimonial\" data-id=\"23124e5\" data-element_type=\"widget\" data-widget_type=\"testimonial.default\">\n\t\t\t\t<div class=\"elementor-widget-container\">\n\t\t\t\t\t<div class=\"elementor-testimonial-wrapper\">\n\t\t\t\t\t\t\t<div class=\"elementor-testimonial-content\">Possui gradua\u00e7\u00e3o em Hist\u00f3ria pela Universidade Federal do Par\u00e1 (1991), mestrado em Hist\u00f3ria, concentra\u00e7\u00e3o em pr\u00e9-hist\u00f3ria, pela Universidade Federal de Pernambuco (2003), doutorado em Ci\u00eancias: Desenvolvimento Socioambiental pelo NAEA\/UFPA (2010) e p\u00f3s-doutorado em Hist\u00f3ria Contempor\u00e2nea na Universidade de Coimbra\/Portugal. \u00c9 servidor p\u00fablico efetivo da Universidade Federal do Amap\u00e1 (UNIFAP). Tem experi\u00eancia na \u00e1rea de Educa\u00e7\u00e3o (com \u00eanfase em ensino-aprendizagem), Pesquisa Arqueol\u00f3gica (EIA-RIMA, relat\u00f3rio diagn\u00f3stico, salvamento e educa\u00e7\u00e3o patrimonial) e Hist\u00f3rica (Arqueologia Urbana).<\/div>\n\t\t\t\n\t\t\t\t\t<\/div>\n\t\t\t\t<\/div>\n\t\t\t\t<\/div>\n\t\t\t\t\t<\/div>\n\t\t<\/div>\n\t\t\t\t<div class=\"elementor-column elementor-col-50 elementor-inner-column elementor-element elementor-element-d40417b\" data-id=\"d40417b\" data-element_type=\"column\">\n\t\t\t<div class=\"elementor-widget-wrap elementor-element-populated\">\n\t\t\t\t\t\t\t\t<div class=\"elementor-element elementor-element-60f6072 elementor-widget elementor-widget-heading\" data-id=\"60f6072\" data-element_type=\"widget\" data-widget_type=\"heading.default\">\n\t\t\t\t<div class=\"elementor-widget-container\">\n\t\t\t<h2 class=\"elementor-heading-title elementor-size-medium\">Wegliane Campelo<\/h2>\t\t<\/div>\n\t\t\t\t<\/div>\n\t\t\t\t<div class=\"elementor-element elementor-element-2fe652b elementor-widget elementor-widget-heading\" data-id=\"2fe652b\" data-element_type=\"widget\" data-widget_type=\"heading.default\">\n\t\t\t\t<div class=\"elementor-widget-container\">\n\t\t\t<h2 class=\"elementor-heading-title elementor-size-small\">Ci\u00eancias Ambientais<\/h2>\t\t<\/div>\n\t\t\t\t<\/div>\n\t\t\t\t<div class=\"elementor-element elementor-element-47b307e elementor-widget elementor-widget-image\" data-id=\"47b307e\" data-element_type=\"widget\" data-widget_type=\"image.default\">\n\t\t\t\t<div class=\"elementor-widget-container\">\n\t\t\t\t\t\t\t\t\t\t\t\t\t\t\t<img decoding=\"async\" loading=\"lazy\" width=\"579\" height=\"579\" src=\"http:\/\/sites.unifap.br\/planodiretor\/wp-content\/uploads\/sites\/5\/2021\/07\/Wegliane-Campelo.jpeg\" class=\"attachment-full size-full wp-image-749\" alt=\"\" srcset=\"http:\/\/sites.unifap.br\/planodiretor\/wp-content\/uploads\/sites\/5\/2021\/07\/Wegliane-Campelo.jpeg 579w, http:\/\/sites.unifap.br\/planodiretor\/wp-content\/uploads\/sites\/5\/2021\/07\/Wegliane-Campelo-300x300.jpeg 300w, http:\/\/sites.unifap.br\/planodiretor\/wp-content\/uploads\/sites\/5\/2021\/07\/Wegliane-Campelo-150x150.jpeg 150w\" sizes=\"(max-width: 579px) 100vw, 579px\" \/>\t\t\t\t\t\t\t\t\t\t\t\t\t\t\t<\/div>\n\t\t\t\t<\/div>\n\t\t\t\t<div class=\"elementor-element elementor-element-f56efcc elementor-widget elementor-widget-testimonial\" data-id=\"f56efcc\" data-element_type=\"widget\" data-widget_type=\"testimonial.default\">\n\t\t\t\t<div class=\"elementor-widget-container\">\n\t\t\t\t\t<div class=\"elementor-testimonial-wrapper\">\n\t\t\t\t\t\t\t<div class=\"elementor-testimonial-content\">Possui gradua\u00e7\u00e3o em Engenharia Florestal (2003), Doutora em Ci\u00eancias Florestais (2011) pela Universidade Federal Rural de Pernambuco, atualmente \u00e9 Professora\/Pesquisadora Adjunta da Universidade Federal do Amap\u00e1. Tem experi\u00eancia na \u00e1rea de Recursos Florestais e Engenharia Florestal, com \u00eanfase em Bot\u00e2nica e Silvicultura, atuando principalmente nos seguintes temas: Morfologia e Taxonomia vegetal, Dendrologia, Ecologia florestal, Invent\u00e1rio e Manejo Florestal. Com experi\u00eancia em Montagem e Execu\u00e7\u00e3o de Projetos, Procedimentos de Herb\u00e1rio e Doc\u00eancia<\/div>\n\t\t\t\n\t\t\t\t\t<\/div>\n\t\t\t\t<\/div>\n\t\t\t\t<\/div>\n\t\t\t\t<div class=\"elementor-element elementor-element-6c1dcde elementor-widget elementor-widget-heading\" data-id=\"6c1dcde\" data-element_type=\"widget\" data-widget_type=\"heading.default\">\n\t\t\t\t<div class=\"elementor-widget-container\">\n\t\t\t<h2 class=\"elementor-heading-title elementor-size-medium\">P\u00e2mela S\u00e1<\/h2>\t\t<\/div>\n\t\t\t\t<\/div>\n\t\t\t\t<div class=\"elementor-element elementor-element-842ed13 elementor-widget elementor-widget-heading\" data-id=\"842ed13\" data-element_type=\"widget\" data-widget_type=\"heading.default\">\n\t\t\t\t<div class=\"elementor-widget-container\">\n\t\t\t<h2 class=\"elementor-heading-title elementor-size-small\">Engenharia Civil<\/h2>\t\t<\/div>\n\t\t\t\t<\/div>\n\t\t\t\t<div class=\"elementor-element elementor-element-da6638d elementor-widget elementor-widget-image\" data-id=\"da6638d\" data-element_type=\"widget\" data-widget_type=\"image.default\">\n\t\t\t\t<div class=\"elementor-widget-container\">\n\t\t\t\t\t\t\t\t\t\t\t\t\t\t\t<img decoding=\"async\" loading=\"lazy\" width=\"788\" height=\"788\" src=\"http:\/\/sites.unifap.br\/planodiretor\/wp-content\/uploads\/sites\/5\/2021\/07\/WhatsApp-Image-2021-05-18-at-18.21.36-1.jpeg\" class=\"attachment-full size-full wp-image-752\" alt=\"\" srcset=\"http:\/\/sites.unifap.br\/planodiretor\/wp-content\/uploads\/sites\/5\/2021\/07\/WhatsApp-Image-2021-05-18-at-18.21.36-1.jpeg 788w, http:\/\/sites.unifap.br\/planodiretor\/wp-content\/uploads\/sites\/5\/2021\/07\/WhatsApp-Image-2021-05-18-at-18.21.36-1-300x300.jpeg 300w, http:\/\/sites.unifap.br\/planodiretor\/wp-content\/uploads\/sites\/5\/2021\/07\/WhatsApp-Image-2021-05-18-at-18.21.36-1-150x150.jpeg 150w, http:\/\/sites.unifap.br\/planodiretor\/wp-content\/uploads\/sites\/5\/2021\/07\/WhatsApp-Image-2021-05-18-at-18.21.36-1-768x768.jpeg 768w\" sizes=\"(max-width: 788px) 100vw, 788px\" \/>\t\t\t\t\t\t\t\t\t\t\t\t\t\t\t<\/div>\n\t\t\t\t<\/div>\n\t\t\t\t<div class=\"elementor-element elementor-element-4da7c0c elementor-widget elementor-widget-testimonial\" data-id=\"4da7c0c\" data-element_type=\"widget\" data-widget_type=\"testimonial.default\">\n\t\t\t\t<div class=\"elementor-widget-container\">\n\t\t\t\t\t<div class=\"elementor-testimonial-wrapper\">\n\t\t\t\t\t\t\t<div class=\"elementor-testimonial-content\">Bacharel em Engenharia Ambiental pela Universidade do Estado do Amap\u00e1 - UEAP. Mestre em Engenharia Ambiental pela Universidade Tecnol\u00f3gica Federal do Paran\u00e1, c\u00e2mpus Londrina e Apucarana, com \u00eanfase em Saneamento B\u00e1sico. Atualmente \u00e9 Professora Efetiva do curso de Engenharia Civil da Universidade Federal do Amap\u00e1 na \u00e1rea de Recursos H\u00eddricos.<\/div>\n\t\t\t\n\t\t\t\t\t<\/div>\n\t\t\t\t<\/div>\n\t\t\t\t<\/div>\n\t\t\t\t<div class=\"elementor-element elementor-element-70b303e elementor-widget elementor-widget-heading\" data-id=\"70b303e\" data-element_type=\"widget\" data-widget_type=\"heading.default\">\n\t\t\t\t<div class=\"elementor-widget-container\">\n\t\t\t<h2 class=\"elementor-heading-title elementor-size-medium\">Regis Brito<\/h2>\t\t<\/div>\n\t\t\t\t<\/div>\n\t\t\t\t<div class=\"elementor-element elementor-element-da5b58f elementor-widget elementor-widget-heading\" data-id=\"da5b58f\" data-element_type=\"widget\" data-widget_type=\"heading.default\">\n\t\t\t\t<div class=\"elementor-widget-container\">\n\t\t\t<h2 class=\"elementor-heading-title elementor-size-small\">Engenharia Civil<\/h2>\t\t<\/div>\n\t\t\t\t<\/div>\n\t\t\t\t<div class=\"elementor-element elementor-element-addd193 elementor-widget elementor-widget-image\" data-id=\"addd193\" data-element_type=\"widget\" data-widget_type=\"image.default\">\n\t\t\t\t<div class=\"elementor-widget-container\">\n\t\t\t\t\t\t\t\t\t\t\t\t\t\t\t<img decoding=\"async\" loading=\"lazy\" width=\"159\" height=\"159\" src=\"http:\/\/sites.unifap.br\/planodiretor\/wp-content\/uploads\/sites\/5\/2021\/07\/Regis_3x4_200x160-1.jpg\" class=\"attachment-full size-full wp-image-755\" alt=\"\" srcset=\"http:\/\/sites.unifap.br\/planodiretor\/wp-content\/uploads\/sites\/5\/2021\/07\/Regis_3x4_200x160-1.jpg 159w, http:\/\/sites.unifap.br\/planodiretor\/wp-content\/uploads\/sites\/5\/2021\/07\/Regis_3x4_200x160-1-150x150.jpg 150w\" sizes=\"(max-width: 159px) 100vw, 159px\" \/>\t\t\t\t\t\t\t\t\t\t\t\t\t\t\t<\/div>\n\t\t\t\t<\/div>\n\t\t\t\t<div class=\"elementor-element elementor-element-78fd3af elementor-widget elementor-widget-testimonial\" data-id=\"78fd3af\" data-element_type=\"widget\" data-widget_type=\"testimonial.default\">\n\t\t\t\t<div class=\"elementor-widget-container\">\n\t\t\t\t\t<div class=\"elementor-testimonial-wrapper\">\n\t\t\t\t\t\t\t<div class=\"elementor-testimonial-content\">Doutorando em Engenharia Civil na \u00e1rea de concentra\u00e7\u00e3o de Recursos H\u00eddricos pela Universidade do Porto em Portugal. \u00c9 mestre em Engenharia e Gest\u00e3o Ambiental pela Universidade Fernando Pessoa em Portugal. Possui gradua\u00e7\u00e3o em Engenharia Civil pela Universidade de Alfenas (2000). Atualmente \u00e9 Professor Efetivo do curso de Engenharia Civil da Universidade Federal do Amap\u00e1 na \u00e1rea de Recursos H\u00eddricos. Tem experi\u00eancia na \u00e1rea de Engenharia Civil, com \u00eanfase em Estruturas de Concreto.<\/div>\n\t\t\t\n\t\t\t\t\t<\/div>\n\t\t\t\t<\/div>\n\t\t\t\t<\/div>\n\t\t\t\t<div class=\"elementor-element elementor-element-8d0b5c7 elementor-widget elementor-widget-heading\" data-id=\"8d0b5c7\" data-element_type=\"widget\" data-widget_type=\"heading.default\">\n\t\t\t\t<div class=\"elementor-widget-container\">\n\t\t\t<h2 class=\"elementor-heading-title elementor-size-medium\">Douglas Oliveira<\/h2>\t\t<\/div>\n\t\t\t\t<\/div>\n\t\t\t\t<div class=\"elementor-element elementor-element-1256331 elementor-widget elementor-widget-heading\" data-id=\"1256331\" data-element_type=\"widget\" data-widget_type=\"heading.default\">\n\t\t\t\t<div class=\"elementor-widget-container\">\n\t\t\t<h2 class=\"elementor-heading-title elementor-size-small\">Engenharia El\u00e9trica<\/h2>\t\t<\/div>\n\t\t\t\t<\/div>\n\t\t\t\t<div class=\"elementor-element elementor-element-843350a elementor-widget elementor-widget-image\" data-id=\"843350a\" data-element_type=\"widget\" data-widget_type=\"image.default\">\n\t\t\t\t<div class=\"elementor-widget-container\">\n\t\t\t\t\t\t\t\t\t\t\t\t\t\t\t<img decoding=\"async\" loading=\"lazy\" width=\"960\" height=\"960\" src=\"http:\/\/sites.unifap.br\/planodiretor\/wp-content\/uploads\/sites\/5\/2021\/07\/Douglas-fingindo-trabalhar.jpg\" class=\"attachment-full size-full wp-image-757\" alt=\"\" srcset=\"http:\/\/sites.unifap.br\/planodiretor\/wp-content\/uploads\/sites\/5\/2021\/07\/Douglas-fingindo-trabalhar.jpg 960w, http:\/\/sites.unifap.br\/planodiretor\/wp-content\/uploads\/sites\/5\/2021\/07\/Douglas-fingindo-trabalhar-300x300.jpg 300w, http:\/\/sites.unifap.br\/planodiretor\/wp-content\/uploads\/sites\/5\/2021\/07\/Douglas-fingindo-trabalhar-150x150.jpg 150w, http:\/\/sites.unifap.br\/planodiretor\/wp-content\/uploads\/sites\/5\/2021\/07\/Douglas-fingindo-trabalhar-768x768.jpg 768w\" sizes=\"(max-width: 960px) 100vw, 960px\" \/>\t\t\t\t\t\t\t\t\t\t\t\t\t\t\t<\/div>\n\t\t\t\t<\/div>\n\t\t\t\t<div class=\"elementor-element elementor-element-ce42006 elementor-widget elementor-widget-testimonial\" data-id=\"ce42006\" data-element_type=\"widget\" data-widget_type=\"testimonial.default\">\n\t\t\t\t<div class=\"elementor-widget-container\">\n\t\t\t\t\t<div class=\"elementor-testimonial-wrapper\">\n\t\t\t\t\t\t\t<div class=\"elementor-testimonial-content\">Professor na Universidade Federal do Amap\u00e1 (2017). Possui gradua\u00e7\u00e3o, mestrado e doutorado em Engenharia El\u00e9trica pela Universidade Federal do Par\u00e1 (2011), (2013) e (2017) , respectivamente, com \u00eanfase em Sistemas de Energia El\u00e9trica. Atualmente est\u00e1 como l\u00edder do grupo de Estudos em Sistemas de Energia da UNIFAP. Tem experi\u00eancia na \u00e1rea de Engenharia El\u00e9trica, com \u00eanfase Seguran\u00e7a de Sistemas El\u00e9tricos, Minera\u00e7\u00e3o de Dados aplicados em sistemas de pot\u00eancia, Estabilidade e Gera\u00e7\u00e3o Distribu\u00edda. Atualmente \u00e9 coordenador ponto focal do Mestrado Profissional em Propriedade Intelectual e Transfer\u00eancia de Tecnologia para Inova\u00e7\u00e3o (PROFNIT). \u00c9 membro do IEEE Power &amp; Energy Society.<span style=\"font-size: 1.3em\"><\/span><\/div>\n\t\t\t\n\t\t\t\t\t<\/div>\n\t\t\t\t<\/div>\n\t\t\t\t<\/div>\n\t\t\t\t<div class=\"elementor-element elementor-element-bc0da53 elementor-widget elementor-widget-heading\" data-id=\"bc0da53\" data-element_type=\"widget\" data-widget_type=\"heading.default\">\n\t\t\t\t<div class=\"elementor-widget-container\">\n\t\t\t<h2 class=\"elementor-heading-title elementor-size-medium\">Fernanda Smith<\/h2>\t\t<\/div>\n\t\t\t\t<\/div>\n\t\t\t\t<div class=\"elementor-element elementor-element-b218bee elementor-widget elementor-widget-heading\" data-id=\"b218bee\" data-element_type=\"widget\" data-widget_type=\"heading.default\">\n\t\t\t\t<div class=\"elementor-widget-container\">\n\t\t\t<h2 class=\"elementor-heading-title elementor-size-small\">Engenharia El\u00e9trica<\/h2>\t\t<\/div>\n\t\t\t\t<\/div>\n\t\t\t\t<div class=\"elementor-element elementor-element-b3e9ec7 elementor-widget elementor-widget-image\" data-id=\"b3e9ec7\" data-element_type=\"widget\" data-widget_type=\"image.default\">\n\t\t\t\t<div class=\"elementor-widget-container\">\n\t\t\t\t\t\t\t\t\t\t\t\t\t\t\t<img decoding=\"async\" loading=\"lazy\" width=\"826\" height=\"826\" src=\"http:\/\/sites.unifap.br\/planodiretor\/wp-content\/uploads\/sites\/5\/2021\/07\/FernandaSmith.jpg\" class=\"attachment-full size-full wp-image-760\" alt=\"\" srcset=\"http:\/\/sites.unifap.br\/planodiretor\/wp-content\/uploads\/sites\/5\/2021\/07\/FernandaSmith.jpg 826w, http:\/\/sites.unifap.br\/planodiretor\/wp-content\/uploads\/sites\/5\/2021\/07\/FernandaSmith-300x300.jpg 300w, http:\/\/sites.unifap.br\/planodiretor\/wp-content\/uploads\/sites\/5\/2021\/07\/FernandaSmith-150x150.jpg 150w, http:\/\/sites.unifap.br\/planodiretor\/wp-content\/uploads\/sites\/5\/2021\/07\/FernandaSmith-768x768.jpg 768w\" sizes=\"(max-width: 826px) 100vw, 826px\" \/>\t\t\t\t\t\t\t\t\t\t\t\t\t\t\t<\/div>\n\t\t\t\t<\/div>\n\t\t\t\t<div class=\"elementor-element elementor-element-ed1c676 elementor-widget elementor-widget-testimonial\" data-id=\"ed1c676\" data-element_type=\"widget\" data-widget_type=\"testimonial.default\">\n\t\t\t\t<div class=\"elementor-widget-container\">\n\t\t\t\t\t<div class=\"elementor-testimonial-wrapper\">\n\t\t\t\t\t\t\t<div class=\"elementor-testimonial-content\">Professora do Colegiado de Engenharia El\u00e9trica na Universidade Federal do Amap\u00e1 (UNIFAP). Possui gradua\u00e7\u00e3o em Engenharia El\u00e9trica pela Universidade Federal do Par\u00e1 (2007), mestrado em Engenharia El\u00e9trica pela Universidade Federal do Par\u00e1 (2011) e doutorado em Engenharia El\u00e9trica com \u00eanfase em Telecomunica\u00e7\u00f5es pela Universidade Federal do Par\u00e1 (2017). Tem experi\u00eancia na \u00e1rea de Telecomunica\u00e7\u00f5es, com \u00eanfase em Codifica\u00e7\u00e3o de Canal e Processamento Digital de Sinais.<\/div>\n\t\t\t\n\t\t\t\t\t<\/div>\n\t\t\t\t<\/div>\n\t\t\t\t<\/div>\n\t\t\t\t<div class=\"elementor-element elementor-element-e3d2825 elementor-widget elementor-widget-heading\" data-id=\"e3d2825\" data-element_type=\"widget\" data-widget_type=\"heading.default\">\n\t\t\t\t<div class=\"elementor-widget-container\">\n\t\t\t<h2 class=\"elementor-heading-title elementor-size-medium\">Tec. Eduardo Queiroz<\/h2>\t\t<\/div>\n\t\t\t\t<\/div>\n\t\t\t\t<div class=\"elementor-element elementor-element-29991a6 elementor-widget elementor-widget-heading\" data-id=\"29991a6\" data-element_type=\"widget\" data-widget_type=\"heading.default\">\n\t\t\t\t<div class=\"elementor-widget-container\">\n\t\t\t<h2 class=\"elementor-heading-title elementor-size-small\">Geografia<\/h2>\t\t<\/div>\n\t\t\t\t<\/div>\n\t\t\t\t<div class=\"elementor-element elementor-element-f5e1d97 elementor-widget elementor-widget-image\" data-id=\"f5e1d97\" data-element_type=\"widget\" data-widget_type=\"image.default\">\n\t\t\t\t<div class=\"elementor-widget-container\">\n\t\t\t\t\t\t\t\t\t\t\t\t\t\t\t<img decoding=\"async\" loading=\"lazy\" width=\"432\" height=\"432\" src=\"http:\/\/sites.unifap.br\/planodiretor\/wp-content\/uploads\/sites\/5\/2021\/07\/eduardo.jpeg\" class=\"attachment-full size-full wp-image-761\" alt=\"\" srcset=\"http:\/\/sites.unifap.br\/planodiretor\/wp-content\/uploads\/sites\/5\/2021\/07\/eduardo.jpeg 432w, http:\/\/sites.unifap.br\/planodiretor\/wp-content\/uploads\/sites\/5\/2021\/07\/eduardo-300x300.jpeg 300w, http:\/\/sites.unifap.br\/planodiretor\/wp-content\/uploads\/sites\/5\/2021\/07\/eduardo-150x150.jpeg 150w\" sizes=\"(max-width: 432px) 100vw, 432px\" \/>\t\t\t\t\t\t\t\t\t\t\t\t\t\t\t<\/div>\n\t\t\t\t<\/div>\n\t\t\t\t<div class=\"elementor-element elementor-element-9919d56 elementor-widget elementor-widget-testimonial\" data-id=\"9919d56\" data-element_type=\"widget\" data-widget_type=\"testimonial.default\">\n\t\t\t\t<div class=\"elementor-widget-container\">\n\t\t\t\t\t<div class=\"elementor-testimonial-wrapper\">\n\t\t\t\t\t\t\t<div class=\"elementor-testimonial-content\">Possui gradua\u00e7\u00e3o em Geografia pela Universidade Federal do Rio Grande do Norte - UFRN (2007) e mestrado em Geodin\u00e2mica pela Universidade Federal do Rio Grande do Norte - UFRN (2010). Especialista em Geoprocessamento e Cartografia Digital pela Universidade Federal do Rio Grande do Norte - UFRN. Especialista em Licenciamento Ambiental On Shore pelo conv\u00eanio entre a Ag\u00eancia Nacional do Petr\u00f3leo - ANA - e o Instituto Federal de Educa\u00e7\u00e3o Ci\u00eancia e Tecnologia do Rio Grande do Norte - IFRN. Apresenta experi\u00eancia nas \u00e1reas de cartografia digital, geoprocessamento, licenciamento ambiental, diagn\u00f3stico ambiental e estudos costeiros (din\u00e2mica costeira e processos erosivos) e Uso e Ocupa\u00e7\u00e3o do Solo. Atua como T\u00e9cnico do Laborat\u00f3rio de Geoprocessamento e Sensoriamento Remoto do curso de Geografia da Universidade Federal do Amap\u00e1 e doutorando em Geografia no Programa de P\u00f3s-Gradua\u00e7\u00e3o em Geografia da Universidade Federal de Goi\u00e1s.<\/div>\n\t\t\t\n\t\t\t\t\t<\/div>\n\t\t\t\t<\/div>\n\t\t\t\t<\/div>\n\t\t\t\t<div class=\"elementor-element elementor-element-1572c01 elementor-widget elementor-widget-heading\" data-id=\"1572c01\" data-element_type=\"widget\" data-widget_type=\"heading.default\">\n\t\t\t\t<div class=\"elementor-widget-container\">\n\t\t\t<h2 class=\"elementor-heading-title elementor-size-medium\">Fabiano Luis Bel\u00e9m<\/h2>\t\t<\/div>\n\t\t\t\t<\/div>\n\t\t\t\t<div class=\"elementor-element elementor-element-0680594 elementor-widget elementor-widget-heading\" data-id=\"0680594\" data-element_type=\"widget\" data-widget_type=\"heading.default\">\n\t\t\t\t<div class=\"elementor-widget-container\">\n\t\t\t<h2 class=\"elementor-heading-title elementor-size-small\">Geografia<\/h2>\t\t<\/div>\n\t\t\t\t<\/div>\n\t\t\t\t<div class=\"elementor-element elementor-element-da7b999 elementor-widget elementor-widget-image\" data-id=\"da7b999\" data-element_type=\"widget\" data-widget_type=\"image.default\">\n\t\t\t\t<div class=\"elementor-widget-container\">\n\t\t\t\t\t\t\t\t\t\t\t\t\t\t\t<img decoding=\"async\" loading=\"lazy\" width=\"317\" height=\"318\" src=\"http:\/\/sites.unifap.br\/planodiretor\/wp-content\/uploads\/sites\/5\/2021\/09\/fabiano.png\" class=\"attachment-full size-full wp-image-1532\" alt=\"\" srcset=\"http:\/\/sites.unifap.br\/planodiretor\/wp-content\/uploads\/sites\/5\/2021\/09\/fabiano.png 317w, http:\/\/sites.unifap.br\/planodiretor\/wp-content\/uploads\/sites\/5\/2021\/09\/fabiano-300x300.png 300w, http:\/\/sites.unifap.br\/planodiretor\/wp-content\/uploads\/sites\/5\/2021\/09\/fabiano-150x150.png 150w\" sizes=\"(max-width: 317px) 100vw, 317px\" \/>\t\t\t\t\t\t\t\t\t\t\t\t\t\t\t<\/div>\n\t\t\t\t<\/div>\n\t\t\t\t<div class=\"elementor-element elementor-element-8f74e84 elementor-widget elementor-widget-testimonial\" data-id=\"8f74e84\" data-element_type=\"widget\" data-widget_type=\"testimonial.default\">\n\t\t\t\t<div class=\"elementor-widget-container\">\n\t\t\t\t\t<div class=\"elementor-testimonial-wrapper\">\n\t\t\t\t\t\t\t<div class=\"elementor-testimonial-content\">Geografo pela Universidade Federal de Minas Gerais, especialista em geoprocessamento e mestre pela Universidade Federal de Rondonia. Atua na \u00e1rea de pesquisa em Geoprocessamento e Sensoriamento Remoto com objetivo de desenvolver modelos de an\u00e1lise geoestat\u00edstica e no desenvolvimento de programas de geoprocessamento. Trabalha nas \u00e1reas relacionadas a an\u00e1lise espacial, como , geoestat\u00edstica, sensoriamento remoto, processamento digitais de imagens aplicadas a imagens da terra, banco de dados geograf\u00edcos.<\/div>\n\t\t\t\n\t\t\t\t\t<\/div>\n\t\t\t\t<\/div>\n\t\t\t\t<\/div>\n\t\t\t\t\t<\/div>\n\t\t<\/div>\n\t\t\t\t\t\t\t<\/div>\n\t\t<\/section>\n\t\t\t\t\t<\/div>\n\t\t<\/div>\n\t\t\t\t\t\t\t<\/div>\n\t\t<\/section>\n\t\t\t\t<section class=\"elementor-section elementor-top-section elementor-element elementor-element-6f67a66 elementor-section-boxed elementor-section-height-default elementor-section-height-default\" data-id=\"6f67a66\" data-element_type=\"section\">\n\t\t\t\t\t\t<div class=\"elementor-container elementor-column-gap-default\">\n\t\t\t\t\t<div class=\"elementor-column elementor-col-100 elementor-top-column elementor-element elementor-element-bd34ba4\" data-id=\"bd34ba4\" data-element_type=\"column\">\n\t\t\t<div class=\"elementor-widget-wrap elementor-element-populated\">\n\t\t\t\t\t\t\t\t<div class=\"elementor-element elementor-element-c663aa9 elementor-widget elementor-widget-heading\" data-id=\"c663aa9\" data-element_type=\"widget\" id=\"estagiarios\" data-widget_type=\"heading.default\">\n\t\t\t\t<div class=\"elementor-widget-container\">\n\t\t\t<h2 class=\"elementor-heading-title elementor-size-default\">Estagi\u00e1rios\u200b<\/h2>\t\t<\/div>\n\t\t\t\t<\/div>\n\t\t\t\t<div class=\"elementor-element elementor-element-9ee5311 elementor-widget elementor-widget-text-editor\" data-id=\"9ee5311\" data-element_type=\"widget\" data-widget_type=\"text-editor.default\">\n\t\t\t\t<div class=\"elementor-widget-container\">\n\t\t\t\t\t\t\t\t\t\t\t\t\t<\/div>\n\t\t\t\t<\/div>\n\t\t\t\t\t<\/div>\n\t\t<\/div>\n\t\t\t\t\t\t\t<\/div>\n\t\t<\/section>\n\t\t\t\t<section class=\"elementor-section elementor-top-section elementor-element elementor-element-93e38e9 elementor-section-boxed elementor-section-height-default elementor-section-height-default\" data-id=\"93e38e9\" data-element_type=\"section\">\n\t\t\t\t\t\t<div class=\"elementor-container elementor-column-gap-default\">\n\t\t\t\t\t<div class=\"elementor-column elementor-col-33 elementor-top-column elementor-element elementor-element-62b8669\" data-id=\"62b8669\" data-element_type=\"column\">\n\t\t\t<div class=\"elementor-widget-wrap elementor-element-populated\">\n\t\t\t\t\t\t\t\t<div class=\"elementor-element elementor-element-bc372a8 elementor-widget elementor-widget-image\" data-id=\"bc372a8\" data-element_type=\"widget\" data-widget_type=\"image.default\">\n\t\t\t\t<div class=\"elementor-widget-container\">\n\t\t\t\t\t\t\t\t\t\t\t\t\t\t\t<img decoding=\"async\" loading=\"lazy\" width=\"606\" height=\"606\" src=\"http:\/\/sites.unifap.br\/planodiretor\/wp-content\/uploads\/sites\/5\/2021\/07\/Amanda-Soares.jpeg\" class=\"attachment-full size-full wp-image-763\" alt=\"\" srcset=\"http:\/\/sites.unifap.br\/planodiretor\/wp-content\/uploads\/sites\/5\/2021\/07\/Amanda-Soares.jpeg 606w, http:\/\/sites.unifap.br\/planodiretor\/wp-content\/uploads\/sites\/5\/2021\/07\/Amanda-Soares-300x300.jpeg 300w, http:\/\/sites.unifap.br\/planodiretor\/wp-content\/uploads\/sites\/5\/2021\/07\/Amanda-Soares-150x150.jpeg 150w\" sizes=\"(max-width: 606px) 100vw, 606px\" \/>\t\t\t\t\t\t\t\t\t\t\t\t\t\t\t<\/div>\n\t\t\t\t<\/div>\n\t\t\t\t<div class=\"elementor-element elementor-element-fce9b9a elementor-widget elementor-widget-testimonial\" data-id=\"fce9b9a\" data-element_type=\"widget\" data-widget_type=\"testimonial.default\">\n\t\t\t\t<div class=\"elementor-widget-container\">\n\t\t\t\t\t<div class=\"elementor-testimonial-wrapper\">\n\t\t\t\n\t\t\t\t\t\t<div class=\"elementor-testimonial-meta\">\n\t\t\t\t<div class=\"elementor-testimonial-meta-inner\">\n\t\t\t\t\t\n\t\t\t\t\t\t\t\t\t\t<div class=\"elementor-testimonial-details\">\n\t\t\t\t\t\t\t\t\t\t\t\t\t\t<div class=\"elementor-testimonial-name\">Amanda Soares<\/div>\n\t\t\t\t\t\t\t\t\t\t\t\t\t\t\t\t\t\t\t\t\t\t<div class=\"elementor-testimonial-job\">Arquitetura e Urbanismo<\/div>\n\t\t\t\t\t\t\t\t\t\t\t\t\t<\/div>\n\t\t\t\t\t\t\t\t\t<\/div>\n\t\t\t<\/div>\n\t\t\t\t\t<\/div>\n\t\t\t\t<\/div>\n\t\t\t\t<\/div>\n\t\t\t\t<div class=\"elementor-element elementor-element-35269f6 elementor-widget elementor-widget-image\" data-id=\"35269f6\" data-element_type=\"widget\" data-widget_type=\"image.default\">\n\t\t\t\t<div class=\"elementor-widget-container\">\n\t\t\t\t\t\t\t\t\t\t\t\t\t\t\t<img decoding=\"async\" loading=\"lazy\" width=\"640\" height=\"640\" src=\"http:\/\/sites.unifap.br\/planodiretor\/wp-content\/uploads\/sites\/5\/2021\/09\/WhatsApp-Image-2021-09-23-at-17.12.40.jpeg\" class=\"attachment-full size-full wp-image-1724\" alt=\"\" srcset=\"http:\/\/sites.unifap.br\/planodiretor\/wp-content\/uploads\/sites\/5\/2021\/09\/WhatsApp-Image-2021-09-23-at-17.12.40.jpeg 640w, http:\/\/sites.unifap.br\/planodiretor\/wp-content\/uploads\/sites\/5\/2021\/09\/WhatsApp-Image-2021-09-23-at-17.12.40-300x300.jpeg 300w, http:\/\/sites.unifap.br\/planodiretor\/wp-content\/uploads\/sites\/5\/2021\/09\/WhatsApp-Image-2021-09-23-at-17.12.40-150x150.jpeg 150w\" sizes=\"(max-width: 640px) 100vw, 640px\" \/>\t\t\t\t\t\t\t\t\t\t\t\t\t\t\t<\/div>\n\t\t\t\t<\/div>\n\t\t\t\t<div class=\"elementor-element elementor-element-6498d5f elementor-widget elementor-widget-testimonial\" data-id=\"6498d5f\" data-element_type=\"widget\" data-widget_type=\"testimonial.default\">\n\t\t\t\t<div class=\"elementor-widget-container\">\n\t\t\t\t\t<div class=\"elementor-testimonial-wrapper\">\n\t\t\t\n\t\t\t\t\t\t<div class=\"elementor-testimonial-meta\">\n\t\t\t\t<div class=\"elementor-testimonial-meta-inner\">\n\t\t\t\t\t\n\t\t\t\t\t\t\t\t\t\t<div class=\"elementor-testimonial-details\">\n\t\t\t\t\t\t\t\t\t\t\t\t\t\t<div class=\"elementor-testimonial-name\">Tha\u00eds Oliveira<\/div>\n\t\t\t\t\t\t\t\t\t\t\t\t\t\t\t\t\t\t\t\t\t\t<div class=\"elementor-testimonial-job\">Arquitetura e Urbanismo<\/div>\n\t\t\t\t\t\t\t\t\t\t\t\t\t<\/div>\n\t\t\t\t\t\t\t\t\t<\/div>\n\t\t\t<\/div>\n\t\t\t\t\t<\/div>\n\t\t\t\t<\/div>\n\t\t\t\t<\/div>\n\t\t\t\t<div class=\"elementor-element elementor-element-883ab5f elementor-widget elementor-widget-image\" data-id=\"883ab5f\" data-element_type=\"widget\" data-widget_type=\"image.default\">\n\t\t\t\t<div class=\"elementor-widget-container\">\n\t\t\t\t\t\t\t\t\t\t\t\t\t\t\t<img decoding=\"async\" loading=\"lazy\" width=\"955\" height=\"954\" src=\"http:\/\/sites.unifap.br\/planodiretor\/wp-content\/uploads\/sites\/5\/2021\/07\/Renata-Mayelle-sousa-Figueira.jpeg\" class=\"attachment-full size-full wp-image-766\" alt=\"\" srcset=\"http:\/\/sites.unifap.br\/planodiretor\/wp-content\/uploads\/sites\/5\/2021\/07\/Renata-Mayelle-sousa-Figueira.jpeg 955w, http:\/\/sites.unifap.br\/planodiretor\/wp-content\/uploads\/sites\/5\/2021\/07\/Renata-Mayelle-sousa-Figueira-300x300.jpeg 300w, http:\/\/sites.unifap.br\/planodiretor\/wp-content\/uploads\/sites\/5\/2021\/07\/Renata-Mayelle-sousa-Figueira-150x150.jpeg 150w, http:\/\/sites.unifap.br\/planodiretor\/wp-content\/uploads\/sites\/5\/2021\/07\/Renata-Mayelle-sousa-Figueira-768x767.jpeg 768w\" sizes=\"(max-width: 955px) 100vw, 955px\" \/>\t\t\t\t\t\t\t\t\t\t\t\t\t\t\t<\/div>\n\t\t\t\t<\/div>\n\t\t\t\t<div class=\"elementor-element elementor-element-7ba03c6 elementor-widget elementor-widget-testimonial\" data-id=\"7ba03c6\" data-element_type=\"widget\" data-widget_type=\"testimonial.default\">\n\t\t\t\t<div class=\"elementor-widget-container\">\n\t\t\t\t\t<div class=\"elementor-testimonial-wrapper\">\n\t\t\t\n\t\t\t\t\t\t<div class=\"elementor-testimonial-meta\">\n\t\t\t\t<div class=\"elementor-testimonial-meta-inner\">\n\t\t\t\t\t\n\t\t\t\t\t\t\t\t\t\t<div class=\"elementor-testimonial-details\">\n\t\t\t\t\t\t\t\t\t\t\t\t\t\t<div class=\"elementor-testimonial-name\">Renata Figueira<\/div>\n\t\t\t\t\t\t\t\t\t\t\t\t\t\t\t\t\t\t\t\t\t\t<div class=\"elementor-testimonial-job\">Ci\u00eancias Ambientais<\/div>\n\t\t\t\t\t\t\t\t\t\t\t\t\t<\/div>\n\t\t\t\t\t\t\t\t\t<\/div>\n\t\t\t<\/div>\n\t\t\t\t\t<\/div>\n\t\t\t\t<\/div>\n\t\t\t\t<\/div>\n\t\t\t\t<div class=\"elementor-element elementor-element-d176cf2 elementor-widget elementor-widget-image\" data-id=\"d176cf2\" data-element_type=\"widget\" data-widget_type=\"image.default\">\n\t\t\t\t<div class=\"elementor-widget-container\">\n\t\t\t\t\t\t\t\t\t\t\t\t\t\t\t<img decoding=\"async\" loading=\"lazy\" width=\"720\" height=\"719\" src=\"http:\/\/sites.unifap.br\/planodiretor\/wp-content\/uploads\/sites\/5\/2021\/07\/Natalia-Batista.jpeg\" class=\"attachment-full size-full wp-image-769\" alt=\"\" srcset=\"http:\/\/sites.unifap.br\/planodiretor\/wp-content\/uploads\/sites\/5\/2021\/07\/Natalia-Batista.jpeg 720w, http:\/\/sites.unifap.br\/planodiretor\/wp-content\/uploads\/sites\/5\/2021\/07\/Natalia-Batista-300x300.jpeg 300w, http:\/\/sites.unifap.br\/planodiretor\/wp-content\/uploads\/sites\/5\/2021\/07\/Natalia-Batista-150x150.jpeg 150w\" sizes=\"(max-width: 720px) 100vw, 720px\" \/>\t\t\t\t\t\t\t\t\t\t\t\t\t\t\t<\/div>\n\t\t\t\t<\/div>\n\t\t\t\t<div class=\"elementor-element elementor-element-06bb386 elementor-widget elementor-widget-testimonial\" data-id=\"06bb386\" data-element_type=\"widget\" data-widget_type=\"testimonial.default\">\n\t\t\t\t<div class=\"elementor-widget-container\">\n\t\t\t\t\t<div class=\"elementor-testimonial-wrapper\">\n\t\t\t\n\t\t\t\t\t\t<div class=\"elementor-testimonial-meta\">\n\t\t\t\t<div class=\"elementor-testimonial-meta-inner\">\n\t\t\t\t\t\n\t\t\t\t\t\t\t\t\t\t<div class=\"elementor-testimonial-details\">\n\t\t\t\t\t\t\t\t\t\t\t\t\t\t<div class=\"elementor-testimonial-name\">Nat\u00e1lia Batista<\/div>\n\t\t\t\t\t\t\t\t\t\t\t\t\t\t\t\t\t\t\t\t\t\t<div class=\"elementor-testimonial-job\">Geografia<\/div>\n\t\t\t\t\t\t\t\t\t\t\t\t\t<\/div>\n\t\t\t\t\t\t\t\t\t<\/div>\n\t\t\t<\/div>\n\t\t\t\t\t<\/div>\n\t\t\t\t<\/div>\n\t\t\t\t<\/div>\n\t\t\t\t<div class=\"elementor-element elementor-element-948928e elementor-widget elementor-widget-image\" data-id=\"948928e\" data-element_type=\"widget\" data-widget_type=\"image.default\">\n\t\t\t\t<div class=\"elementor-widget-container\">\n\t\t\t\t\t\t\t\t\t\t\t\t\t\t\t<img decoding=\"async\" loading=\"lazy\" width=\"640\" height=\"640\" src=\"http:\/\/sites.unifap.br\/planodiretor\/wp-content\/uploads\/sites\/5\/2021\/07\/Cesar-Palheta-Junior.jpg\" class=\"attachment-full size-full wp-image-772\" alt=\"\" srcset=\"http:\/\/sites.unifap.br\/planodiretor\/wp-content\/uploads\/sites\/5\/2021\/07\/Cesar-Palheta-Junior.jpg 640w, http:\/\/sites.unifap.br\/planodiretor\/wp-content\/uploads\/sites\/5\/2021\/07\/Cesar-Palheta-Junior-300x300.jpg 300w, http:\/\/sites.unifap.br\/planodiretor\/wp-content\/uploads\/sites\/5\/2021\/07\/Cesar-Palheta-Junior-150x150.jpg 150w\" sizes=\"(max-width: 640px) 100vw, 640px\" \/>\t\t\t\t\t\t\t\t\t\t\t\t\t\t\t<\/div>\n\t\t\t\t<\/div>\n\t\t\t\t<div class=\"elementor-element elementor-element-7a17657 elementor-widget elementor-widget-testimonial\" data-id=\"7a17657\" data-element_type=\"widget\" data-widget_type=\"testimonial.default\">\n\t\t\t\t<div class=\"elementor-widget-container\">\n\t\t\t\t\t<div class=\"elementor-testimonial-wrapper\">\n\t\t\t\n\t\t\t\t\t\t<div class=\"elementor-testimonial-meta\">\n\t\t\t\t<div class=\"elementor-testimonial-meta-inner\">\n\t\t\t\t\t\n\t\t\t\t\t\t\t\t\t\t<div class=\"elementor-testimonial-details\">\n\t\t\t\t\t\t\t\t\t\t\t\t\t\t<div class=\"elementor-testimonial-name\">C\u00e9sar Palheta<\/div>\n\t\t\t\t\t\t\t\t\t\t\t\t\t\t\t\t\t\t\t\t\t\t<div class=\"elementor-testimonial-job\">Engenharia El\u00e9trica<\/div>\n\t\t\t\t\t\t\t\t\t\t\t\t\t<\/div>\n\t\t\t\t\t\t\t\t\t<\/div>\n\t\t\t<\/div>\n\t\t\t\t\t<\/div>\n\t\t\t\t<\/div>\n\t\t\t\t<\/div>\n\t\t\t\t\t<\/div>\n\t\t<\/div>\n\t\t\t\t<div class=\"elementor-column elementor-col-33 elementor-top-column elementor-element elementor-element-f901581\" data-id=\"f901581\" data-element_type=\"column\">\n\t\t\t<div class=\"elementor-widget-wrap elementor-element-populated\">\n\t\t\t\t\t\t\t\t<div class=\"elementor-element elementor-element-b1616b0 elementor-widget elementor-widget-image\" data-id=\"b1616b0\" data-element_type=\"widget\" data-widget_type=\"image.default\">\n\t\t\t\t<div class=\"elementor-widget-container\">\n\t\t\t\t\t\t\t\t\t\t\t\t\t\t\t<img decoding=\"async\" loading=\"lazy\" width=\"937\" height=\"937\" src=\"http:\/\/sites.unifap.br\/planodiretor\/wp-content\/uploads\/sites\/5\/2021\/07\/Joao-Pereira.jpg\" class=\"attachment-full size-full wp-image-764\" alt=\"\" srcset=\"http:\/\/sites.unifap.br\/planodiretor\/wp-content\/uploads\/sites\/5\/2021\/07\/Joao-Pereira.jpg 937w, http:\/\/sites.unifap.br\/planodiretor\/wp-content\/uploads\/sites\/5\/2021\/07\/Joao-Pereira-300x300.jpg 300w, http:\/\/sites.unifap.br\/planodiretor\/wp-content\/uploads\/sites\/5\/2021\/07\/Joao-Pereira-150x150.jpg 150w, http:\/\/sites.unifap.br\/planodiretor\/wp-content\/uploads\/sites\/5\/2021\/07\/Joao-Pereira-768x768.jpg 768w\" sizes=\"(max-width: 937px) 100vw, 937px\" \/>\t\t\t\t\t\t\t\t\t\t\t\t\t\t\t<\/div>\n\t\t\t\t<\/div>\n\t\t\t\t<div class=\"elementor-element elementor-element-c49d37c elementor-widget elementor-widget-testimonial\" data-id=\"c49d37c\" data-element_type=\"widget\" data-widget_type=\"testimonial.default\">\n\t\t\t\t<div class=\"elementor-widget-container\">\n\t\t\t\t\t<div class=\"elementor-testimonial-wrapper\">\n\t\t\t\n\t\t\t\t\t\t<div class=\"elementor-testimonial-meta\">\n\t\t\t\t<div class=\"elementor-testimonial-meta-inner\">\n\t\t\t\t\t\n\t\t\t\t\t\t\t\t\t\t<div class=\"elementor-testimonial-details\">\n\t\t\t\t\t\t\t\t\t\t\t\t\t\t<div class=\"elementor-testimonial-name\">Jo\u00e3o Pereira<\/div>\n\t\t\t\t\t\t\t\t\t\t\t\t\t\t\t\t\t\t\t\t\t\t<div class=\"elementor-testimonial-job\">Arquitetura e Urbanismo<\/div>\n\t\t\t\t\t\t\t\t\t\t\t\t\t<\/div>\n\t\t\t\t\t\t\t\t\t<\/div>\n\t\t\t<\/div>\n\t\t\t\t\t<\/div>\n\t\t\t\t<\/div>\n\t\t\t\t<\/div>\n\t\t\t\t<div class=\"elementor-element elementor-element-a68119f elementor-widget elementor-widget-image\" data-id=\"a68119f\" data-element_type=\"widget\" data-widget_type=\"image.default\">\n\t\t\t\t<div class=\"elementor-widget-container\">\n\t\t\t\t\t\t\t\t\t\t\t\t\t\t\t<img decoding=\"async\" loading=\"lazy\" width=\"713\" height=\"713\" src=\"http:\/\/sites.unifap.br\/planodiretor\/wp-content\/uploads\/sites\/5\/2021\/07\/Laryssa-foto.jpg\" class=\"attachment-full size-full wp-image-767\" alt=\"\" srcset=\"http:\/\/sites.unifap.br\/planodiretor\/wp-content\/uploads\/sites\/5\/2021\/07\/Laryssa-foto.jpg 713w, http:\/\/sites.unifap.br\/planodiretor\/wp-content\/uploads\/sites\/5\/2021\/07\/Laryssa-foto-300x300.jpg 300w, http:\/\/sites.unifap.br\/planodiretor\/wp-content\/uploads\/sites\/5\/2021\/07\/Laryssa-foto-150x150.jpg 150w\" sizes=\"(max-width: 713px) 100vw, 713px\" \/>\t\t\t\t\t\t\t\t\t\t\t\t\t\t\t<\/div>\n\t\t\t\t<\/div>\n\t\t\t\t<div class=\"elementor-element elementor-element-e696e9f elementor-widget elementor-widget-testimonial\" data-id=\"e696e9f\" data-element_type=\"widget\" data-widget_type=\"testimonial.default\">\n\t\t\t\t<div class=\"elementor-widget-container\">\n\t\t\t\t\t<div class=\"elementor-testimonial-wrapper\">\n\t\t\t\n\t\t\t\t\t\t<div class=\"elementor-testimonial-meta\">\n\t\t\t\t<div class=\"elementor-testimonial-meta-inner\">\n\t\t\t\t\t\n\t\t\t\t\t\t\t\t\t\t<div class=\"elementor-testimonial-details\">\n\t\t\t\t\t\t\t\t\t\t\t\t\t\t<div class=\"elementor-testimonial-name\">Laryssa Sousa<\/div>\n\t\t\t\t\t\t\t\t\t\t\t\t\t\t\t\t\t\t\t\t\t\t<div class=\"elementor-testimonial-job\">Ci\u00eancias Biol\u00f3gicas<\/div>\n\t\t\t\t\t\t\t\t\t\t\t\t\t<\/div>\n\t\t\t\t\t\t\t\t\t<\/div>\n\t\t\t<\/div>\n\t\t\t\t\t<\/div>\n\t\t\t\t<\/div>\n\t\t\t\t<\/div>\n\t\t\t\t<div class=\"elementor-element elementor-element-b545e71 elementor-widget elementor-widget-image\" data-id=\"b545e71\" data-element_type=\"widget\" data-widget_type=\"image.default\">\n\t\t\t\t<div class=\"elementor-widget-container\">\n\t\t\t\t\t\t\t\t\t\t\t\t\t\t\t<img decoding=\"async\" loading=\"lazy\" width=\"960\" height=\"960\" src=\"http:\/\/sites.unifap.br\/planodiretor\/wp-content\/uploads\/sites\/5\/2021\/07\/Brendell-Russo.jpg\" class=\"attachment-full size-full wp-image-770\" alt=\"\" srcset=\"http:\/\/sites.unifap.br\/planodiretor\/wp-content\/uploads\/sites\/5\/2021\/07\/Brendell-Russo.jpg 960w, http:\/\/sites.unifap.br\/planodiretor\/wp-content\/uploads\/sites\/5\/2021\/07\/Brendell-Russo-300x300.jpg 300w, http:\/\/sites.unifap.br\/planodiretor\/wp-content\/uploads\/sites\/5\/2021\/07\/Brendell-Russo-150x150.jpg 150w, http:\/\/sites.unifap.br\/planodiretor\/wp-content\/uploads\/sites\/5\/2021\/07\/Brendell-Russo-768x768.jpg 768w\" sizes=\"(max-width: 960px) 100vw, 960px\" \/>\t\t\t\t\t\t\t\t\t\t\t\t\t\t\t<\/div>\n\t\t\t\t<\/div>\n\t\t\t\t<div class=\"elementor-element elementor-element-50fa85c elementor-widget elementor-widget-testimonial\" data-id=\"50fa85c\" data-element_type=\"widget\" data-widget_type=\"testimonial.default\">\n\t\t\t\t<div class=\"elementor-widget-container\">\n\t\t\t\t\t<div class=\"elementor-testimonial-wrapper\">\n\t\t\t\n\t\t\t\t\t\t<div class=\"elementor-testimonial-meta\">\n\t\t\t\t<div class=\"elementor-testimonial-meta-inner\">\n\t\t\t\t\t\n\t\t\t\t\t\t\t\t\t\t<div class=\"elementor-testimonial-details\">\n\t\t\t\t\t\t\t\t\t\t\t\t\t\t<div class=\"elementor-testimonial-name\">Brendell Russo<\/div>\n\t\t\t\t\t\t\t\t\t\t\t\t\t\t\t\t\t\t\t\t\t\t<div class=\"elementor-testimonial-job\">Engenharia Civil<\/div>\n\t\t\t\t\t\t\t\t\t\t\t\t\t<\/div>\n\t\t\t\t\t\t\t\t\t<\/div>\n\t\t\t<\/div>\n\t\t\t\t\t<\/div>\n\t\t\t\t<\/div>\n\t\t\t\t<\/div>\n\t\t\t\t<div class=\"elementor-element elementor-element-5f50ee7 elementor-widget elementor-widget-image\" data-id=\"5f50ee7\" data-element_type=\"widget\" data-widget_type=\"image.default\">\n\t\t\t\t<div class=\"elementor-widget-container\">\n\t\t\t\t\t\t\t\t\t\t\t\t\t\t\t<img decoding=\"async\" loading=\"lazy\" width=\"2017\" height=\"2017\" src=\"http:\/\/sites.unifap.br\/planodiretor\/wp-content\/uploads\/sites\/5\/2021\/07\/amanda-fernandes-1.jpg\" class=\"attachment-full size-full wp-image-773\" alt=\"\" srcset=\"http:\/\/sites.unifap.br\/planodiretor\/wp-content\/uploads\/sites\/5\/2021\/07\/amanda-fernandes-1.jpg 2017w, http:\/\/sites.unifap.br\/planodiretor\/wp-content\/uploads\/sites\/5\/2021\/07\/amanda-fernandes-1-300x300.jpg 300w, http:\/\/sites.unifap.br\/planodiretor\/wp-content\/uploads\/sites\/5\/2021\/07\/amanda-fernandes-1-1024x1024.jpg 1024w, http:\/\/sites.unifap.br\/planodiretor\/wp-content\/uploads\/sites\/5\/2021\/07\/amanda-fernandes-1-150x150.jpg 150w, http:\/\/sites.unifap.br\/planodiretor\/wp-content\/uploads\/sites\/5\/2021\/07\/amanda-fernandes-1-768x768.jpg 768w, http:\/\/sites.unifap.br\/planodiretor\/wp-content\/uploads\/sites\/5\/2021\/07\/amanda-fernandes-1-1536x1536.jpg 1536w\" sizes=\"(max-width: 2017px) 100vw, 2017px\" \/>\t\t\t\t\t\t\t\t\t\t\t\t\t\t\t<\/div>\n\t\t\t\t<\/div>\n\t\t\t\t<div class=\"elementor-element elementor-element-c2bc3e5 elementor-widget elementor-widget-testimonial\" data-id=\"c2bc3e5\" data-element_type=\"widget\" data-widget_type=\"testimonial.default\">\n\t\t\t\t<div class=\"elementor-widget-container\">\n\t\t\t\t\t<div class=\"elementor-testimonial-wrapper\">\n\t\t\t\n\t\t\t\t\t\t<div class=\"elementor-testimonial-meta\">\n\t\t\t\t<div class=\"elementor-testimonial-meta-inner\">\n\t\t\t\t\t\n\t\t\t\t\t\t\t\t\t\t<div class=\"elementor-testimonial-details\">\n\t\t\t\t\t\t\t\t\t\t\t\t\t\t<div class=\"elementor-testimonial-name\">Amanda Fernandes<\/div>\n\t\t\t\t\t\t\t\t\t\t\t\t\t\t\t\t\t\t\t\t\t\t<div class=\"elementor-testimonial-job\">Engenharia El\u00e9trica<\/div>\n\t\t\t\t\t\t\t\t\t\t\t\t\t<\/div>\n\t\t\t\t\t\t\t\t\t<\/div>\n\t\t\t<\/div>\n\t\t\t\t\t<\/div>\n\t\t\t\t<\/div>\n\t\t\t\t<\/div>\n\t\t\t\t<div class=\"elementor-element elementor-element-99fb900 elementor-widget elementor-widget-image\" data-id=\"99fb900\" data-element_type=\"widget\" data-widget_type=\"image.default\">\n\t\t\t\t<div class=\"elementor-widget-container\">\n\t\t\t\t\t\t\t\t\t\t\t\t\t\t\t<img decoding=\"async\" loading=\"lazy\" width=\"1511\" height=\"1512\" src=\"http:\/\/sites.unifap.br\/planodiretor\/wp-content\/uploads\/sites\/5\/2021\/07\/Iannique-Meneses-Gomes.jpg\" class=\"attachment-full size-full wp-image-775\" alt=\"\" srcset=\"http:\/\/sites.unifap.br\/planodiretor\/wp-content\/uploads\/sites\/5\/2021\/07\/Iannique-Meneses-Gomes.jpg 1511w, http:\/\/sites.unifap.br\/planodiretor\/wp-content\/uploads\/sites\/5\/2021\/07\/Iannique-Meneses-Gomes-300x300.jpg 300w, http:\/\/sites.unifap.br\/planodiretor\/wp-content\/uploads\/sites\/5\/2021\/07\/Iannique-Meneses-Gomes-1024x1024.jpg 1024w, http:\/\/sites.unifap.br\/planodiretor\/wp-content\/uploads\/sites\/5\/2021\/07\/Iannique-Meneses-Gomes-150x150.jpg 150w, http:\/\/sites.unifap.br\/planodiretor\/wp-content\/uploads\/sites\/5\/2021\/07\/Iannique-Meneses-Gomes-768x769.jpg 768w\" sizes=\"(max-width: 1511px) 100vw, 1511px\" \/>\t\t\t\t\t\t\t\t\t\t\t\t\t\t\t<\/div>\n\t\t\t\t<\/div>\n\t\t\t\t<div class=\"elementor-element elementor-element-a098cbf elementor-widget elementor-widget-testimonial\" data-id=\"a098cbf\" data-element_type=\"widget\" data-widget_type=\"testimonial.default\">\n\t\t\t\t<div class=\"elementor-widget-container\">\n\t\t\t\t\t<div class=\"elementor-testimonial-wrapper\">\n\t\t\t\n\t\t\t\t\t\t<div class=\"elementor-testimonial-meta\">\n\t\t\t\t<div class=\"elementor-testimonial-meta-inner\">\n\t\t\t\t\t\n\t\t\t\t\t\t\t\t\t\t<div class=\"elementor-testimonial-details\">\n\t\t\t\t\t\t\t\t\t\t\t\t\t\t<div class=\"elementor-testimonial-name\">Iannique Meneses<\/div>\n\t\t\t\t\t\t\t\t\t\t\t\t\t\t\t\t\t\t\t\t\t\t<div class=\"elementor-testimonial-job\">Jornalismo<\/div>\n\t\t\t\t\t\t\t\t\t\t\t\t\t<\/div>\n\t\t\t\t\t\t\t\t\t<\/div>\n\t\t\t<\/div>\n\t\t\t\t\t<\/div>\n\t\t\t\t<\/div>\n\t\t\t\t<\/div>\n\t\t\t\t\t<\/div>\n\t\t<\/div>\n\t\t\t\t<div class=\"elementor-column elementor-col-33 elementor-top-column elementor-element elementor-element-afc48c6\" data-id=\"afc48c6\" data-element_type=\"column\">\n\t\t\t<div class=\"elementor-widget-wrap elementor-element-populated\">\n\t\t\t\t\t\t\t\t<div class=\"elementor-element elementor-element-e5c4474 elementor-widget elementor-widget-image\" data-id=\"e5c4474\" data-element_type=\"widget\" data-widget_type=\"image.default\">\n\t\t\t\t<div class=\"elementor-widget-container\">\n\t\t\t\t\t\t\t\t\t\t\t\t\t\t\t<img decoding=\"async\" loading=\"lazy\" width=\"385\" height=\"385\" src=\"http:\/\/sites.unifap.br\/planodiretor\/wp-content\/uploads\/sites\/5\/2021\/07\/simily_serique_arquiteturaeurbanismo.jpg\" class=\"attachment-full size-full wp-image-765\" alt=\"\" srcset=\"http:\/\/sites.unifap.br\/planodiretor\/wp-content\/uploads\/sites\/5\/2021\/07\/simily_serique_arquiteturaeurbanismo.jpg 385w, http:\/\/sites.unifap.br\/planodiretor\/wp-content\/uploads\/sites\/5\/2021\/07\/simily_serique_arquiteturaeurbanismo-300x300.jpg 300w, http:\/\/sites.unifap.br\/planodiretor\/wp-content\/uploads\/sites\/5\/2021\/07\/simily_serique_arquiteturaeurbanismo-150x150.jpg 150w\" sizes=\"(max-width: 385px) 100vw, 385px\" \/>\t\t\t\t\t\t\t\t\t\t\t\t\t\t\t<\/div>\n\t\t\t\t<\/div>\n\t\t\t\t<div class=\"elementor-element elementor-element-be82b94 elementor-widget elementor-widget-testimonial\" data-id=\"be82b94\" data-element_type=\"widget\" data-widget_type=\"testimonial.default\">\n\t\t\t\t<div class=\"elementor-widget-container\">\n\t\t\t\t\t<div class=\"elementor-testimonial-wrapper\">\n\t\t\t\n\t\t\t\t\t\t<div class=\"elementor-testimonial-meta\">\n\t\t\t\t<div class=\"elementor-testimonial-meta-inner\">\n\t\t\t\t\t\n\t\t\t\t\t\t\t\t\t\t<div class=\"elementor-testimonial-details\">\n\t\t\t\t\t\t\t\t\t\t\t\t\t\t<div class=\"elementor-testimonial-name\">S\u00edmily Serique<\/div>\n\t\t\t\t\t\t\t\t\t\t\t\t\t\t\t\t\t\t\t\t\t\t<div class=\"elementor-testimonial-job\">Arquitetura e Urbanismo<\/div>\n\t\t\t\t\t\t\t\t\t\t\t\t\t<\/div>\n\t\t\t\t\t\t\t\t\t<\/div>\n\t\t\t<\/div>\n\t\t\t\t\t<\/div>\n\t\t\t\t<\/div>\n\t\t\t\t<\/div>\n\t\t\t\t<div class=\"elementor-element elementor-element-38d92d9 elementor-widget elementor-widget-image\" data-id=\"38d92d9\" data-element_type=\"widget\" data-widget_type=\"image.default\">\n\t\t\t\t<div class=\"elementor-widget-container\">\n\t\t\t\t\t\t\t\t\t\t\t\t\t\t\t<img decoding=\"async\" loading=\"lazy\" width=\"959\" height=\"959\" src=\"http:\/\/sites.unifap.br\/planodiretor\/wp-content\/uploads\/sites\/5\/2021\/07\/maiara_santos.jpg\" class=\"attachment-full size-full wp-image-768\" alt=\"\" srcset=\"http:\/\/sites.unifap.br\/planodiretor\/wp-content\/uploads\/sites\/5\/2021\/07\/maiara_santos.jpg 959w, http:\/\/sites.unifap.br\/planodiretor\/wp-content\/uploads\/sites\/5\/2021\/07\/maiara_santos-300x300.jpg 300w, http:\/\/sites.unifap.br\/planodiretor\/wp-content\/uploads\/sites\/5\/2021\/07\/maiara_santos-150x150.jpg 150w, http:\/\/sites.unifap.br\/planodiretor\/wp-content\/uploads\/sites\/5\/2021\/07\/maiara_santos-768x768.jpg 768w\" sizes=\"(max-width: 959px) 100vw, 959px\" \/>\t\t\t\t\t\t\t\t\t\t\t\t\t\t\t<\/div>\n\t\t\t\t<\/div>\n\t\t\t\t<div class=\"elementor-element elementor-element-0120028 elementor-widget elementor-widget-testimonial\" data-id=\"0120028\" data-element_type=\"widget\" data-widget_type=\"testimonial.default\">\n\t\t\t\t<div class=\"elementor-widget-container\">\n\t\t\t\t\t<div class=\"elementor-testimonial-wrapper\">\n\t\t\t\n\t\t\t\t\t\t<div class=\"elementor-testimonial-meta\">\n\t\t\t\t<div class=\"elementor-testimonial-meta-inner\">\n\t\t\t\t\t\n\t\t\t\t\t\t\t\t\t\t<div class=\"elementor-testimonial-details\">\n\t\t\t\t\t\t\t\t\t\t\t\t\t\t<div class=\"elementor-testimonial-name\">Maiara Priscila<\/div>\n\t\t\t\t\t\t\t\t\t\t\t\t\t\t\t\t\t\t\t\t\t\t<div class=\"elementor-testimonial-job\">Ci\u00eancia da Computa\u00e7\u00e3o<\/div>\n\t\t\t\t\t\t\t\t\t\t\t\t\t<\/div>\n\t\t\t\t\t\t\t\t\t<\/div>\n\t\t\t<\/div>\n\t\t\t\t\t<\/div>\n\t\t\t\t<\/div>\n\t\t\t\t<\/div>\n\t\t\t\t<div class=\"elementor-element elementor-element-d762080 elementor-widget elementor-widget-image\" data-id=\"d762080\" data-element_type=\"widget\" data-widget_type=\"image.default\">\n\t\t\t\t<div class=\"elementor-widget-container\">\n\t\t\t\t\t\t\t\t\t\t\t\t\t\t\t<img decoding=\"async\" loading=\"lazy\" width=\"1489\" height=\"1489\" src=\"http:\/\/sites.unifap.br\/planodiretor\/wp-content\/uploads\/sites\/5\/2021\/07\/Julio-Amaral.jpg\" class=\"attachment-full size-full wp-image-771\" alt=\"\" srcset=\"http:\/\/sites.unifap.br\/planodiretor\/wp-content\/uploads\/sites\/5\/2021\/07\/Julio-Amaral.jpg 1489w, http:\/\/sites.unifap.br\/planodiretor\/wp-content\/uploads\/sites\/5\/2021\/07\/Julio-Amaral-300x300.jpg 300w, http:\/\/sites.unifap.br\/planodiretor\/wp-content\/uploads\/sites\/5\/2021\/07\/Julio-Amaral-1024x1024.jpg 1024w, http:\/\/sites.unifap.br\/planodiretor\/wp-content\/uploads\/sites\/5\/2021\/07\/Julio-Amaral-150x150.jpg 150w, http:\/\/sites.unifap.br\/planodiretor\/wp-content\/uploads\/sites\/5\/2021\/07\/Julio-Amaral-768x768.jpg 768w\" sizes=\"(max-width: 1489px) 100vw, 1489px\" \/>\t\t\t\t\t\t\t\t\t\t\t\t\t\t\t<\/div>\n\t\t\t\t<\/div>\n\t\t\t\t<div class=\"elementor-element elementor-element-b096e6c elementor-widget elementor-widget-testimonial\" data-id=\"b096e6c\" data-element_type=\"widget\" data-widget_type=\"testimonial.default\">\n\t\t\t\t<div class=\"elementor-widget-container\">\n\t\t\t\t\t<div class=\"elementor-testimonial-wrapper\">\n\t\t\t\n\t\t\t\t\t\t<div class=\"elementor-testimonial-meta\">\n\t\t\t\t<div class=\"elementor-testimonial-meta-inner\">\n\t\t\t\t\t\n\t\t\t\t\t\t\t\t\t\t<div class=\"elementor-testimonial-details\">\n\t\t\t\t\t\t\t\t\t\t\t\t\t\t<div class=\"elementor-testimonial-name\">J\u00falio Amaral<\/div>\n\t\t\t\t\t\t\t\t\t\t\t\t\t\t\t\t\t\t\t\t\t\t<div class=\"elementor-testimonial-job\">Engenharia Civil<\/div>\n\t\t\t\t\t\t\t\t\t\t\t\t\t<\/div>\n\t\t\t\t\t\t\t\t\t<\/div>\n\t\t\t<\/div>\n\t\t\t\t\t<\/div>\n\t\t\t\t<\/div>\n\t\t\t\t<\/div>\n\t\t\t\t<div class=\"elementor-element elementor-element-601ef71 elementor-widget elementor-widget-image\" data-id=\"601ef71\" data-element_type=\"widget\" data-widget_type=\"image.default\">\n\t\t\t\t<div class=\"elementor-widget-container\">\n\t\t\t\t\t\t\t\t\t\t\t\t\t\t\t<img decoding=\"async\" loading=\"lazy\" width=\"720\" height=\"723\" src=\"http:\/\/sites.unifap.br\/planodiretor\/wp-content\/uploads\/sites\/5\/2021\/07\/Raylon-Simoes.jpg\" class=\"attachment-full size-full wp-image-774\" alt=\"\" srcset=\"http:\/\/sites.unifap.br\/planodiretor\/wp-content\/uploads\/sites\/5\/2021\/07\/Raylon-Simoes.jpg 720w, http:\/\/sites.unifap.br\/planodiretor\/wp-content\/uploads\/sites\/5\/2021\/07\/Raylon-Simoes-300x300.jpg 300w, http:\/\/sites.unifap.br\/planodiretor\/wp-content\/uploads\/sites\/5\/2021\/07\/Raylon-Simoes-150x150.jpg 150w\" sizes=\"(max-width: 720px) 100vw, 720px\" \/>\t\t\t\t\t\t\t\t\t\t\t\t\t\t\t<\/div>\n\t\t\t\t<\/div>\n\t\t\t\t<div class=\"elementor-element elementor-element-b9f1394 elementor-widget elementor-widget-testimonial\" data-id=\"b9f1394\" data-element_type=\"widget\" data-widget_type=\"testimonial.default\">\n\t\t\t\t<div class=\"elementor-widget-container\">\n\t\t\t\t\t<div class=\"elementor-testimonial-wrapper\">\n\t\t\t\n\t\t\t\t\t\t<div class=\"elementor-testimonial-meta\">\n\t\t\t\t<div class=\"elementor-testimonial-meta-inner\">\n\t\t\t\t\t\n\t\t\t\t\t\t\t\t\t\t<div class=\"elementor-testimonial-details\">\n\t\t\t\t\t\t\t\t\t\t\t\t\t\t<div class=\"elementor-testimonial-name\">Raylon Sim\u00f5es<\/div>\n\t\t\t\t\t\t\t\t\t\t\t\t\t\t\t\t\t\t\t\t\t\t<div class=\"elementor-testimonial-job\">Hist\u00f3ria<\/div>\n\t\t\t\t\t\t\t\t\t\t\t\t\t<\/div>\n\t\t\t\t\t\t\t\t\t<\/div>\n\t\t\t<\/div>\n\t\t\t\t\t<\/div>\n\t\t\t\t<\/div>\n\t\t\t\t<\/div>\n\t\t\t\t\t<\/div>\n\t\t<\/div>\n\t\t\t\t\t\t\t<\/div>\n\t\t<\/section>\n\t\t\t\t\t\t\t<\/div>\n\t\t","protected":false},"excerpt":{"rendered":"<p>Equipe \u00a0 \u00a0 \u00a0 \u00a0 \u00a0 \u00a0Com foco na integra\u00e7\u00e3o e cooperatividade entre a comunidade acad\u00eamica, a constru\u00e7\u00e3o do Plano Diretor Participativo Campus Marco Zero reuniu membros das mais diversas \u00e1reas e cursos da UNIFAP. Composto pela coordena\u00e7\u00e3o, colaboradores e estagi\u00e1rios. Coordena\u00e7\u00e3o Cristina Baddini Coordenadora Possui Mestrado em Engenharia de Transporte pela Universidade Federal do &hellip;<\/p>\n<p class=\"read-more\"> <a class=\"\" href=\"http:\/\/sites.unifap.br\/planodiretor\/equipe\/\"> <span class=\"screen-reader-text\">Equipe<\/span> Leia mais &raquo;<\/a><\/p>\n","protected":false},"author":4,"featured_media":0,"parent":0,"menu_order":0,"comment_status":"closed","ping_status":"closed","template":"elementor_header_footer","meta":{"site-sidebar-layout":"default","site-content-layout":"page-builder","ast-site-content-layout":"","site-content-style":"default","site-sidebar-style":"default","ast-global-header-display":"","ast-banner-title-visibility":"","ast-main-header-display":"","ast-hfb-above-header-display":"","ast-hfb-below-header-display":"","ast-hfb-mobile-header-display":"","site-post-title":"","ast-breadcrumbs-content":"","ast-featured-img":"","footer-sml-layout":"","theme-transparent-header-meta":"default","adv-header-id-meta":"","stick-header-meta":"","header-above-stick-meta":"","header-main-stick-meta":"","header-below-stick-meta":"","astra-migrate-meta-layouts":"","ast-page-background-enabled":"default","ast-page-background-meta":{"desktop":{"background-color":"","background-image":"","background-repeat":"repeat","background-position":"center center","background-size":"auto","background-attachment":"scroll","background-type":"","background-media":"","overlay-type":"","overlay-color":"","overlay-gradient":""},"tablet":{"background-color":"","background-image":"","background-repeat":"repeat","background-position":"center center","background-size":"auto","background-attachment":"scroll","background-type":"","background-media":"","overlay-type":"","overlay-color":"","overlay-gradient":""},"mobile":{"background-color":"","background-image":"","background-repeat":"repeat","background-position":"center center","background-size":"auto","background-attachment":"scroll","background-type":"","background-media":"","overlay-type":"","overlay-color":"","overlay-gradient":""}},"ast-content-background-meta":{"desktop":{"background-color":"var(--ast-global-color-5)","background-image":"","background-repeat":"repeat","background-position":"center center","background-size":"auto","background-attachment":"scroll","background-type":"","background-media":"","overlay-type":"","overlay-color":"","overlay-gradient":""},"tablet":{"background-color":"var(--ast-global-color-5)","background-image":"","background-repeat":"repeat","background-position":"center center","background-size":"auto","background-attachment":"scroll","background-type":"","background-media":"","overlay-type":"","overlay-color":"","overlay-gradient":""},"mobile":{"background-color":"var(--ast-global-color-5)","background-image":"","background-repeat":"repeat","background-position":"center center","background-size":"auto","background-attachment":"scroll","background-type":"","background-media":"","overlay-type":"","overlay-color":"","overlay-gradient":""}},"footnotes":""},"_links":{"self":[{"href":"http:\/\/sites.unifap.br\/planodiretor\/wp-json\/wp\/v2\/pages\/46"}],"collection":[{"href":"http:\/\/sites.unifap.br\/planodiretor\/wp-json\/wp\/v2\/pages"}],"about":[{"href":"http:\/\/sites.unifap.br\/planodiretor\/wp-json\/wp\/v2\/types\/page"}],"author":[{"embeddable":true,"href":"http:\/\/sites.unifap.br\/planodiretor\/wp-json\/wp\/v2\/users\/4"}],"replies":[{"embeddable":true,"href":"http:\/\/sites.unifap.br\/planodiretor\/wp-json\/wp\/v2\/comments?post=46"}],"version-history":[{"count":136,"href":"http:\/\/sites.unifap.br\/planodiretor\/wp-json\/wp\/v2\/pages\/46\/revisions"}],"predecessor-version":[{"id":2402,"href":"http:\/\/sites.unifap.br\/planodiretor\/wp-json\/wp\/v2\/pages\/46\/revisions\/2402"}],"wp:attachment":[{"href":"http:\/\/sites.unifap.br\/planodiretor\/wp-json\/wp\/v2\/media?parent=46"}],"curies":[{"name":"wp","href":"https:\/\/api.w.org\/{rel}","templated":true}]}}