{"id":99,"date":"2021-07-12T19:11:13","date_gmt":"2021-07-12T22:11:13","guid":{"rendered":"http:\/\/sites.unifap.br\/planodiretor\/?page_id=99"},"modified":"2024-12-05T18:15:34","modified_gmt":"2024-12-05T21:15:34","slug":"eixos-do-projeto","status":"publish","type":"page","link":"http:\/\/sites.unifap.br\/planodiretor\/eixos-do-projeto\/","title":{"rendered":"Eixos do Projeto"},"content":{"rendered":"\t\t<div data-elementor-type=\"wp-post\" data-elementor-id=\"99\" class=\"elementor elementor-99\">\n\t\t\t\t\t\t\t\t\t<section class=\"elementor-section elementor-top-section elementor-element elementor-element-hbdao37 elementor-section-boxed elementor-section-height-default elementor-section-height-default\" data-id=\"hbdao37\" data-element_type=\"section\" data-settings=\"{&quot;background_background&quot;:&quot;classic&quot;}\">\n\t\t\t\t\t\t\t<div class=\"elementor-background-overlay\"><\/div>\n\t\t\t\t\t\t\t<div class=\"elementor-container elementor-column-gap-no\">\n\t\t\t\t\t<div class=\"elementor-column elementor-col-100 elementor-top-column elementor-element elementor-element-04cde6b\" data-id=\"04cde6b\" data-element_type=\"column\">\n\t\t\t<div class=\"elementor-widget-wrap elementor-element-populated\">\n\t\t\t\t\t\t\t\t<div class=\"elementor-element elementor-element-6b91469 elementor-widget elementor-widget-heading\" data-id=\"6b91469\" data-element_type=\"widget\" data-widget_type=\"heading.default\">\n\t\t\t\t<div class=\"elementor-widget-container\">\n\t\t\t<h1 class=\"elementor-heading-title elementor-size-default\">Eixos do Projeto<\/h1>\t\t<\/div>\n\t\t\t\t<\/div>\n\t\t\t\t<div class=\"elementor-element elementor-element-ca23014 elementor-widget elementor-widget-text-editor\" data-id=\"ca23014\" data-element_type=\"widget\" data-widget_type=\"text-editor.default\">\n\t\t\t\t<div class=\"elementor-widget-container\">\n\t\t\t\t\t\t\t<p>\u00a0 \u00a0 \u00a0 \u00a0 \u00a0A divis\u00e3o em eixos estrat\u00e9gicos no plano diretor \u00e9 essencial para melhor gerir e trabalhar toda a complexidade da sua constru\u00e7\u00e3o, al\u00e9m de que, foca no desenvolvimento de aspectos importantes do lugar para o qual o planejamento est\u00e1 direcionado.<\/p>\t\t\t\t\t\t<\/div>\n\t\t\t\t<\/div>\n\t\t\t\t\t<\/div>\n\t\t<\/div>\n\t\t\t\t\t\t\t<\/div>\n\t\t<\/section>\n\t\t\t\t<section class=\"elementor-section elementor-top-section elementor-element elementor-element-8q2s5a9 elementor-section-boxed elementor-section-height-default elementor-section-height-default\" data-id=\"8q2s5a9\" data-element_type=\"section\" data-settings=\"{&quot;background_background&quot;:&quot;classic&quot;}\">\n\t\t\t\t\t\t<div class=\"elementor-container elementor-column-gap-no\">\n\t\t\t\t\t<div class=\"elementor-column elementor-col-100 elementor-top-column elementor-element elementor-element-d7e195f\" data-id=\"d7e195f\" data-element_type=\"column\" data-settings=\"{&quot;background_background&quot;:&quot;classic&quot;}\">\n\t\t\t<div class=\"elementor-widget-wrap elementor-element-populated\">\n\t\t\t\t\t\t\t\t<section class=\"elementor-section elementor-inner-section elementor-element elementor-element-2c0fcfd elementor-section-boxed elementor-section-height-default elementor-section-height-default\" data-id=\"2c0fcfd\" data-element_type=\"section\">\n\t\t\t\t\t\t<div class=\"elementor-container elementor-column-gap-no\">\n\t\t\t\t\t<div class=\"elementor-column elementor-col-100 elementor-inner-column elementor-element elementor-element-da66bb8\" data-id=\"da66bb8\" data-element_type=\"column\" data-settings=\"{&quot;background_background&quot;:&quot;classic&quot;}\">\n\t\t\t<div class=\"elementor-widget-wrap elementor-element-populated\">\n\t\t\t\t\t\t\t\t<div class=\"elementor-element elementor-element-0dbf73b elementor-widget-divider--view-line elementor-widget elementor-widget-divider\" data-id=\"0dbf73b\" data-element_type=\"widget\" data-widget_type=\"divider.default\">\n\t\t\t\t<div class=\"elementor-widget-container\">\n\t\t\t\t\t<div class=\"elementor-divider\">\n\t\t\t<span class=\"elementor-divider-separator\">\n\t\t\t\t\t\t<\/span>\n\t\t<\/div>\n\t\t\t\t<\/div>\n\t\t\t\t<\/div>\n\t\t\t\t<div class=\"elementor-element elementor-element-9c7df41 elementor-widget elementor-widget-heading\" data-id=\"9c7df41\" data-element_type=\"widget\" id=\"arq\" data-widget_type=\"heading.default\">\n\t\t\t\t<div class=\"elementor-widget-container\">\n\t\t\t<h2 class=\"elementor-heading-title elementor-size-default\">Arquitetura e Urbanismo<\/h2>\t\t<\/div>\n\t\t\t\t<\/div>\n\t\t\t\t<div class=\"elementor-element elementor-element-32f4c71 elementor-widget elementor-widget-image\" data-id=\"32f4c71\" data-element_type=\"widget\" data-widget_type=\"image.default\">\n\t\t\t\t<div class=\"elementor-widget-container\">\n\t\t\t\t\t\t\t\t\t\t\t\t\t\t\t<img decoding=\"async\" loading=\"lazy\" width=\"866\" height=\"869\" src=\"http:\/\/sites.unifap.br\/planodiretor\/wp-content\/uploads\/sites\/5\/2021\/07\/Urbanismo-1.png\" class=\"attachment-full size-full wp-image-611\" alt=\"\" srcset=\"http:\/\/sites.unifap.br\/planodiretor\/wp-content\/uploads\/sites\/5\/2021\/07\/Urbanismo-1.png 866w, http:\/\/sites.unifap.br\/planodiretor\/wp-content\/uploads\/sites\/5\/2021\/07\/Urbanismo-1-300x300.png 300w, http:\/\/sites.unifap.br\/planodiretor\/wp-content\/uploads\/sites\/5\/2021\/07\/Urbanismo-1-150x150.png 150w, http:\/\/sites.unifap.br\/planodiretor\/wp-content\/uploads\/sites\/5\/2021\/07\/Urbanismo-1-768x771.png 768w\" sizes=\"(max-width: 866px) 100vw, 866px\" \/>\t\t\t\t\t\t\t\t\t\t\t\t\t\t\t<\/div>\n\t\t\t\t<\/div>\n\t\t\t\t<div class=\"elementor-element elementor-element-1e3865e elementor-widget elementor-widget-testimonial\" data-id=\"1e3865e\" data-element_type=\"widget\" data-widget_type=\"testimonial.default\">\n\t\t\t\t<div class=\"elementor-widget-container\">\n\t\t\t\t\t<div class=\"elementor-testimonial-wrapper\">\n\t\t\t\t\t\t\t<div class=\"elementor-testimonial-content\"><span style=\", Courier, monospace;font-size: 14px;text-align: start\">O eixo Arquitetura e Urbanismo tem a responsabilidade de reunir todas as demandas e orienta\u00e7\u00f5es das demais \u00e1reas\/eixos, al\u00e9m das suas pr\u00f3prias, numa linguagem s\u00f3cio-espacial-ambiental. O resultado esperado \u00e9 um plano de uso e ocupa\u00e7\u00e3o sustent\u00e1vel, que vise o melhor aproveitamento dos recursos e desempenho das constru\u00e7\u00f5es e espa\u00e7os do campus, al\u00e9m da aproxima\u00e7\u00e3o, seguran\u00e7a e conforto dos seus usu\u00e1rios, que neste plano inclui n\u00e3o apenas servidores e discentes, mas a sociedade amapaense como um todo.<\/span><\/div>\n\t\t\t\n\t\t\t\t\t<\/div>\n\t\t\t\t<\/div>\n\t\t\t\t<\/div>\n\t\t\t\t<div class=\"elementor-element elementor-element-994f96e elementor-widget elementor-widget-heading\" data-id=\"994f96e\" data-element_type=\"widget\" id=\"geo\" data-widget_type=\"heading.default\">\n\t\t\t\t<div class=\"elementor-widget-container\">\n\t\t\t<h2 class=\"elementor-heading-title elementor-size-default\">Geoprocessamento<\/h2>\t\t<\/div>\n\t\t\t\t<\/div>\n\t\t\t\t<div class=\"elementor-element elementor-element-4bbe0d6 elementor-widget elementor-widget-image\" data-id=\"4bbe0d6\" data-element_type=\"widget\" data-widget_type=\"image.default\">\n\t\t\t\t<div class=\"elementor-widget-container\">\n\t\t\t\t\t\t\t\t\t\t\t\t\t\t\t<img decoding=\"async\" loading=\"lazy\" width=\"876\" height=\"876\" src=\"http:\/\/sites.unifap.br\/planodiretor\/wp-content\/uploads\/sites\/5\/2021\/07\/Mapas-1.png\" class=\"attachment-full size-full wp-image-617\" alt=\"Mapa\" srcset=\"http:\/\/sites.unifap.br\/planodiretor\/wp-content\/uploads\/sites\/5\/2021\/07\/Mapas-1.png 876w, http:\/\/sites.unifap.br\/planodiretor\/wp-content\/uploads\/sites\/5\/2021\/07\/Mapas-1-300x300.png 300w, http:\/\/sites.unifap.br\/planodiretor\/wp-content\/uploads\/sites\/5\/2021\/07\/Mapas-1-150x150.png 150w, http:\/\/sites.unifap.br\/planodiretor\/wp-content\/uploads\/sites\/5\/2021\/07\/Mapas-1-768x768.png 768w\" sizes=\"(max-width: 876px) 100vw, 876px\" \/>\t\t\t\t\t\t\t\t\t\t\t\t\t\t\t<\/div>\n\t\t\t\t<\/div>\n\t\t\t\t<div class=\"elementor-element elementor-element-46a3dfc elementor-widget elementor-widget-testimonial\" data-id=\"46a3dfc\" data-element_type=\"widget\" data-widget_type=\"testimonial.default\">\n\t\t\t\t<div class=\"elementor-widget-container\">\n\t\t\t\t\t<div class=\"elementor-testimonial-wrapper\">\n\t\t\t\t\t\t\t<div class=\"elementor-testimonial-content\"><span style=\", Courier, monospace;font-size: 14px;text-align: start\">O eixo do Geoprocessamento far\u00e1 o uso de um conjunto de m\u00e9todos e t\u00e9cnicas matem\u00e1ticas e computacionais para o tratamento da informa\u00e7\u00e3o geogr\u00e1fica. H\u00e1 uma s\u00e9rie de aplica\u00e7\u00f5es do geoprocessamento nas mais diversas \u00e1reas do conhecimento. No Plano Diretor do Campus Marco Zero da UNIFAP, o geoprocessamento ser\u00e1 utilizado no mapeamento e na an\u00e1lise do Uso e Ocupa\u00e7\u00e3o do Solo e na produ\u00e7\u00e3o cartogr\u00e1fica de temas ligados a outros eixos.<\/span><\/div>\n\t\t\t\n\t\t\t\t\t<\/div>\n\t\t\t\t<\/div>\n\t\t\t\t<\/div>\n\t\t\t\t\t<\/div>\n\t\t<\/div>\n\t\t\t\t\t\t\t<\/div>\n\t\t<\/section>\n\t\t\t\t<div class=\"elementor-element elementor-element-c0775e1 elementor-widget elementor-widget-heading\" data-id=\"c0775e1\" data-element_type=\"widget\" id=\"solo\" data-widget_type=\"heading.default\">\n\t\t\t\t<div class=\"elementor-widget-container\">\n\t\t\t<h2 class=\"elementor-heading-title elementor-size-default\">Uso do Solo e Ocupa\u00e7\u00e3o do Solo<\/h2>\t\t<\/div>\n\t\t\t\t<\/div>\n\t\t\t\t<div class=\"elementor-element elementor-element-6833e07 elementor-widget elementor-widget-image\" data-id=\"6833e07\" data-element_type=\"widget\" data-widget_type=\"image.default\">\n\t\t\t\t<div class=\"elementor-widget-container\">\n\t\t\t\t\t\t\t\t\t\t\t\t\t\t\t<img decoding=\"async\" loading=\"lazy\" width=\"885\" height=\"874\" src=\"http:\/\/sites.unifap.br\/planodiretor\/wp-content\/uploads\/sites\/5\/2021\/07\/Geotecnia-1.png\" class=\"attachment-full size-full wp-image-671\" alt=\"Solo\" srcset=\"http:\/\/sites.unifap.br\/planodiretor\/wp-content\/uploads\/sites\/5\/2021\/07\/Geotecnia-1.png 885w, http:\/\/sites.unifap.br\/planodiretor\/wp-content\/uploads\/sites\/5\/2021\/07\/Geotecnia-1-300x296.png 300w, http:\/\/sites.unifap.br\/planodiretor\/wp-content\/uploads\/sites\/5\/2021\/07\/Geotecnia-1-768x758.png 768w\" sizes=\"(max-width: 885px) 100vw, 885px\" \/>\t\t\t\t\t\t\t\t\t\t\t\t\t\t\t<\/div>\n\t\t\t\t<\/div>\n\t\t\t\t<div class=\"elementor-element elementor-element-8b704e8 elementor-widget elementor-widget-testimonial\" data-id=\"8b704e8\" data-element_type=\"widget\" data-widget_type=\"testimonial.default\">\n\t\t\t\t<div class=\"elementor-widget-container\">\n\t\t\t\t\t<div class=\"elementor-testimonial-wrapper\">\n\t\t\t\t\t\t\t<div class=\"elementor-testimonial-content\"><span style=\", Courier, monospace;font-size: 14px;text-align: start\">O eixo do Uso e Ocupa\u00e7\u00e3o do Solo far\u00e1 o levantamento e o mapeamento dos tipos de uso, da localiza\u00e7\u00e3o e do arranjo espacial das edifica\u00e7\u00f5es, das \u00e1reas verdes, do solo exposto, das passarelas e vias de acesso do Campus Marco Zero, com o objetivo de conhecer a utiliza\u00e7\u00e3o atual do espa\u00e7o para assim contribuir com o planejamento urban\u00edstico e ambiental que orientar\u00e1 a futura expans\u00e3o do campus.<\/span><\/div>\n\t\t\t\n\t\t\t\t\t<\/div>\n\t\t\t\t<\/div>\n\t\t\t\t<\/div>\n\t\t\t\t<div class=\"elementor-element elementor-element-6265cbc elementor-widget elementor-widget-heading\" data-id=\"6265cbc\" data-element_type=\"widget\" id=\"tic\" data-widget_type=\"heading.default\">\n\t\t\t\t<div class=\"elementor-widget-container\">\n\t\t\t<h2 class=\"elementor-heading-title elementor-size-default\">TIC<\/h2>\t\t<\/div>\n\t\t\t\t<\/div>\n\t\t\t\t<div class=\"elementor-element elementor-element-e14706c elementor-widget elementor-widget-image\" data-id=\"e14706c\" data-element_type=\"widget\" data-widget_type=\"image.default\">\n\t\t\t\t<div class=\"elementor-widget-container\">\n\t\t\t\t\t\t\t\t\t\t\t\t\t\t\t<img decoding=\"async\" loading=\"lazy\" width=\"874\" height=\"882\" src=\"http:\/\/sites.unifap.br\/planodiretor\/wp-content\/uploads\/sites\/5\/2021\/07\/TIC.png\" class=\"attachment-full size-full wp-image-672\" alt=\"Tecnologia\" srcset=\"http:\/\/sites.unifap.br\/planodiretor\/wp-content\/uploads\/sites\/5\/2021\/07\/TIC.png 874w, http:\/\/sites.unifap.br\/planodiretor\/wp-content\/uploads\/sites\/5\/2021\/07\/TIC-297x300.png 297w, http:\/\/sites.unifap.br\/planodiretor\/wp-content\/uploads\/sites\/5\/2021\/07\/TIC-150x150.png 150w, http:\/\/sites.unifap.br\/planodiretor\/wp-content\/uploads\/sites\/5\/2021\/07\/TIC-768x775.png 768w\" sizes=\"(max-width: 874px) 100vw, 874px\" \/>\t\t\t\t\t\t\t\t\t\t\t\t\t\t\t<\/div>\n\t\t\t\t<\/div>\n\t\t\t\t<div class=\"elementor-element elementor-element-09fd3c5 elementor-widget elementor-widget-testimonial\" data-id=\"09fd3c5\" data-element_type=\"widget\" data-widget_type=\"testimonial.default\">\n\t\t\t\t<div class=\"elementor-widget-container\">\n\t\t\t\t\t<div class=\"elementor-testimonial-wrapper\">\n\t\t\t\t\t\t\t<div class=\"elementor-testimonial-content\"><span style=\", Courier, monospace;font-size: 14px;text-align: start\">O eixo de TIC busca o levantamento, o diagn\u00f3stico e a proposta de diretrizes relacionadas \u00e0 Tecnologia da Informa\u00e7\u00e3o e Comunica\u00e7\u00e3o, visando preparar o campus Marco Zero para as demandas tecnol\u00f3gicas cada vez mais crescentes. Para isso, est\u00e3o sendo consideradas as diretrizes de Cidades Inteligentes mapeadas para o que se entende como Campus Inteligente.<\/span><\/div>\n\t\t\t\n\t\t\t\t\t<\/div>\n\t\t\t\t<\/div>\n\t\t\t\t<\/div>\n\t\t\t\t<div class=\"elementor-element elementor-element-e63a086 elementor-widget elementor-widget-heading\" data-id=\"e63a086\" data-element_type=\"widget\" id=\"residuos\" data-widget_type=\"heading.default\">\n\t\t\t\t<div class=\"elementor-widget-container\">\n\t\t\t<h2 class=\"elementor-heading-title elementor-size-default\">Res\u00edduos S\u00f3lidos<\/h2>\t\t<\/div>\n\t\t\t\t<\/div>\n\t\t\t\t<div class=\"elementor-element elementor-element-d64f69c elementor-widget elementor-widget-image\" data-id=\"d64f69c\" data-element_type=\"widget\" data-widget_type=\"image.default\">\n\t\t\t\t<div class=\"elementor-widget-container\">\n\t\t\t\t\t\t\t\t\t\t\t\t\t\t\t<img decoding=\"async\" loading=\"lazy\" width=\"875\" height=\"881\" src=\"http:\/\/sites.unifap.br\/planodiretor\/wp-content\/uploads\/sites\/5\/2021\/07\/residuos-solidos.png\" class=\"attachment-full size-full wp-image-673\" alt=\"Res\u00edduos S\u00f3lidos\" srcset=\"http:\/\/sites.unifap.br\/planodiretor\/wp-content\/uploads\/sites\/5\/2021\/07\/residuos-solidos.png 875w, http:\/\/sites.unifap.br\/planodiretor\/wp-content\/uploads\/sites\/5\/2021\/07\/residuos-solidos-298x300.png 298w, http:\/\/sites.unifap.br\/planodiretor\/wp-content\/uploads\/sites\/5\/2021\/07\/residuos-solidos-150x150.png 150w, http:\/\/sites.unifap.br\/planodiretor\/wp-content\/uploads\/sites\/5\/2021\/07\/residuos-solidos-768x773.png 768w\" sizes=\"(max-width: 875px) 100vw, 875px\" \/>\t\t\t\t\t\t\t\t\t\t\t\t\t\t\t<\/div>\n\t\t\t\t<\/div>\n\t\t\t\t<div class=\"elementor-element elementor-element-5d44e80 elementor-widget elementor-widget-testimonial\" data-id=\"5d44e80\" data-element_type=\"widget\" data-widget_type=\"testimonial.default\">\n\t\t\t\t<div class=\"elementor-widget-container\">\n\t\t\t\t\t<div class=\"elementor-testimonial-wrapper\">\n\t\t\t\t\t\t\t<div class=\"elementor-testimonial-content\"><span style=\", Courier, monospace;font-size: 14px;text-align: start\">O eixo res\u00edduos s\u00f3lidos vai fazer  o levantamento das formas de gera\u00e7\u00e3o, coleta, armazenamento e destina\u00e7\u00e3o de res\u00edduos s\u00f3lidos com o objetivo de propor uma gest\u00e3o ambientalmente adequada e sustent\u00e1vel no Campus Universit\u00e1rio Marco Zero.<\/span><\/div>\n\t\t\t\n\t\t\t\t\t<\/div>\n\t\t\t\t<\/div>\n\t\t\t\t<\/div>\n\t\t\t\t<div class=\"elementor-element elementor-element-d1b9686 elementor-widget elementor-widget-heading\" data-id=\"d1b9686\" data-element_type=\"widget\" id=\"patrimonio\" data-widget_type=\"heading.default\">\n\t\t\t\t<div class=\"elementor-widget-container\">\n\t\t\t<h2 class=\"elementor-heading-title elementor-size-default\">Patrim\u00f4nio Ambiental<\/h2>\t\t<\/div>\n\t\t\t\t<\/div>\n\t\t\t\t<div class=\"elementor-element elementor-element-8bbfebc elementor-widget elementor-widget-image\" data-id=\"8bbfebc\" data-element_type=\"widget\" data-widget_type=\"image.default\">\n\t\t\t\t<div class=\"elementor-widget-container\">\n\t\t\t\t\t\t\t\t\t\t\t\t\t\t\t<img decoding=\"async\" loading=\"lazy\" width=\"877\" height=\"878\" src=\"http:\/\/sites.unifap.br\/planodiretor\/wp-content\/uploads\/sites\/5\/2021\/07\/Sustentabilidade.png\" class=\"attachment-full size-full wp-image-674\" alt=\"Sustentabilidade\" srcset=\"http:\/\/sites.unifap.br\/planodiretor\/wp-content\/uploads\/sites\/5\/2021\/07\/Sustentabilidade.png 877w, http:\/\/sites.unifap.br\/planodiretor\/wp-content\/uploads\/sites\/5\/2021\/07\/Sustentabilidade-300x300.png 300w, http:\/\/sites.unifap.br\/planodiretor\/wp-content\/uploads\/sites\/5\/2021\/07\/Sustentabilidade-150x150.png 150w, http:\/\/sites.unifap.br\/planodiretor\/wp-content\/uploads\/sites\/5\/2021\/07\/Sustentabilidade-768x769.png 768w\" sizes=\"(max-width: 877px) 100vw, 877px\" \/>\t\t\t\t\t\t\t\t\t\t\t\t\t\t\t<\/div>\n\t\t\t\t<\/div>\n\t\t\t\t<div class=\"elementor-element elementor-element-f88ee48 elementor-widget elementor-widget-testimonial\" data-id=\"f88ee48\" data-element_type=\"widget\" data-widget_type=\"testimonial.default\">\n\t\t\t\t<div class=\"elementor-widget-container\">\n\t\t\t\t\t<div class=\"elementor-testimonial-wrapper\">\n\t\t\t\t\t\t\t<div class=\"elementor-testimonial-content\"><span style=\", Courier, monospace;font-size: 14px;text-align: start\">O eixo Patrim\u00f4nio Ambiental visa realizar o levantamento flor\u00edstico dos fragmentos florestais e das \u00e1reas urbanizadas, mapeando e identificando as esp\u00e9cies principais do Campus Marco Zero da UNIFAP com o objetivo de conservar e de oferecer diretrizes para tornar esse conhecimento acess\u00edvel a toda comunidade.<\/span><\/div>\n\t\t\t\n\t\t\t\t\t<\/div>\n\t\t\t\t<\/div>\n\t\t\t\t<\/div>\n\t\t\t\t<div class=\"elementor-element elementor-element-1ef7366 elementor-widget elementor-widget-heading\" data-id=\"1ef7366\" data-element_type=\"widget\" id=\"arqueo\" data-widget_type=\"heading.default\">\n\t\t\t\t<div class=\"elementor-widget-container\">\n\t\t\t<h2 class=\"elementor-heading-title elementor-size-default\">Patrim\u00f4nio Cultural e Arqueol\u00f3gico<\/h2>\t\t<\/div>\n\t\t\t\t<\/div>\n\t\t\t\t<div class=\"elementor-element elementor-element-e59bbbd elementor-widget elementor-widget-image\" data-id=\"e59bbbd\" data-element_type=\"widget\" data-widget_type=\"image.default\">\n\t\t\t\t<div class=\"elementor-widget-container\">\n\t\t\t\t\t\t\t\t\t\t\t\t\t\t\t<img decoding=\"async\" loading=\"lazy\" width=\"878\" height=\"877\" src=\"http:\/\/sites.unifap.br\/planodiretor\/wp-content\/uploads\/sites\/5\/2021\/07\/Patrimonio.png\" class=\"attachment-full size-full wp-image-679\" alt=\"Patrim\u00f4nio\" srcset=\"http:\/\/sites.unifap.br\/planodiretor\/wp-content\/uploads\/sites\/5\/2021\/07\/Patrimonio.png 878w, http:\/\/sites.unifap.br\/planodiretor\/wp-content\/uploads\/sites\/5\/2021\/07\/Patrimonio-300x300.png 300w, http:\/\/sites.unifap.br\/planodiretor\/wp-content\/uploads\/sites\/5\/2021\/07\/Patrimonio-150x150.png 150w, http:\/\/sites.unifap.br\/planodiretor\/wp-content\/uploads\/sites\/5\/2021\/07\/Patrimonio-768x767.png 768w\" sizes=\"(max-width: 878px) 100vw, 878px\" \/>\t\t\t\t\t\t\t\t\t\t\t\t\t\t\t<\/div>\n\t\t\t\t<\/div>\n\t\t\t\t<div class=\"elementor-element elementor-element-0566d84 elementor-widget elementor-widget-testimonial\" data-id=\"0566d84\" data-element_type=\"widget\" data-widget_type=\"testimonial.default\">\n\t\t\t\t<div class=\"elementor-widget-container\">\n\t\t\t\t\t<div class=\"elementor-testimonial-wrapper\">\n\t\t\t\t\t\t\t<div class=\"elementor-testimonial-content\"><span style=\", Courier, monospace;font-size: 14px;text-align: start\">O eixo Patrim\u00f4nio Cultural e Arqueol\u00f3gico vai realizar o levantamento arqueol\u00f3gico, hist\u00f3rico, cultural e ambiental sobre a \u00e1rea do Campus Marco Zero da UNIFAP com o objetivo de prote\u00e7\u00e3o e preserva\u00e7\u00e3o dos mesmos.<\/span><\/div>\n\t\t\t\n\t\t\t\t\t<\/div>\n\t\t\t\t<\/div>\n\t\t\t\t<\/div>\n\t\t\t\t<div class=\"elementor-element elementor-element-6754145 elementor-widget elementor-widget-heading\" data-id=\"6754145\" data-element_type=\"widget\" id=\"drenagem\" data-widget_type=\"heading.default\">\n\t\t\t\t<div class=\"elementor-widget-container\">\n\t\t\t<h2 class=\"elementor-heading-title elementor-size-default\">Drenagem<\/h2>\t\t<\/div>\n\t\t\t\t<\/div>\n\t\t\t\t<div class=\"elementor-element elementor-element-5a81e5e elementor-widget elementor-widget-image\" data-id=\"5a81e5e\" data-element_type=\"widget\" data-widget_type=\"image.default\">\n\t\t\t\t<div class=\"elementor-widget-container\">\n\t\t\t\t\t\t\t\t\t\t\t\t\t\t\t<img decoding=\"async\" loading=\"lazy\" width=\"880\" height=\"875\" src=\"http:\/\/sites.unifap.br\/planodiretor\/wp-content\/uploads\/sites\/5\/2021\/07\/Drenagem.png\" class=\"attachment-full size-full wp-image-684\" alt=\"Drenagem\" srcset=\"http:\/\/sites.unifap.br\/planodiretor\/wp-content\/uploads\/sites\/5\/2021\/07\/Drenagem.png 880w, http:\/\/sites.unifap.br\/planodiretor\/wp-content\/uploads\/sites\/5\/2021\/07\/Drenagem-300x298.png 300w, http:\/\/sites.unifap.br\/planodiretor\/wp-content\/uploads\/sites\/5\/2021\/07\/Drenagem-150x150.png 150w, http:\/\/sites.unifap.br\/planodiretor\/wp-content\/uploads\/sites\/5\/2021\/07\/Drenagem-768x764.png 768w\" sizes=\"(max-width: 880px) 100vw, 880px\" \/>\t\t\t\t\t\t\t\t\t\t\t\t\t\t\t<\/div>\n\t\t\t\t<\/div>\n\t\t\t\t<div class=\"elementor-element elementor-element-9037db7 elementor-widget elementor-widget-testimonial\" data-id=\"9037db7\" data-element_type=\"widget\" data-widget_type=\"testimonial.default\">\n\t\t\t\t<div class=\"elementor-widget-container\">\n\t\t\t\t\t<div class=\"elementor-testimonial-wrapper\">\n\t\t\t\t\t\t\t<div class=\"elementor-testimonial-content\"><span style=\", Courier, monospace;font-size: 14px;text-align: start\">O eixo Drenagem tem por objetivo criar diretrizes para auxiliar na elabora\u00e7\u00e3o dos projetos vinculados a \u00e1rea dentro do campus Marco Zero, tendo em vista a necessidade de minimizar os riscos e poss\u00edveis preju\u00edzos causados por inunda\u00e7\u00f5es, de forma t\u00e9cnica, ordenada e sustent\u00e1vel.<\/span><\/div>\n\t\t\t\n\t\t\t\t\t<\/div>\n\t\t\t\t<\/div>\n\t\t\t\t<\/div>\n\t\t\t\t<div class=\"elementor-element elementor-element-51f8c7c elementor-widget elementor-widget-heading\" data-id=\"51f8c7c\" data-element_type=\"widget\" id=\"sanitario\" data-widget_type=\"heading.default\">\n\t\t\t\t<div class=\"elementor-widget-container\">\n\t\t\t<h2 class=\"elementor-heading-title elementor-size-default\">Esgotamento Sanit\u00e1rio<\/h2>\t\t<\/div>\n\t\t\t\t<\/div>\n\t\t\t\t<div class=\"elementor-element elementor-element-2ae4e5c elementor-widget elementor-widget-image\" data-id=\"2ae4e5c\" data-element_type=\"widget\" data-widget_type=\"image.default\">\n\t\t\t\t<div class=\"elementor-widget-container\">\n\t\t\t\t\t\t\t\t\t\t\t\t\t\t\t<img decoding=\"async\" loading=\"lazy\" width=\"874\" height=\"878\" src=\"http:\/\/sites.unifap.br\/planodiretor\/wp-content\/uploads\/sites\/5\/2021\/07\/drenagem-1-1.png\" class=\"attachment-full size-full wp-image-689\" alt=\"Esgotamento Sanit\u00e1rio\" srcset=\"http:\/\/sites.unifap.br\/planodiretor\/wp-content\/uploads\/sites\/5\/2021\/07\/drenagem-1-1.png 874w, http:\/\/sites.unifap.br\/planodiretor\/wp-content\/uploads\/sites\/5\/2021\/07\/drenagem-1-1-300x300.png 300w, http:\/\/sites.unifap.br\/planodiretor\/wp-content\/uploads\/sites\/5\/2021\/07\/drenagem-1-1-150x150.png 150w, http:\/\/sites.unifap.br\/planodiretor\/wp-content\/uploads\/sites\/5\/2021\/07\/drenagem-1-1-768x772.png 768w\" sizes=\"(max-width: 874px) 100vw, 874px\" \/>\t\t\t\t\t\t\t\t\t\t\t\t\t\t\t<\/div>\n\t\t\t\t<\/div>\n\t\t\t\t<div class=\"elementor-element elementor-element-3bdc628 elementor-widget elementor-widget-testimonial\" data-id=\"3bdc628\" data-element_type=\"widget\" data-widget_type=\"testimonial.default\">\n\t\t\t\t<div class=\"elementor-widget-container\">\n\t\t\t\t\t<div class=\"elementor-testimonial-wrapper\">\n\t\t\t\t\t\t\t<div class=\"elementor-testimonial-content\"><span style=\", Courier, monospace;font-size: 14px;text-align: start\">O eixo de sistema de esgotamento sanit\u00e1rio tem como objetivo diagnosticar as condi\u00e7\u00f5es atuais do esgotamento sanit\u00e1rio do campus; elaborar o progn\u00f3stico do sistema de esgotamento sanit\u00e1rio com \u00eanfase na sustentabilidade e estabelecer as a\u00e7\u00f5es a serem implantadas para os pr\u00f3ximos anos.<\/span><\/div>\n\t\t\t\n\t\t\t\t\t<\/div>\n\t\t\t\t<\/div>\n\t\t\t\t<\/div>\n\t\t\t\t<div class=\"elementor-element elementor-element-7bd7b44 elementor-widget elementor-widget-heading\" data-id=\"7bd7b44\" data-element_type=\"widget\" id=\"agua\" data-widget_type=\"heading.default\">\n\t\t\t\t<div class=\"elementor-widget-container\">\n\t\t\t<h2 class=\"elementor-heading-title elementor-size-default\">Abastecimento de \u00c1gua<\/h2>\t\t<\/div>\n\t\t\t\t<\/div>\n\t\t\t\t<div class=\"elementor-element elementor-element-63ccd50 elementor-widget elementor-widget-image\" data-id=\"63ccd50\" data-element_type=\"widget\" data-widget_type=\"image.default\">\n\t\t\t\t<div class=\"elementor-widget-container\">\n\t\t\t\t\t\t\t\t\t\t\t\t\t\t\t<img decoding=\"async\" loading=\"lazy\" width=\"880\" height=\"871\" src=\"http:\/\/sites.unifap.br\/planodiretor\/wp-content\/uploads\/sites\/5\/2021\/07\/agua.png\" class=\"attachment-full size-full wp-image-690\" alt=\"\u00c1gua\" srcset=\"http:\/\/sites.unifap.br\/planodiretor\/wp-content\/uploads\/sites\/5\/2021\/07\/agua.png 880w, http:\/\/sites.unifap.br\/planodiretor\/wp-content\/uploads\/sites\/5\/2021\/07\/agua-300x297.png 300w, http:\/\/sites.unifap.br\/planodiretor\/wp-content\/uploads\/sites\/5\/2021\/07\/agua-768x760.png 768w\" sizes=\"(max-width: 880px) 100vw, 880px\" \/>\t\t\t\t\t\t\t\t\t\t\t\t\t\t\t<\/div>\n\t\t\t\t<\/div>\n\t\t\t\t<div class=\"elementor-element elementor-element-d8d225b elementor-widget elementor-widget-testimonial\" data-id=\"d8d225b\" data-element_type=\"widget\" data-widget_type=\"testimonial.default\">\n\t\t\t\t<div class=\"elementor-widget-container\">\n\t\t\t\t\t<div class=\"elementor-testimonial-wrapper\">\n\t\t\t\t\t\t\t<div class=\"elementor-testimonial-content\"><span style=\", Courier, monospace;font-size: 14px;text-align: start\">O eixo de abastecimento de \u00e1gua tem como objetivo geral diagnosticar a situa\u00e7\u00e3o atual do abastecimento de \u00e1gua no Campus e propor a\u00e7\u00f5es com viabilidade t\u00e9cnica, econ\u00f4mica e social e sustent\u00e1vel, que garantam o fornecimento de \u00e1gua em quantidade e qualidade satisfat\u00f3rias para as demandas para os pr\u00f3ximos anos.<\/span><\/div>\n\t\t\t\n\t\t\t\t\t<\/div>\n\t\t\t\t<\/div>\n\t\t\t\t<\/div>\n\t\t\t\t<div class=\"elementor-element elementor-element-d106e76 elementor-widget elementor-widget-heading\" data-id=\"d106e76\" data-element_type=\"widget\" id=\"energia\" data-widget_type=\"heading.default\">\n\t\t\t\t<div class=\"elementor-widget-container\">\n\t\t\t<h2 class=\"elementor-heading-title elementor-size-default\">Energia<\/h2>\t\t<\/div>\n\t\t\t\t<\/div>\n\t\t\t\t<div class=\"elementor-element elementor-element-b70955b elementor-widget elementor-widget-image\" data-id=\"b70955b\" data-element_type=\"widget\" data-widget_type=\"image.default\">\n\t\t\t\t<div class=\"elementor-widget-container\">\n\t\t\t\t\t\t\t\t\t\t\t\t\t\t\t<img decoding=\"async\" loading=\"lazy\" width=\"878\" height=\"881\" src=\"http:\/\/sites.unifap.br\/planodiretor\/wp-content\/uploads\/sites\/5\/2021\/07\/Energia-1.png\" class=\"attachment-full size-full wp-image-691\" alt=\"Energia\" srcset=\"http:\/\/sites.unifap.br\/planodiretor\/wp-content\/uploads\/sites\/5\/2021\/07\/Energia-1.png 878w, http:\/\/sites.unifap.br\/planodiretor\/wp-content\/uploads\/sites\/5\/2021\/07\/Energia-1-300x300.png 300w, http:\/\/sites.unifap.br\/planodiretor\/wp-content\/uploads\/sites\/5\/2021\/07\/Energia-1-150x150.png 150w, http:\/\/sites.unifap.br\/planodiretor\/wp-content\/uploads\/sites\/5\/2021\/07\/Energia-1-768x771.png 768w\" sizes=\"(max-width: 878px) 100vw, 878px\" \/>\t\t\t\t\t\t\t\t\t\t\t\t\t\t\t<\/div>\n\t\t\t\t<\/div>\n\t\t\t\t<div class=\"elementor-element elementor-element-17eae11 elementor-widget elementor-widget-testimonial\" data-id=\"17eae11\" data-element_type=\"widget\" data-widget_type=\"testimonial.default\">\n\t\t\t\t<div class=\"elementor-widget-container\">\n\t\t\t\t\t<div class=\"elementor-testimonial-wrapper\">\n\t\t\t\t\t\t\t<div class=\"elementor-testimonial-content\"><span style=\", Courier, monospace;font-size: 14px;text-align: start\">O eixo de energia busca o levantamento, o diagn\u00f3stico e a proposta de diretrizes relacionadas ao uso e da gera\u00e7\u00e3o de energia el\u00e9trica no campus. Visando eficientizar e melhorar a qualidade dos servi\u00e7os el\u00e9tricos no campus. Ser\u00e3o consideradas as diretrizes de Cidades Inteligentes mapeadas para o que se entende como Campus Inteligente.<\/span><\/div>\n\t\t\t\n\t\t\t\t\t<\/div>\n\t\t\t\t<\/div>\n\t\t\t\t<\/div>\n\t\t\t\t<div class=\"elementor-element elementor-element-88863d4 elementor-widget elementor-widget-heading\" data-id=\"88863d4\" data-element_type=\"widget\" id=\"urb\" data-widget_type=\"heading.default\">\n\t\t\t\t<div class=\"elementor-widget-container\">\n\t\t\t<h2 class=\"elementor-heading-title elementor-size-default\">Mobilidade Urbana<\/h2>\t\t<\/div>\n\t\t\t\t<\/div>\n\t\t\t\t<div class=\"elementor-element elementor-element-e119dab elementor-widget elementor-widget-image\" data-id=\"e119dab\" data-element_type=\"widget\" data-widget_type=\"image.default\">\n\t\t\t\t<div class=\"elementor-widget-container\">\n\t\t\t\t\t\t\t\t\t\t\t\t\t\t\t<img decoding=\"async\" loading=\"lazy\" width=\"877\" height=\"873\" src=\"http:\/\/sites.unifap.br\/planodiretor\/wp-content\/uploads\/sites\/5\/2021\/07\/mobilidade.png\" class=\"attachment-full size-full wp-image-692\" alt=\"Mobilidade\" srcset=\"http:\/\/sites.unifap.br\/planodiretor\/wp-content\/uploads\/sites\/5\/2021\/07\/mobilidade.png 877w, http:\/\/sites.unifap.br\/planodiretor\/wp-content\/uploads\/sites\/5\/2021\/07\/mobilidade-300x300.png 300w, http:\/\/sites.unifap.br\/planodiretor\/wp-content\/uploads\/sites\/5\/2021\/07\/mobilidade-150x150.png 150w, http:\/\/sites.unifap.br\/planodiretor\/wp-content\/uploads\/sites\/5\/2021\/07\/mobilidade-768x764.png 768w\" sizes=\"(max-width: 877px) 100vw, 877px\" \/>\t\t\t\t\t\t\t\t\t\t\t\t\t\t\t<\/div>\n\t\t\t\t<\/div>\n\t\t\t\t<div class=\"elementor-element elementor-element-2255b5f elementor-widget elementor-widget-testimonial\" data-id=\"2255b5f\" data-element_type=\"widget\" data-widget_type=\"testimonial.default\">\n\t\t\t\t<div class=\"elementor-widget-container\">\n\t\t\t\t\t<div class=\"elementor-testimonial-wrapper\">\n\t\t\t\t\t\t\t<div class=\"elementor-testimonial-content\"><span style=\", Courier, monospace;font-size: 14px;text-align: start\">O eixo de mobilidade busca definir o conjunto de diretrizes pensadas para melhorar o deslocamento sustent\u00e1vel das pessoas no campus e seu entorno, garantido acessibilidade, seguran\u00e7a, efici\u00eancia, qualidade de vida, al\u00e9m inclus\u00e3o social e preserva\u00e7\u00e3o do meio ambiente.<\/span><\/div>\n\t\t\t\n\t\t\t\t\t<\/div>\n\t\t\t\t<\/div>\n\t\t\t\t<\/div>\n\t\t\t\t\t<\/div>\n\t\t<\/div>\n\t\t\t\t\t\t\t<\/div>\n\t\t<\/section>\n\t\t\t\t<section class=\"elementor-section elementor-top-section elementor-element elementor-element-1b9a36c elementor-section-boxed elementor-section-height-default elementor-section-height-default\" data-id=\"1b9a36c\" data-element_type=\"section\">\n\t\t\t\t\t\t<div class=\"elementor-container elementor-column-gap-default\">\n\t\t\t\t\t<div class=\"elementor-column elementor-col-100 elementor-top-column elementor-element elementor-element-303d204\" data-id=\"303d204\" data-element_type=\"column\">\n\t\t\t<div class=\"elementor-widget-wrap elementor-element-populated\">\n\t\t\t\t\t\t\t\t<div class=\"elementor-element elementor-element-56e696f elementor-widget-divider--view-line elementor-widget elementor-widget-divider\" data-id=\"56e696f\" data-element_type=\"widget\" data-widget_type=\"divider.default\">\n\t\t\t\t<div class=\"elementor-widget-container\">\n\t\t\t\t\t<div class=\"elementor-divider\">\n\t\t\t<span class=\"elementor-divider-separator\">\n\t\t\t\t\t\t<\/span>\n\t\t<\/div>\n\t\t\t\t<\/div>\n\t\t\t\t<\/div>\n\t\t\t\t\t<\/div>\n\t\t<\/div>\n\t\t\t\t\t\t\t<\/div>\n\t\t<\/section>\n\t\t\t\t\t\t\t<\/div>\n\t\t","protected":false},"excerpt":{"rendered":"<p>Eixos do Projeto \u00a0 \u00a0 \u00a0 \u00a0 \u00a0A divis\u00e3o em eixos estrat\u00e9gicos no plano diretor \u00e9 essencial para melhor gerir e trabalhar toda a complexidade da sua constru\u00e7\u00e3o, al\u00e9m de que, foca no desenvolvimento de aspectos importantes do lugar para o qual o planejamento est\u00e1 direcionado. Arquitetura e Urbanismo O eixo Arquitetura e Urbanismo tem &hellip;<\/p>\n<p class=\"read-more\"> <a class=\"\" href=\"http:\/\/sites.unifap.br\/planodiretor\/eixos-do-projeto\/\"> <span class=\"screen-reader-text\">Eixos do Projeto<\/span> Leia mais &raquo;<\/a><\/p>\n","protected":false},"author":5,"featured_media":0,"parent":0,"menu_order":0,"comment_status":"closed","ping_status":"closed","template":"","meta":{"site-sidebar-layout":"no-sidebar","site-content-layout":"page-builder","ast-site-content-layout":"","site-content-style":"default","site-sidebar-style":"default","ast-global-header-display":"","ast-banner-title-visibility":"","ast-main-header-display":"","ast-hfb-above-header-display":"","ast-hfb-below-header-display":"","ast-hfb-mobile-header-display":"","site-post-title":"disabled","ast-breadcrumbs-content":"","ast-featured-img":"disabled","footer-sml-layout":"","theme-transparent-header-meta":"","adv-header-id-meta":"","stick-header-meta":"","header-above-stick-meta":"","header-main-stick-meta":"","header-below-stick-meta":"","astra-migrate-meta-layouts":"","ast-page-background-enabled":"default","ast-page-background-meta":{"desktop":{"background-color":"","background-image":"","background-repeat":"repeat","background-position":"center center","background-size":"auto","background-attachment":"scroll","background-type":"","background-media":"","overlay-type":"","overlay-color":"","overlay-gradient":""},"tablet":{"background-color":"","background-image":"","background-repeat":"repeat","background-position":"center center","background-size":"auto","background-attachment":"scroll","background-type":"","background-media":"","overlay-type":"","overlay-color":"","overlay-gradient":""},"mobile":{"background-color":"","background-image":"","background-repeat":"repeat","background-position":"center center","background-size":"auto","background-attachment":"scroll","background-type":"","background-media":"","overlay-type":"","overlay-color":"","overlay-gradient":""}},"ast-content-background-meta":{"desktop":{"background-color":"var(--ast-global-color-5)","background-image":"","background-repeat":"repeat","background-position":"center center","background-size":"auto","background-attachment":"scroll","background-type":"","background-media":"","overlay-type":"","overlay-color":"","overlay-gradient":""},"tablet":{"background-color":"var(--ast-global-color-5)","background-image":"","background-repeat":"repeat","background-position":"center center","background-size":"auto","background-attachment":"scroll","background-type":"","background-media":"","overlay-type":"","overlay-color":"","overlay-gradient":""},"mobile":{"background-color":"var(--ast-global-color-5)","background-image":"","background-repeat":"repeat","background-position":"center center","background-size":"auto","background-attachment":"scroll","background-type":"","background-media":"","overlay-type":"","overlay-color":"","overlay-gradient":""}},"footnotes":""},"_links":{"self":[{"href":"http:\/\/sites.unifap.br\/planodiretor\/wp-json\/wp\/v2\/pages\/99"}],"collection":[{"href":"http:\/\/sites.unifap.br\/planodiretor\/wp-json\/wp\/v2\/pages"}],"about":[{"href":"http:\/\/sites.unifap.br\/planodiretor\/wp-json\/wp\/v2\/types\/page"}],"author":[{"embeddable":true,"href":"http:\/\/sites.unifap.br\/planodiretor\/wp-json\/wp\/v2\/users\/5"}],"replies":[{"embeddable":true,"href":"http:\/\/sites.unifap.br\/planodiretor\/wp-json\/wp\/v2\/comments?post=99"}],"version-history":[{"count":89,"href":"http:\/\/sites.unifap.br\/planodiretor\/wp-json\/wp\/v2\/pages\/99\/revisions"}],"predecessor-version":[{"id":2393,"href":"http:\/\/sites.unifap.br\/planodiretor\/wp-json\/wp\/v2\/pages\/99\/revisions\/2393"}],"wp:attachment":[{"href":"http:\/\/sites.unifap.br\/planodiretor\/wp-json\/wp\/v2\/media?parent=99"}],"curies":[{"name":"wp","href":"https:\/\/api.w.org\/{rel}","templated":true}]}}